{"id":20723,"date":"2025-07-17T17:09:55","date_gmt":"2025-07-17T15:09:55","guid":{"rendered":"https:\/\/www.biotope-editions.fr\/?post_type=sr_playlist&#038;p=20723"},"modified":"2025-08-19T16:14:58","modified_gmt":"2025-08-19T14:14:58","slug":"melanogryllus-desertus","status":"publish","type":"sr_playlist","link":"https:\/\/www.biotope-editions.fr\/en\/album\/melanogryllus-desertus\/","title":{"rendered":"Melanogryllus desertus"},"content":{"rendered":"<div data-elementor-type=\"wp-post\" data-elementor-id=\"20723\" class=\"elementor elementor-20723\" data-elementor-post-type=\"sr_playlist\">\n\t\t\t\t\t\t<section class=\"elementor-section elementor-top-section elementor-element elementor-element-e80f34a elementor-section-height-min-height elementor-section-content-middle elementor-section-boxed elementor-section-height-default elementor-section-items-middle\" data-id=\"e80f34a\" data-element_type=\"section\" data-e-type=\"section\" data-settings=\"{&quot;background_background&quot;:&quot;classic&quot;}\">\n\t\t\t\t\t\t\t<div class=\"elementor-background-overlay\"><\/div>\n\t\t\t\t\t\t\t<div class=\"elementor-container elementor-column-gap-no\">\n\t\t\t\t\t<div class=\"elementor-column elementor-col-100 elementor-top-column elementor-element elementor-element-83de8f6\" data-id=\"83de8f6\" data-element_type=\"column\" data-e-type=\"column\">\n\t\t\t<div class=\"elementor-widget-wrap elementor-element-populated\">\n\t\t\t\t\t\t<div class=\"elementor-element elementor-element-6f2e8a8 elementor-widget elementor-widget-heading\" data-id=\"6f2e8a8\" data-element_type=\"widget\" data-e-type=\"widget\" data-widget_type=\"heading.default\">\n\t\t\t\t<div class=\"elementor-widget-container\">\n\t\t\t\t\t<h1 class=\"elementor-heading-title elementor-size-default\">Melanogryllus desertus (Pallas, 1771)<\/h1>\t\t\t\t<\/div>\n\t\t\t\t<\/div>\n\t\t\t\t<div class=\"elementor-element elementor-element-93e851f elementor-widget elementor-widget-heading\" data-id=\"93e851f\" data-element_type=\"widget\" data-e-type=\"widget\" data-widget_type=\"heading.default\">\n\t\t\t\t<div class=\"elementor-widget-container\">\n\t\t\t\t\t<h1 class=\"elementor-heading-title elementor-size-default\">Le Grillon noir\u00e2tre<\/h1>\t\t\t\t<\/div>\n\t\t\t\t<\/div>\n\t\t\t\t<div class=\"elementor-element elementor-element-d7f1ebe elementor-widget-divider--view-line elementor-widget elementor-widget-divider\" data-id=\"d7f1ebe\" data-element_type=\"widget\" data-e-type=\"widget\" data-widget_type=\"divider.default\">\n\t\t\t\t<div class=\"elementor-widget-container\">\n\t\t\t\t\t\t\t<div class=\"elementor-divider\">\n\t\t\t<span class=\"elementor-divider-separator\">\n\t\t\t\t\t\t<\/span>\n\t\t<\/div>\n\t\t\t\t\t\t<\/div>\n\t\t\t\t<\/div>\n\t\t\t\t<div class=\"elementor-element elementor-element-470bb23 elementor-widget__width-inherit elementor-widget elementor-widget-text-editor\" data-id=\"470bb23\" data-element_type=\"widget\" data-e-type=\"widget\" data-widget_type=\"text-editor.default\">\n\t\t\t\t<div class=\"elementor-widget-container\">\n\t\t\t\t\t\t\t\t\t<p>R\u00e9f\u00e9rence : <a href=\"https:\/\/www.biotope-editions.fr\/en\/product\/acoustiquesauterelles\/\"><em>L\u2019acoustique des sauterelles, grillons et courtili\u00e8re de France, Belgique, Luxembourg et Suisse<\/em><\/a> de Julien Barataud, 2025 des \u00c9ditions Biotope.<\/p>\t\t\t\t\t\t\t\t<\/div>\n\t\t\t\t<\/div>\n\t\t\t\t<div class=\"elementor-element elementor-element-6202210 elementor-align-left elementor-widget elementor-widget-button\" data-id=\"6202210\" data-element_type=\"widget\" data-e-type=\"widget\" data-widget_type=\"button.default\">\n\t\t\t\t<div class=\"elementor-widget-container\">\n\t\t\t\t\t\t\t\t\t<div class=\"elementor-button-wrapper\">\n\t\t\t\t\t<a class=\"elementor-button elementor-button-link elementor-size-sm\" href=\"https:\/\/www.biotope-editions.fr\/en\/fichiers-sons-acoustique-sauterelles-grillons-et-courtilieres-fbls\/\">\n\t\t\t\t\t\t<span class=\"elementor-button-content-wrapper\">\n\t\t\t\t\t\t\t\t\t<span class=\"elementor-button-text\">Annexe num\u00e9rique du livre<\/span>\n\t\t\t\t\t<\/span>\n\t\t\t\t\t<\/a>\n\t\t\t\t<\/div>\n\t\t\t\t\t\t\t\t<\/div>\n\t\t\t\t<\/div>\n\t\t\t\t\t<\/div>\n\t\t<\/div>\n\t\t\t\t\t<\/div>\n\t\t<\/section>\n\t\t<div class=\"elementor-element elementor-element-1e458bd e-flex e-con-boxed e-con e-parent\" data-id=\"1e458bd\" data-element_type=\"container\" data-e-type=\"container\">\n\t\t\t\t\t<div class=\"e-con-inner\">\n\t\t\t\t<div class=\"elementor-element elementor-element-e472c49 elementor-widget elementor-widget-spacer\" data-id=\"e472c49\" data-element_type=\"widget\" data-e-type=\"widget\" data-widget_type=\"spacer.default\">\n\t\t\t\t<div class=\"elementor-widget-container\">\n\t\t\t\t\t\t\t<div class=\"elementor-spacer\">\n\t\t\t<div class=\"elementor-spacer-inner\"><\/div>\n\t\t<\/div>\n\t\t\t\t\t\t<\/div>\n\t\t\t\t<\/div>\n\t\t\t\t\t<\/div>\n\t\t\t\t<\/div>\n\t\t<div class=\"elementor-element elementor-element-7e91eb0 e-flex e-con-boxed e-con e-parent\" data-id=\"7e91eb0\" data-element_type=\"container\" data-e-type=\"container\">\n\t\t\t\t\t<div class=\"e-con-inner\">\n\t\t\t\t<div class=\"elementor-element elementor-element-a8c2006 elementor-widget elementor-widget-post-navigation\" data-id=\"a8c2006\" data-element_type=\"widget\" data-e-type=\"widget\" data-widget_type=\"post-navigation.default\">\n\t\t\t\t<div class=\"elementor-widget-container\">\n\t\t\t\t\t\t\t<div class=\"elementor-post-navigation\" role=\"navigation\" aria-label=\"Post Navigation\">\n\t\t\t<div class=\"elementor-post-navigation__prev elementor-post-navigation__link\">\n\t\t\t\t<a href=\"https:\/\/www.biotope-editions.fr\/en\/album\/acheta-domesticus\/\" rel=\"prev\"><span class=\"post-navigation__arrow-wrapper post-navigation__arrow-prev\"><svg aria-hidden=\"true\" class=\"e-font-icon-svg e-fas-arrow-alt-circle-left\" viewbox=\"0 0 512 512\" xmlns=\"http:\/\/www.w3.org\/2000\/svg\"><path d=\"M256 504C119 504 8 393 8 256S119 8 256 8s248 111 248 248-111 248-248 248zm116-292H256v-70.9c0-10.7-13-16.1-20.5-8.5L121.2 247.5c-4.7 4.7-4.7 12.2 0 16.9l114.3 114.9c7.6 7.6 20.5 2.2 20.5-8.5V300h116c6.6 0 12-5.4 12-12v-64c0-6.6-5.4-12-12-12z\"><\/path><\/svg><span class=\"elementor-screen-only\">Prev<\/span><\/span><span class=\"elementor-post-navigation__link__prev\"><span class=\"post-navigation__prev--title\">Acheta domesticus<\/span><\/span><\/a>\t\t\t<\/div>\n\t\t\t\t\t\t<div class=\"elementor-post-navigation__next elementor-post-navigation__link\">\n\t\t\t\t<a href=\"https:\/\/www.biotope-editions.fr\/en\/album\/svercus-palmetorum\/\" rel=\"next\"><span class=\"elementor-post-navigation__link__next\"><span class=\"post-navigation__next--title\">Svercus palmetorum<\/span><\/span><span class=\"post-navigation__arrow-wrapper post-navigation__arrow-next\"><svg aria-hidden=\"true\" class=\"e-font-icon-svg e-fas-arrow-alt-circle-right\" viewbox=\"0 0 512 512\" xmlns=\"http:\/\/www.w3.org\/2000\/svg\"><path d=\"M256 8c137 0 248 111 248 248S393 504 256 504 8 393 8 256 119 8 256 8zM140 300h116v70.9c0 10.7 13 16.1 20.5 8.5l114.3-114.9c4.7-4.7 4.7-12.2 0-16.9l-114.3-115c-7.6-7.6-20.5-2.2-20.5 8.5V212H140c-6.6 0-12 5.4-12 12v64c0 6.6 5.4 12 12 12z\"><\/path><\/svg><span class=\"elementor-screen-only\">Next<\/span><\/span><\/a>\t\t\t<\/div>\n\t\t<\/div>\n\t\t\t\t\t\t<\/div>\n\t\t\t\t<\/div>\n\t\t\t\t\t<\/div>\n\t\t\t\t<\/div>\n\t\t<div class=\"elementor-element elementor-element-4d23795 e-flex e-con-boxed e-con e-parent\" data-id=\"4d23795\" data-element_type=\"container\" data-e-type=\"container\">\n\t\t\t\t\t<div class=\"e-con-inner\">\n\t\t\t\t<div class=\"elementor-element elementor-element-d8bcc61 elementor-widget__width-inherit sr_track_inline_cta_bt__yes elementor-widget elementor-widget-music-player\" data-id=\"d8bcc61\" data-element_type=\"widget\" data-e-type=\"widget\" data-widget_type=\"music-player.default\">\n\t\t\t\t<div class=\"elementor-widget-container\">\n\t\t\t\t\t<article id=\"arbitrary-instance-69f18bcd6fc70\" class=\"iron_widget_radio playlist_enabled\"><div class=\"iron-audioplayer  show-playlist show-trackartwork srp_hide_player srp_noLoopTracklist srp_tracklist_play_cover\" id=\"arbitrary-instance-69f18bcd6fc70-27c2cd170b\" data-id=\"arbitrary-instance-69f18bcd6fc70\" data-track-sw-cursor=\"1\" data-lazyload=\"\" data-albums=\"20723\" data-category=\"\" data-url-playlist=\"https:\/\/www.biotope-editions.fr\/en\/?load=playlist.json&#038;title=&#038;albums=20723&#038;category=&#038;posts_not_in=&#038;category_not_in=&#038;author=&#038;feed_title=&#038;feed=&#038;feed_img=&#038;el_widget_id=&#038;artwork=&#038;posts_per_pages=-1&#038;all_category=&#038;single_playlist=&#038;reverse_tracklist=&#038;audio_meta_field=&#038;repeater_meta_field=&#038;import_file=&#038;rss_items=-1&#038;rss_item_title=&#038;is_favorite=&#038;is_recentlyplayed=&#038;srp_order=title_ASC\" data-sticky-player=\"\" data-shuffle=\"false\" data-playlist_title=\"\" data-scrollbar=\"\" data-wave-color=\"\" data-wave-progress-color=\"\" data-spectro=\"\" data-no-wave=\"1\" data-hide-progressbar=\"\" data-progress-bar-style=\"\"data-feedurl=\"0\" data-notrackskip=\"on\" data-no-loop-tracklist=\"on\" data-playertemplate =\"skin_boxed_tracklist\" data-hide-artwork =\"\" data-speedrate=\"1\"  data-tracks-per-page=\"\" data-pagination_scroll_offset=\"\" data-adaptive-colors=\"\" data-adaptive-colors-freeze=\"\" data-tracklist-soundwave-style=\"mediaElement\" style=\"opacity:0;\"><div class=\"srp_player_boxed srp_player_grid\"><div class=\"sonaar-Artwort-box\">\n                <div class=\"control\">\n                    \n                <\/div>\n                <div class=\"album\">\n                    <div class=\"album-art\">\n                        <img alt=\"album-art\">\n                    <\/div>\n                <\/div>\n                <\/div><div class=\"album-player sr_waveform_mediaElement\"><div class=\"srp_miniplayer_metas\"><div class=\"srp_meta srp_meta_0 album-title\" data-prefix=\"\" aria-label=\"Title\"><\/div><\/div><div class=\"srp_subtitle\">Le Grillon noir\u00e2tre<\/div><div class=\"srp_player_meta\"><\/div><div class=\"srp_control_box\">\n            <div role=\"button\" tabindex=\"0\" class=\"srp-play-button play\" href=\"#\" aria-label=\"Play\">\n                <i class=\"sricon-play\"><\/i>\n                <div class=\"srp-play-circle\"><\/div>\n            <\/div><div class=\"srp_wave_box\"> <div class=\"player\" ><div class=\"sr_progressbar\">\n                \n            <div class=\"currentTime\">00:00<\/div>\n         \n                <div id=\"arbitrary-instance-69f18bcd6fc70-d9b41834db-wave\" class=\"wave\" >\n                 \n        <div class=\"sonaar_fake_wave\" style=\"height:70px\"> \n            <audio src=\"\" class=\"sonaar_media_element\"><\/audio> \n            <div class=\"sonaar_wave_base\"> \n                <canvas id=\"sonaar_wave_base_canvas\" class=\"\" height=\"70\" width=\"2540\"><\/canvas> \n                <svg><\/svg> \n            <\/div> \n            <div class=\"sonaar_wave_cut\"> \n                <canvas id=\"sonaar_wave_cut_canvas\" class=\"\" height=\"70\" width=\"2540\"><\/canvas> \n                <svg><\/svg> \n            <\/div> \n        <\/div> \n                <\/div>\n                \n            <div class=\"totalTime\"><\/div>\n         \n             <\/div><\/div><div class=\"control\"><div role=\"button\" tabindex=\"0\" class=\"previous sricon-back\" style=\"opacity:0;\" aria-label=\"Previous Track\" title=\"Previous\"><\/div><div role=\"button\" tabindex=\"0\" class=\"play\" style=\"opacity:0;\" aria-label=\"Play\" title=\"Play\/Pause\">\n                <i class=\"sricon-play\"><\/i>\n            <\/div><div role=\"button\" tabindex=\"0\" class=\"next sricon-forward\" style=\"opacity:0;\" aria-label=\"Next Track\" title=\"Next\"><\/div><\/div><\/div><\/div><\/div><\/div><div class=\"playlist sr_waveform_mediaElement srp_tracklist_waveform_enabled\"  id=\"playlist_arbitrary-instance-69f18bcd6fc70\"><div class=\"srp_search_main\"><div class=\"srp_search_container\" style=\"display:flex;\" data-metakey=\"search\" data-label=\"Rechercher\"><i class=\"fas fa-search\"><\/i><input class=\"srp_search\" enterkeyhint=\"done\" placeholder=\"Rechercher\" \\><i class=\"srp_reset_search sricon-close-circle\" style=\"display:none;\"><\/i><\/div><\/div><div class=\"srp_tracklist\"><div class=\"srp_notfound\"><div class=\"srp_notfound--title\">Sorry, no results.<\/div><div class=\"srp_notfound--subtitle\">Please try another keyword<\/div><\/div><ul class=\"srp_list\" data-filters=\"playlist-category,playlist-tag\"><li \n            class=\"sr-playlist-item\" \n            data-audiopath=\"https:\/\/www.biotope-editions.fr\/wp-content\/uploads\/audio\/acoustique_sauterelles\/Ch5_Monographies\/95_Melanogryllus_desertus\/Sons\/Fig1_Aud_M-desertus-d30_Masegoso-ES-AB_230701_2005_0707S1++.wav\"\n            data-showloading=\"1\"\n            data-albumtitle=\"Melanogryllus desertus\"\n            data-albumart=\"https:\/\/www.biotope-editions.fr\/wp-content\/uploads\/2025\/08\/Fig1_M-desertus-d30_Masegoso-ES-AB_230701_2005_0707S1-1024x310.jpg\"\n            data-releasedate=\"Le Grillon noir\u00e2tre\"\n            data-date=\"2025\/07\/17\"\n            data-date-formated=\"17 July 2025\"\n            data-show-date=\"\"\n            data-tracktitle=\"Audible\"\n            data-artist=\"\"\n            data-trackid=\"\"\n            data-tracktime=\"\"\n            data-relatedtrack=\"\"\n            data-post-url=\"\"\n            data-post-id=\"20723\"\n            data-track-pos=\"0\"\n            data-peakfile=\"\"\n            data-peakfile-allow=\"\"\n            data-is-preview=\"\"\n            data-track-lyric=\"\" data-icecast_json=\"\" data-icecast_mount=\"\" data-optional_poster=\"true\"><div class=\"sr-playlist-item-flex\"><div class=\"srp_soundwave_wrapper\"> \n        <div class=\"sonaar_fake_wave\" style=\"height:70px\"> \n            <audio src=\"\" class=\"sonaar_media_element\"><\/audio> \n            <div class=\"sonaar_wave_base\"> \n                <canvas id=\"sonaar_wave_base_canvas\" class=\"\" height=\"70\" width=\"2540\"><\/canvas> \n                <svg><\/svg> \n            <\/div> \n            <div class=\"sonaar_wave_cut\"> \n                <canvas id=\"sonaar_wave_cut_canvas\" class=\"\" height=\"70\" width=\"2540\"><\/canvas> \n                <svg><\/svg> \n            <\/div> \n        <\/div><\/div><div class=\"sr_track_cover\"><div class=\"srp_play\"><i class=\"sricon-play\"><\/i><\/div><img src=\"https:\/\/www.biotope-editions.fr\/wp-content\/uploads\/2025\/08\/Fig1_M-desertus-d30_Masegoso-ES-AB_230701_2005_0707S1.jpg\" alt=\"track-artwork\" \/><\/div><span class=\"store-list\"><div class=\"song-store-list-menu\"><i class=\"fas fa-ellipsis-v\"><\/i><div class=\"song-store-list-container\"><a href=\"https:\/\/www.biotope-editions.fr\/wp-content\/uploads\/audio\/acoustique_sauterelles\/Ch5_Monographies\/95_Melanogryllus_desertus\/Sons\/Fig1_Aud_M-desertus-d30_Masegoso-ES-AB_230701_2005_0707S1++.wav\" download class=\"song-store sr_store_force_dl_bt\" target=\"_self\" title=\"Download\" aria-label=\"Download\" data-source-post-id=\"20723\" data-store-id=\"0-0\"  tabindex=\"1\"><i class=\"fas fa-download\"><\/i><\/a><\/div><\/div><\/span><div class=\"srp_cf_output\" style=\"display:none;\"><div class=\"srp_cf_data sr-playlist-cf--playlist-category\">Chapitre 5 - Acoustique Sauterelles<\/div><div class=\"srp_cf_data sr-playlist-cf--playlist-tag\">Grillons et courtili\u00e8res, Insectes<\/div><\/div><\/div><div class=\"srp_track_description\">Figure 1 : Chant d\u2019appel diurne typique d\u2019un m\u00e2le de Melanogryllus desertus, compos\u00e9 de phrases avec une quinzaine de syllabes \u00e0 tonalit\u00e9 pure autour de 5 kHz \u2013 Masegoso (ES-AB) \u2013 01\/07\/2023 \u2013 chant diurne 30\u00b0C.<\/div><\/li><li \n            class=\"sr-playlist-item\" \n            data-audiopath=\"https:\/\/www.biotope-editions.fr\/wp-content\/uploads\/audio\/acoustique_sauterelles\/Ch5_Monographies\/95_Melanogryllus_desertus\/Sons\/Fig1_Exp_M-desertus-d30_Masegoso-ES-AB_230701_2005_0707S1++.wav\"\n            data-showloading=\"1\"\n            data-albumtitle=\"Melanogryllus desertus\"\n            data-albumart=\"https:\/\/www.biotope-editions.fr\/wp-content\/uploads\/2025\/08\/Fig1_M-desertus-d30_Masegoso-ES-AB_230701_2005_0707S1-1024x310.jpg\"\n            data-releasedate=\"Le Grillon noir\u00e2tre\"\n            data-date=\"2025\/07\/17\"\n            data-date-formated=\"17 July 2025\"\n            data-show-date=\"\"\n            data-tracktitle=\"Expansion de temps\"\n            data-artist=\"\"\n            data-trackid=\"\"\n            data-tracktime=\"\"\n            data-relatedtrack=\"\"\n            data-post-url=\"\"\n            data-post-id=\"20723\"\n            data-track-pos=\"1\"\n            data-peakfile=\"\"\n            data-peakfile-allow=\"\"\n            data-is-preview=\"\"\n            data-track-lyric=\"\" data-icecast_json=\"\" data-icecast_mount=\"\" data-optional_poster=\"true\"><div class=\"sr-playlist-item-flex\"><div class=\"srp_soundwave_wrapper\"> \n        <div class=\"sonaar_fake_wave\" style=\"height:70px\"> \n            <audio src=\"\" class=\"sonaar_media_element\"><\/audio> \n            <div class=\"sonaar_wave_base\"> \n                <canvas id=\"sonaar_wave_base_canvas\" class=\"\" height=\"70\" width=\"2540\"><\/canvas> \n                <svg><\/svg> \n            <\/div> \n            <div class=\"sonaar_wave_cut\"> \n                <canvas id=\"sonaar_wave_cut_canvas\" class=\"\" height=\"70\" width=\"2540\"><\/canvas> \n                <svg><\/svg> \n            <\/div> \n        <\/div><\/div><div class=\"sr_track_cover\"><div class=\"srp_play\"><i class=\"sricon-play\"><\/i><\/div><img src=\"https:\/\/www.biotope-editions.fr\/wp-content\/uploads\/2025\/08\/Fig1_M-desertus-d30_Masegoso-ES-AB_230701_2005_0707S1.jpg\" alt=\"track-artwork\" \/><\/div><span class=\"store-list\"><div class=\"song-store-list-menu\"><i class=\"fas fa-ellipsis-v\"><\/i><div class=\"song-store-list-container\"><a href=\"https:\/\/www.biotope-editions.fr\/wp-content\/uploads\/audio\/acoustique_sauterelles\/Ch5_Monographies\/95_Melanogryllus_desertus\/Sons\/Fig1_Exp_M-desertus-d30_Masegoso-ES-AB_230701_2005_0707S1++.wav\" download class=\"song-store sr_store_force_dl_bt\" target=\"_self\" title=\"Download\" aria-label=\"Download\" data-source-post-id=\"20723\" data-store-id=\"1-0\"  tabindex=\"1\"><i class=\"fas fa-download\"><\/i><\/a><\/div><\/div><\/span><div class=\"srp_cf_output\" style=\"display:none;\"><div class=\"srp_cf_data sr-playlist-cf--playlist-category\">Chapitre 5 - Acoustique Sauterelles<\/div><div class=\"srp_cf_data sr-playlist-cf--playlist-tag\">Grillons et courtili\u00e8res, Insectes<\/div><\/div><\/div><div class=\"srp_track_description\">Figure 1 : Chant d\u2019appel diurne typique d\u2019un m\u00e2le de Melanogryllus desertus, compos\u00e9 de phrases avec une quinzaine de syllabes \u00e0 tonalit\u00e9 pure autour de 5 kHz \u2013 Masegoso (ES-AB) \u2013 01\/07\/2023 \u2013 chant diurne 30\u00b0C.<\/div><\/li><li \n            class=\"sr-playlist-item\" \n            data-audiopath=\"https:\/\/www.biotope-editions.fr\/wp-content\/uploads\/audio\/acoustique_sauterelles\/Ch5_Monographies\/95_Melanogryllus_desertus\/Sons\/Fig2_Aud_M-desertus-d31_Thuir-66_220613_1248_0261S1+++.wav\"\n            data-showloading=\"1\"\n            data-albumtitle=\"Melanogryllus desertus\"\n            data-albumart=\"https:\/\/www.biotope-editions.fr\/wp-content\/uploads\/2025\/08\/Fig2_M-desertus-d31_Thuir-66_220613_1248_0261S1-1024x310.jpg\"\n            data-releasedate=\"Le Grillon noir\u00e2tre\"\n            data-date=\"2025\/07\/17\"\n            data-date-formated=\"17 July 2025\"\n            data-show-date=\"\"\n            data-tracktitle=\"Audible\"\n            data-artist=\"\"\n            data-trackid=\"\"\n            data-tracktime=\"\"\n            data-relatedtrack=\"\"\n            data-post-url=\"\"\n            data-post-id=\"20723\"\n            data-track-pos=\"2\"\n            data-peakfile=\"\"\n            data-peakfile-allow=\"\"\n            data-is-preview=\"\"\n            data-track-lyric=\"\" data-icecast_json=\"\" data-icecast_mount=\"\" data-optional_poster=\"true\"><div class=\"sr-playlist-item-flex\"><div class=\"srp_soundwave_wrapper\"> \n        <div class=\"sonaar_fake_wave\" style=\"height:70px\"> \n            <audio src=\"\" class=\"sonaar_media_element\"><\/audio> \n            <div class=\"sonaar_wave_base\"> \n                <canvas id=\"sonaar_wave_base_canvas\" class=\"\" height=\"70\" width=\"2540\"><\/canvas> \n                <svg><\/svg> \n            <\/div> \n            <div class=\"sonaar_wave_cut\"> \n                <canvas id=\"sonaar_wave_cut_canvas\" class=\"\" height=\"70\" width=\"2540\"><\/canvas> \n                <svg><\/svg> \n            <\/div> \n        <\/div><\/div><div class=\"sr_track_cover\"><div class=\"srp_play\"><i class=\"sricon-play\"><\/i><\/div><img src=\"https:\/\/www.biotope-editions.fr\/wp-content\/uploads\/2025\/08\/Fig2_M-desertus-d31_Thuir-66_220613_1248_0261S1.jpg\" alt=\"track-artwork\" \/><\/div><span class=\"store-list\"><div class=\"song-store-list-menu\"><i class=\"fas fa-ellipsis-v\"><\/i><div class=\"song-store-list-container\"><a href=\"https:\/\/www.biotope-editions.fr\/wp-content\/uploads\/audio\/acoustique_sauterelles\/Ch5_Monographies\/95_Melanogryllus_desertus\/Sons\/Fig2_Aud_M-desertus-d31_Thuir-66_220613_1248_0261S1+++.wav\" download class=\"song-store sr_store_force_dl_bt\" target=\"_self\" title=\"Download\" aria-label=\"Download\" data-source-post-id=\"20723\" data-store-id=\"2-0\"  tabindex=\"1\"><i class=\"fas fa-download\"><\/i><\/a><\/div><\/div><\/span><div class=\"srp_cf_output\" style=\"display:none;\"><div class=\"srp_cf_data sr-playlist-cf--playlist-category\">Chapitre 5 - Acoustique Sauterelles<\/div><div class=\"srp_cf_data sr-playlist-cf--playlist-tag\">Grillons et courtili\u00e8res, Insectes<\/div><\/div><\/div><div class=\"srp_track_description\">Figure 2 : Chant d\u2019appel diurne d\u2019un m\u00e2le de Melanogryllus desertus avec un rythme tr\u00e8s rapide et des premi\u00e8res syllabes un peu \u00ab d\u00e9saccord\u00e9es \u00bb \u2013 Thuir (FR-66) \u2013 13\/06\/2022 \u2013 chant diurne 31\u00b0C.<\/div><\/li><li \n            class=\"sr-playlist-item\" \n            data-audiopath=\"https:\/\/www.biotope-editions.fr\/wp-content\/uploads\/audio\/acoustique_sauterelles\/Ch5_Monographies\/95_Melanogryllus_desertus\/Sons\/Fig2_Exp_M-desertus-d31_Thuir-66_220613_1248_0261S1+++.wav\"\n            data-showloading=\"1\"\n            data-albumtitle=\"Melanogryllus desertus\"\n            data-albumart=\"https:\/\/www.biotope-editions.fr\/wp-content\/uploads\/2025\/08\/Fig3_M-desertus-n15_Villeneuve-les-Maguelone-34_220427_2120_0088S1-1024x310.jpg\"\n            data-releasedate=\"Le Grillon noir\u00e2tre\"\n            data-date=\"2025\/07\/17\"\n            data-date-formated=\"17 July 2025\"\n            data-show-date=\"\"\n            data-tracktitle=\"Expansion de temps\"\n            data-artist=\"\"\n            data-trackid=\"\"\n            data-tracktime=\"\"\n            data-relatedtrack=\"\"\n            data-post-url=\"\"\n            data-post-id=\"20723\"\n            data-track-pos=\"3\"\n            data-peakfile=\"\"\n            data-peakfile-allow=\"\"\n            data-is-preview=\"\"\n            data-track-lyric=\"\" data-icecast_json=\"\" data-icecast_mount=\"\" data-optional_poster=\"true\"><div class=\"sr-playlist-item-flex\"><div class=\"srp_soundwave_wrapper\"> \n        <div class=\"sonaar_fake_wave\" style=\"height:70px\"> \n            <audio src=\"\" class=\"sonaar_media_element\"><\/audio> \n            <div class=\"sonaar_wave_base\"> \n                <canvas id=\"sonaar_wave_base_canvas\" class=\"\" height=\"70\" width=\"2540\"><\/canvas> \n                <svg><\/svg> \n            <\/div> \n            <div class=\"sonaar_wave_cut\"> \n                <canvas id=\"sonaar_wave_cut_canvas\" class=\"\" height=\"70\" width=\"2540\"><\/canvas> \n                <svg><\/svg> \n            <\/div> \n        <\/div><\/div><div class=\"sr_track_cover\"><div class=\"srp_play\"><i class=\"sricon-play\"><\/i><\/div><img src=\"https:\/\/www.biotope-editions.fr\/wp-content\/uploads\/2025\/08\/Fig3_M-desertus-n15_Villeneuve-les-Maguelone-34_220427_2120_0088S1.jpg\" alt=\"track-artwork\" \/><\/div><span class=\"store-list\"><div class=\"song-store-list-menu\"><i class=\"fas fa-ellipsis-v\"><\/i><div class=\"song-store-list-container\"><a href=\"https:\/\/www.biotope-editions.fr\/wp-content\/uploads\/audio\/acoustique_sauterelles\/Ch5_Monographies\/95_Melanogryllus_desertus\/Sons\/Fig2_Exp_M-desertus-d31_Thuir-66_220613_1248_0261S1+++.wav\" download class=\"song-store sr_store_force_dl_bt\" target=\"_self\" title=\"Download\" aria-label=\"Download\" data-source-post-id=\"20723\" data-store-id=\"3-0\"  tabindex=\"1\"><i class=\"fas fa-download\"><\/i><\/a><\/div><\/div><\/span><div class=\"srp_cf_output\" style=\"display:none;\"><div class=\"srp_cf_data sr-playlist-cf--playlist-category\">Chapitre 5 - Acoustique Sauterelles<\/div><div class=\"srp_cf_data sr-playlist-cf--playlist-tag\">Grillons et courtili\u00e8res, Insectes<\/div><\/div><\/div><div class=\"srp_track_description\">Figure 2 : Chant d\u2019appel diurne d\u2019un m\u00e2le de Melanogryllus desertus avec un rythme tr\u00e8s rapide et des premi\u00e8res syllabes un peu \u00ab d\u00e9saccord\u00e9es \u00bb \u2013 Thuir (FR-66) \u2013 13\/06\/2022 \u2013 chant diurne 31\u00b0C.<\/div><\/li><li \n            class=\"sr-playlist-item\" \n            data-audiopath=\"https:\/\/www.biotope-editions.fr\/wp-content\/uploads\/audio\/acoustique_sauterelles\/Ch5_Monographies\/95_Melanogryllus_desertus\/Sons\/Fig3_Aud_M-desertus-n15_Villeneuve-les-Maguelone-34_220427_2120_0088S1.wav\"\n            data-showloading=\"1\"\n            data-albumtitle=\"Melanogryllus desertus\"\n            data-albumart=\"https:\/\/www.biotope-editions.fr\/wp-content\/uploads\/2025\/08\/Fig3_M-desertus-n15_Villeneuve-les-Maguelone-34_220427_2120_0088S1-1024x310.jpg\"\n            data-releasedate=\"Le Grillon noir\u00e2tre\"\n            data-date=\"2025\/07\/17\"\n            data-date-formated=\"17 July 2025\"\n            data-show-date=\"\"\n            data-tracktitle=\"Audible\"\n            data-artist=\"\"\n            data-trackid=\"\"\n            data-tracktime=\"\"\n            data-relatedtrack=\"\"\n            data-post-url=\"\"\n            data-post-id=\"20723\"\n            data-track-pos=\"4\"\n            data-peakfile=\"\"\n            data-peakfile-allow=\"\"\n            data-is-preview=\"\"\n            data-track-lyric=\"\" data-icecast_json=\"\" data-icecast_mount=\"\" data-optional_poster=\"true\"><div class=\"sr-playlist-item-flex\"><div class=\"srp_soundwave_wrapper\"> \n        <div class=\"sonaar_fake_wave\" style=\"height:70px\"> \n            <audio src=\"\" class=\"sonaar_media_element\"><\/audio> \n            <div class=\"sonaar_wave_base\"> \n                <canvas id=\"sonaar_wave_base_canvas\" class=\"\" height=\"70\" width=\"2540\"><\/canvas> \n                <svg><\/svg> \n            <\/div> \n            <div class=\"sonaar_wave_cut\"> \n                <canvas id=\"sonaar_wave_cut_canvas\" class=\"\" height=\"70\" width=\"2540\"><\/canvas> \n                <svg><\/svg> \n            <\/div> \n        <\/div><\/div><div class=\"sr_track_cover\"><div class=\"srp_play\"><i class=\"sricon-play\"><\/i><\/div><img src=\"https:\/\/www.biotope-editions.fr\/wp-content\/uploads\/2025\/08\/Fig3_M-desertus-n15_Villeneuve-les-Maguelone-34_220427_2120_0088S1.jpg\" alt=\"track-artwork\" \/><\/div><span class=\"store-list\"><div class=\"song-store-list-menu\"><i class=\"fas fa-ellipsis-v\"><\/i><div class=\"song-store-list-container\"><a href=\"https:\/\/www.biotope-editions.fr\/wp-content\/uploads\/audio\/acoustique_sauterelles\/Ch5_Monographies\/95_Melanogryllus_desertus\/Sons\/Fig3_Aud_M-desertus-n15_Villeneuve-les-Maguelone-34_220427_2120_0088S1.wav\" download class=\"song-store sr_store_force_dl_bt\" target=\"_self\" title=\"Download\" aria-label=\"Download\" data-source-post-id=\"20723\" data-store-id=\"4-0\"  tabindex=\"1\"><i class=\"fas fa-download\"><\/i><\/a><\/div><\/div><\/span><div class=\"srp_cf_output\" style=\"display:none;\"><div class=\"srp_cf_data sr-playlist-cf--playlist-category\">Chapitre 5 - Acoustique Sauterelles<\/div><div class=\"srp_cf_data sr-playlist-cf--playlist-tag\">Grillons et courtili\u00e8res, Insectes<\/div><\/div><\/div><div class=\"srp_track_description\">Figure 3 : Chant d\u2019appel nocturne d\u2019un m\u00e2le de Melanogryllus desertus avec des syllabes \u00ab d\u00e9saccord\u00e9es \u00bb \u2013 Villeneuve-l\u00e8s-Maguelone (FR-34) \u2013 27\/04\/2022 \u2013 chant nocturne 15\u00b0C.<\/div><\/li><li \n            class=\"sr-playlist-item\" \n            data-audiopath=\"https:\/\/www.biotope-editions.fr\/wp-content\/uploads\/audio\/acoustique_sauterelles\/Ch5_Monographies\/95_Melanogryllus_desertus\/Sons\/Fig3_Exp_M-desertus-n15_Villeneuve-les-Maguelone-34_220427_2120_0088S1.wav\"\n            data-showloading=\"1\"\n            data-albumtitle=\"Melanogryllus desertus\"\n            data-albumart=\"https:\/\/www.biotope-editions.fr\/wp-content\/uploads\/2025\/08\/Fig3_M-desertus-n15_Villeneuve-les-Maguelone-34_220427_2120_0088S1-1024x310.jpg\"\n            data-releasedate=\"Le Grillon noir\u00e2tre\"\n            data-date=\"2025\/07\/17\"\n            data-date-formated=\"17 July 2025\"\n            data-show-date=\"\"\n            data-tracktitle=\"Expansion de temps\"\n            data-artist=\"\"\n            data-trackid=\"\"\n            data-tracktime=\"\"\n            data-relatedtrack=\"\"\n            data-post-url=\"\"\n            data-post-id=\"20723\"\n            data-track-pos=\"5\"\n            data-peakfile=\"\"\n            data-peakfile-allow=\"\"\n            data-is-preview=\"\"\n            data-track-lyric=\"\" data-icecast_json=\"\" data-icecast_mount=\"\" data-optional_poster=\"true\"><div class=\"sr-playlist-item-flex\"><div class=\"srp_soundwave_wrapper\"> \n        <div class=\"sonaar_fake_wave\" style=\"height:70px\"> \n            <audio src=\"\" class=\"sonaar_media_element\"><\/audio> \n            <div class=\"sonaar_wave_base\"> \n                <canvas id=\"sonaar_wave_base_canvas\" class=\"\" height=\"70\" width=\"2540\"><\/canvas> \n                <svg><\/svg> \n            <\/div> \n            <div class=\"sonaar_wave_cut\"> \n                <canvas id=\"sonaar_wave_cut_canvas\" class=\"\" height=\"70\" width=\"2540\"><\/canvas> \n                <svg><\/svg> \n            <\/div> \n        <\/div><\/div><div class=\"sr_track_cover\"><div class=\"srp_play\"><i class=\"sricon-play\"><\/i><\/div><img src=\"https:\/\/www.biotope-editions.fr\/wp-content\/uploads\/2025\/08\/Fig3_M-desertus-n15_Villeneuve-les-Maguelone-34_220427_2120_0088S1.jpg\" alt=\"track-artwork\" \/><\/div><span class=\"store-list\"><div class=\"song-store-list-menu\"><i class=\"fas fa-ellipsis-v\"><\/i><div class=\"song-store-list-container\"><a href=\"https:\/\/www.biotope-editions.fr\/wp-content\/uploads\/audio\/acoustique_sauterelles\/Ch5_Monographies\/95_Melanogryllus_desertus\/Sons\/Fig3_Exp_M-desertus-n15_Villeneuve-les-Maguelone-34_220427_2120_0088S1.wav\" download class=\"song-store sr_store_force_dl_bt\" target=\"_self\" title=\"Download\" aria-label=\"Download\" data-source-post-id=\"20723\" data-store-id=\"5-0\"  tabindex=\"1\"><i class=\"fas fa-download\"><\/i><\/a><\/div><\/div><\/span><div class=\"srp_cf_output\" style=\"display:none;\"><div class=\"srp_cf_data sr-playlist-cf--playlist-category\">Chapitre 5 - Acoustique Sauterelles<\/div><div class=\"srp_cf_data sr-playlist-cf--playlist-tag\">Grillons et courtili\u00e8res, Insectes<\/div><\/div><\/div><div class=\"srp_track_description\">Figure 3 : Chant d\u2019appel nocturne d\u2019un m\u00e2le de Melanogryllus desertus avec des syllabes \u00ab d\u00e9saccord\u00e9es \u00bb \u2013 Villeneuve-l\u00e8s-Maguelone (FR-34) \u2013 27\/04\/2022 \u2013 chant nocturne 15\u00b0C.<\/div><\/li><li \n            class=\"sr-playlist-item\" \n            data-audiopath=\"https:\/\/www.biotope-editions.fr\/wp-content\/uploads\/audio\/acoustique_sauterelles\/Ch5_Monographies\/95_Melanogryllus_desertus\/Sons\/Fig4_Aud_M-desertus-d34_capt-Canet-66_220617_1503_0308S1++cht-rivalite.wav\"\n            data-showloading=\"1\"\n            data-albumtitle=\"Melanogryllus desertus\"\n            data-albumart=\"https:\/\/www.biotope-editions.fr\/wp-content\/uploads\/2025\/08\/Fig4_M-desertus-d34_capt-Canet-66_220617_1503_0308S1cht-rivalite-1024x310.jpg\"\n            data-releasedate=\"Le Grillon noir\u00e2tre\"\n            data-date=\"2025\/07\/17\"\n            data-date-formated=\"17 July 2025\"\n            data-show-date=\"\"\n            data-tracktitle=\"Audible\"\n            data-artist=\"\"\n            data-trackid=\"\"\n            data-tracktime=\"\"\n            data-relatedtrack=\"\"\n            data-post-url=\"\"\n            data-post-id=\"20723\"\n            data-track-pos=\"6\"\n            data-peakfile=\"\"\n            data-peakfile-allow=\"\"\n            data-is-preview=\"\"\n            data-track-lyric=\"\" data-icecast_json=\"\" data-icecast_mount=\"\" data-optional_poster=\"true\"><div class=\"sr-playlist-item-flex\"><div class=\"srp_soundwave_wrapper\"> \n        <div class=\"sonaar_fake_wave\" style=\"height:70px\"> \n            <audio src=\"\" class=\"sonaar_media_element\"><\/audio> \n            <div class=\"sonaar_wave_base\"> \n                <canvas id=\"sonaar_wave_base_canvas\" class=\"\" height=\"70\" width=\"2540\"><\/canvas> \n                <svg><\/svg> \n            <\/div> \n            <div class=\"sonaar_wave_cut\"> \n                <canvas id=\"sonaar_wave_cut_canvas\" class=\"\" height=\"70\" width=\"2540\"><\/canvas> \n                <svg><\/svg> \n            <\/div> \n        <\/div><\/div><div class=\"sr_track_cover\"><div class=\"srp_play\"><i class=\"sricon-play\"><\/i><\/div><img src=\"https:\/\/www.biotope-editions.fr\/wp-content\/uploads\/2025\/08\/Fig4_M-desertus-d34_capt-Canet-66_220617_1503_0308S1cht-rivalite.jpg\" alt=\"track-artwork\" \/><\/div><span class=\"store-list\"><div class=\"song-store-list-menu\"><i class=\"fas fa-ellipsis-v\"><\/i><div class=\"song-store-list-container\"><a href=\"https:\/\/www.biotope-editions.fr\/wp-content\/uploads\/audio\/acoustique_sauterelles\/Ch5_Monographies\/95_Melanogryllus_desertus\/Sons\/Fig4_Aud_M-desertus-d34_capt-Canet-66_220617_1503_0308S1++cht-rivalite.wav\" download class=\"song-store sr_store_force_dl_bt\" target=\"_self\" title=\"Download\" aria-label=\"Download\" data-source-post-id=\"20723\" data-store-id=\"6-0\"  tabindex=\"1\"><i class=\"fas fa-download\"><\/i><\/a><\/div><\/div><\/span><div class=\"srp_cf_output\" style=\"display:none;\"><div class=\"srp_cf_data sr-playlist-cf--playlist-category\">Chapitre 5 - Acoustique Sauterelles<\/div><div class=\"srp_cf_data sr-playlist-cf--playlist-tag\">Grillons et courtili\u00e8res, Insectes<\/div><\/div><\/div><div class=\"srp_track_description\">Figure 4 : Chant de rivalit\u00e9 d\u2019un m\u00e2le de Melanogryllus desertus avec des phrases de dur\u00e9e plus longue et irr\u00e9guli\u00e8re \u2013 Individu en captivit\u00e9 en provenance de Canet-en-Roussillon (FR-66) \u2013 17\/06\/2022 \u2013 chant diurne 34\u00b0C.<\/div><\/li><li \n            class=\"sr-playlist-item\" \n            data-audiopath=\"https:\/\/www.biotope-editions.fr\/wp-content\/uploads\/audio\/acoustique_sauterelles\/Ch5_Monographies\/95_Melanogryllus_desertus\/Sons\/Fig4_Exp_M-desertus-d34_capt-Canet-66_220617_1503_0308S1++cht-rivalite.wav\"\n            data-showloading=\"1\"\n            data-albumtitle=\"Melanogryllus desertus\"\n            data-albumart=\"https:\/\/www.biotope-editions.fr\/wp-content\/uploads\/2025\/08\/Fig4_M-desertus-d34_capt-Canet-66_220617_1503_0308S1cht-rivalite-1024x310.jpg\"\n            data-releasedate=\"Le Grillon noir\u00e2tre\"\n            data-date=\"2025\/07\/17\"\n            data-date-formated=\"17 July 2025\"\n            data-show-date=\"\"\n            data-tracktitle=\"Expansion de temps\"\n            data-artist=\"\"\n            data-trackid=\"\"\n            data-tracktime=\"\"\n            data-relatedtrack=\"\"\n            data-post-url=\"\"\n            data-post-id=\"20723\"\n            data-track-pos=\"7\"\n            data-peakfile=\"\"\n            data-peakfile-allow=\"\"\n            data-is-preview=\"\"\n            data-track-lyric=\"\" data-icecast_json=\"\" data-icecast_mount=\"\" data-optional_poster=\"true\"><div class=\"sr-playlist-item-flex\"><div class=\"srp_soundwave_wrapper\"> \n        <div class=\"sonaar_fake_wave\" style=\"height:70px\"> \n            <audio src=\"\" class=\"sonaar_media_element\"><\/audio> \n            <div class=\"sonaar_wave_base\"> \n                <canvas id=\"sonaar_wave_base_canvas\" class=\"\" height=\"70\" width=\"2540\"><\/canvas> \n                <svg><\/svg> \n            <\/div> \n            <div class=\"sonaar_wave_cut\"> \n                <canvas id=\"sonaar_wave_cut_canvas\" class=\"\" height=\"70\" width=\"2540\"><\/canvas> \n                <svg><\/svg> \n            <\/div> \n        <\/div><\/div><div class=\"sr_track_cover\"><div class=\"srp_play\"><i class=\"sricon-play\"><\/i><\/div><img src=\"https:\/\/www.biotope-editions.fr\/wp-content\/uploads\/2025\/08\/Fig4_M-desertus-d34_capt-Canet-66_220617_1503_0308S1cht-rivalite.jpg\" alt=\"track-artwork\" \/><\/div><span class=\"store-list\"><div class=\"song-store-list-menu\"><i class=\"fas fa-ellipsis-v\"><\/i><div class=\"song-store-list-container\"><a href=\"https:\/\/www.biotope-editions.fr\/wp-content\/uploads\/audio\/acoustique_sauterelles\/Ch5_Monographies\/95_Melanogryllus_desertus\/Sons\/Fig4_Exp_M-desertus-d34_capt-Canet-66_220617_1503_0308S1++cht-rivalite.wav\" download class=\"song-store sr_store_force_dl_bt\" target=\"_self\" title=\"Download\" aria-label=\"Download\" data-source-post-id=\"20723\" data-store-id=\"7-0\"  tabindex=\"1\"><i class=\"fas fa-download\"><\/i><\/a><\/div><\/div><\/span><div class=\"srp_cf_output\" style=\"display:none;\"><div class=\"srp_cf_data sr-playlist-cf--playlist-category\">Chapitre 5 - Acoustique Sauterelles<\/div><div class=\"srp_cf_data sr-playlist-cf--playlist-tag\">Grillons et courtili\u00e8res, Insectes<\/div><\/div><\/div><div class=\"srp_track_description\">Figure 4 : Chant de rivalit\u00e9 d\u2019un m\u00e2le de Melanogryllus desertus avec des phrases de dur\u00e9e plus longue et irr\u00e9guli\u00e8re \u2013 Individu en captivit\u00e9 en provenance de Canet-en-Roussillon (FR-66) \u2013 17\/06\/2022 \u2013 chant diurne 34\u00b0C.<\/div><\/li><li \n            class=\"sr-playlist-item\" \n            data-audiopath=\"https:\/\/www.biotope-editions.fr\/wp-content\/uploads\/audio\/acoustique_sauterelles\/Ch5_Monographies\/95_Melanogryllus_desertus\/Sons\/Fig5A_Aud_M-desertus-d28_Canet-66_220614_0956_0297S1+++.wav\"\n            data-showloading=\"1\"\n            data-albumtitle=\"Melanogryllus desertus\"\n            data-albumart=\"https:\/\/www.biotope-editions.fr\/wp-content\/uploads\/2025\/08\/Fig5_Montage_confusions_aud_M-desertus-1024x276.jpg\"\n            data-releasedate=\"Le Grillon noir\u00e2tre\"\n            data-date=\"2025\/07\/17\"\n            data-date-formated=\"17 July 2025\"\n            data-show-date=\"\"\n            data-tracktitle=\"Fig. 5A - Audible\"\n            data-artist=\"\"\n            data-trackid=\"\"\n            data-tracktime=\"\"\n            data-relatedtrack=\"\"\n            data-post-url=\"\"\n            data-post-id=\"20723\"\n            data-track-pos=\"8\"\n            data-peakfile=\"\"\n            data-peakfile-allow=\"\"\n            data-is-preview=\"\"\n            data-track-lyric=\"\" data-icecast_json=\"\" data-icecast_mount=\"\" data-optional_poster=\"true\"><div class=\"sr-playlist-item-flex\"><div class=\"srp_soundwave_wrapper\"> \n        <div class=\"sonaar_fake_wave\" style=\"height:70px\"> \n            <audio src=\"\" class=\"sonaar_media_element\"><\/audio> \n            <div class=\"sonaar_wave_base\"> \n                <canvas id=\"sonaar_wave_base_canvas\" class=\"\" height=\"70\" width=\"2540\"><\/canvas> \n                <svg><\/svg> \n            <\/div> \n            <div class=\"sonaar_wave_cut\"> \n                <canvas id=\"sonaar_wave_cut_canvas\" class=\"\" height=\"70\" width=\"2540\"><\/canvas> \n                <svg><\/svg> \n            <\/div> \n        <\/div><\/div><div class=\"sr_track_cover\"><div class=\"srp_play\"><i class=\"sricon-play\"><\/i><\/div><img src=\"https:\/\/www.biotope-editions.fr\/wp-content\/uploads\/2025\/08\/Fig5_Montage_confusions_aud_M-desertus.jpg\" alt=\"track-artwork\" \/><\/div><span class=\"store-list\"><div class=\"song-store-list-menu\"><i class=\"fas fa-ellipsis-v\"><\/i><div class=\"song-store-list-container\"><a href=\"https:\/\/www.biotope-editions.fr\/wp-content\/uploads\/audio\/acoustique_sauterelles\/Ch5_Monographies\/95_Melanogryllus_desertus\/Sons\/Fig5A_Aud_M-desertus-d28_Canet-66_220614_0956_0297S1+++.wav\" download class=\"song-store sr_store_force_dl_bt\" target=\"_self\" title=\"Download\" aria-label=\"Download\" data-source-post-id=\"20723\" data-store-id=\"8-0\"  tabindex=\"1\"><i class=\"fas fa-download\"><\/i><\/a><\/div><\/div><\/span><div class=\"srp_cf_output\" style=\"display:none;\"><div class=\"srp_cf_data sr-playlist-cf--playlist-category\">Chapitre 5 - Acoustique Sauterelles<\/div><div class=\"srp_cf_data sr-playlist-cf--playlist-tag\">Grillons et courtili\u00e8res, Insectes<\/div><\/div><\/div><div class=\"srp_track_description\">Figure 5 : Risques de confusion \u00e0 l\u2019oreille avec le chant d\u2019appel de Melanogryllus desertus. A - Melanogryllus desertus - Canet-en-Roussillon (FR-66) - 14\/06\/2022 - chant diurne 28\u00b0C.<\/div><\/li><li \n            class=\"sr-playlist-item\" \n            data-audiopath=\"https:\/\/www.biotope-editions.fr\/wp-content\/uploads\/audio\/acoustique_sauterelles\/Ch5_Monographies\/95_Melanogryllus_desertus\/Sons\/Fig5B_Aud_E-bordigalensis-d26_Lansargues-34_220428_1553_0116S1++.wav\"\n            data-showloading=\"1\"\n            data-albumtitle=\"Melanogryllus desertus\"\n            data-albumart=\"https:\/\/www.biotope-editions.fr\/wp-content\/uploads\/2025\/08\/Fig5_Montage_confusions_aud_M-desertus-1024x276.jpg\"\n            data-releasedate=\"Le Grillon noir\u00e2tre\"\n            data-date=\"2025\/07\/17\"\n            data-date-formated=\"17 July 2025\"\n            data-show-date=\"\"\n            data-tracktitle=\"Fig. 5B - Audible\"\n            data-artist=\"\"\n            data-trackid=\"\"\n            data-tracktime=\"\"\n            data-relatedtrack=\"\"\n            data-post-url=\"\"\n            data-post-id=\"20723\"\n            data-track-pos=\"9\"\n            data-peakfile=\"\"\n            data-peakfile-allow=\"\"\n            data-is-preview=\"\"\n            data-track-lyric=\"\" data-icecast_json=\"\" data-icecast_mount=\"\" data-optional_poster=\"true\"><div class=\"sr-playlist-item-flex\"><div class=\"srp_soundwave_wrapper\"> \n        <div class=\"sonaar_fake_wave\" style=\"height:70px\"> \n            <audio src=\"\" class=\"sonaar_media_element\"><\/audio> \n            <div class=\"sonaar_wave_base\"> \n                <canvas id=\"sonaar_wave_base_canvas\" class=\"\" height=\"70\" width=\"2540\"><\/canvas> \n                <svg><\/svg> \n            <\/div> \n            <div class=\"sonaar_wave_cut\"> \n                <canvas id=\"sonaar_wave_cut_canvas\" class=\"\" height=\"70\" width=\"2540\"><\/canvas> \n                <svg><\/svg> \n            <\/div> \n        <\/div><\/div><div class=\"sr_track_cover\"><div class=\"srp_play\"><i class=\"sricon-play\"><\/i><\/div><img src=\"https:\/\/www.biotope-editions.fr\/wp-content\/uploads\/2025\/08\/Fig5_Montage_confusions_aud_M-desertus.jpg\" alt=\"track-artwork\" \/><\/div><span class=\"store-list\"><div class=\"song-store-list-menu\"><i class=\"fas fa-ellipsis-v\"><\/i><div class=\"song-store-list-container\"><a href=\"https:\/\/www.biotope-editions.fr\/wp-content\/uploads\/audio\/acoustique_sauterelles\/Ch5_Monographies\/95_Melanogryllus_desertus\/Sons\/Fig5B_Aud_E-bordigalensis-d26_Lansargues-34_220428_1553_0116S1++.wav\" download class=\"song-store sr_store_force_dl_bt\" target=\"_self\" title=\"Download\" aria-label=\"Download\" data-source-post-id=\"20723\" data-store-id=\"9-0\"  tabindex=\"1\"><i class=\"fas fa-download\"><\/i><\/a><\/div><\/div><\/span><div class=\"srp_cf_output\" style=\"display:none;\"><div class=\"srp_cf_data sr-playlist-cf--playlist-category\">Chapitre 5 - Acoustique Sauterelles<\/div><div class=\"srp_cf_data sr-playlist-cf--playlist-tag\">Grillons et courtili\u00e8res, Insectes<\/div><\/div><\/div><div class=\"srp_track_description\">Figure 5 : Risques de confusion \u00e0 l\u2019oreille avec le chant d\u2019appel de Melanogryllus desertus. B - Eumodicogryllus bordigalensis - Lansargues (FR-34) - 28\/04\/2022 - chant diurne 26\u00b0C<\/div><\/li><li \n            class=\"sr-playlist-item\" \n            data-audiopath=\"https:\/\/www.biotope-editions.fr\/wp-content\/uploads\/audio\/acoustique_sauterelles\/Ch5_Monographies\/95_Melanogryllus_desertus\/Sons\/Fig5C_Aud_M-algirius-d28_Bagnols-en-Foret-83_230601_1223_0640S1++.wav\"\n            data-showloading=\"1\"\n            data-albumtitle=\"Melanogryllus desertus\"\n            data-albumart=\"https:\/\/www.biotope-editions.fr\/wp-content\/uploads\/2025\/08\/Fig5_Montage_confusions_aud_M-desertus-1024x276.jpg\"\n            data-releasedate=\"Le Grillon noir\u00e2tre\"\n            data-date=\"2025\/07\/17\"\n            data-date-formated=\"17 July 2025\"\n            data-show-date=\"\"\n            data-tracktitle=\"Fig. 5C - Audible\"\n            data-artist=\"\"\n            data-trackid=\"\"\n            data-tracktime=\"\"\n            data-relatedtrack=\"\"\n            data-post-url=\"\"\n            data-post-id=\"20723\"\n            data-track-pos=\"10\"\n            data-peakfile=\"\"\n            data-peakfile-allow=\"\"\n            data-is-preview=\"\"\n            data-track-lyric=\"\" data-icecast_json=\"\" data-icecast_mount=\"\" data-optional_poster=\"true\"><div class=\"sr-playlist-item-flex\"><div class=\"srp_soundwave_wrapper\"> \n        <div class=\"sonaar_fake_wave\" style=\"height:70px\"> \n            <audio src=\"\" class=\"sonaar_media_element\"><\/audio> \n            <div class=\"sonaar_wave_base\"> \n                <canvas id=\"sonaar_wave_base_canvas\" class=\"\" height=\"70\" width=\"2540\"><\/canvas> \n                <svg><\/svg> \n            <\/div> \n            <div class=\"sonaar_wave_cut\"> \n                <canvas id=\"sonaar_wave_cut_canvas\" class=\"\" height=\"70\" width=\"2540\"><\/canvas> \n                <svg><\/svg> \n            <\/div> \n        <\/div><\/div><div class=\"sr_track_cover\"><div class=\"srp_play\"><i class=\"sricon-play\"><\/i><\/div><img src=\"https:\/\/www.biotope-editions.fr\/wp-content\/uploads\/2025\/08\/Fig5_Montage_confusions_aud_M-desertus.jpg\" alt=\"track-artwork\" \/><\/div><span class=\"store-list\"><div class=\"song-store-list-menu\"><i class=\"fas fa-ellipsis-v\"><\/i><div class=\"song-store-list-container\"><a href=\"https:\/\/www.biotope-editions.fr\/wp-content\/uploads\/audio\/acoustique_sauterelles\/Ch5_Monographies\/95_Melanogryllus_desertus\/Sons\/Fig5C_Aud_M-algirius-d28_Bagnols-en-Foret-83_230601_1223_0640S1++.wav\" download class=\"song-store sr_store_force_dl_bt\" target=\"_self\" title=\"Download\" aria-label=\"Download\" data-source-post-id=\"20723\" data-store-id=\"10-0\"  tabindex=\"1\"><i class=\"fas fa-download\"><\/i><\/a><\/div><\/div><\/span><div class=\"srp_cf_output\" style=\"display:none;\"><div class=\"srp_cf_data sr-playlist-cf--playlist-category\">Chapitre 5 - Acoustique Sauterelles<\/div><div class=\"srp_cf_data sr-playlist-cf--playlist-tag\">Grillons et courtili\u00e8res, Insectes<\/div><\/div><\/div><div class=\"srp_track_description\">Figure 5 : Risques de confusion \u00e0 l\u2019oreille avec le chant d\u2019appel de Melanogryllus desertus. C - Modicogryllus algirius - Bagnols-en-For\u00eat (FR-83) - 01\/06\/2023 - chant diurne 28\u00b0C.<\/div><\/li><li \n            class=\"sr-playlist-item\" \n            data-audiopath=\"https:\/\/www.biotope-editions.fr\/wp-content\/uploads\/audio\/acoustique_sauterelles\/Ch5_Monographies\/95_Melanogryllus_desertus\/Sons\/Fig6_Exp_Montage_confusions_exp_M-desertus.wav\"\n            data-showloading=\"1\"\n            data-albumtitle=\"Melanogryllus desertus\"\n            data-albumart=\"https:\/\/www.biotope-editions.fr\/wp-content\/uploads\/2025\/08\/Fig6_Montage_confusions_exp_M-desertus-1024x269.jpg\"\n            data-releasedate=\"Le Grillon noir\u00e2tre\"\n            data-date=\"2025\/07\/17\"\n            data-date-formated=\"17 July 2025\"\n            data-show-date=\"\"\n            data-tracktitle=\"Expansion de temps\"\n            data-artist=\"\"\n            data-trackid=\"\"\n            data-tracktime=\"\"\n            data-relatedtrack=\"\"\n            data-post-url=\"\"\n            data-post-id=\"20723\"\n            data-track-pos=\"11\"\n            data-peakfile=\"\"\n            data-peakfile-allow=\"\"\n            data-is-preview=\"\"\n            data-track-lyric=\"\" data-icecast_json=\"\" data-icecast_mount=\"\" data-optional_poster=\"true\"><div class=\"sr-playlist-item-flex\"><div class=\"srp_soundwave_wrapper\"> \n        <div class=\"sonaar_fake_wave\" style=\"height:70px\"> \n            <audio src=\"\" class=\"sonaar_media_element\"><\/audio> \n            <div class=\"sonaar_wave_base\"> \n                <canvas id=\"sonaar_wave_base_canvas\" class=\"\" height=\"70\" width=\"2540\"><\/canvas> \n                <svg><\/svg> \n            <\/div> \n            <div class=\"sonaar_wave_cut\"> \n                <canvas id=\"sonaar_wave_cut_canvas\" class=\"\" height=\"70\" width=\"2540\"><\/canvas> \n                <svg><\/svg> \n            <\/div> \n        <\/div><\/div><div class=\"sr_track_cover\"><div class=\"srp_play\"><i class=\"sricon-play\"><\/i><\/div><img src=\"https:\/\/www.biotope-editions.fr\/wp-content\/uploads\/2025\/08\/Fig6_Montage_confusions_exp_M-desertus.jpg\" alt=\"track-artwork\" \/><\/div><span class=\"store-list\"><div class=\"song-store-list-menu\"><i class=\"fas fa-ellipsis-v\"><\/i><div class=\"song-store-list-container\"><a href=\"https:\/\/www.biotope-editions.fr\/wp-content\/uploads\/audio\/acoustique_sauterelles\/Ch5_Monographies\/95_Melanogryllus_desertus\/Sons\/Fig6_Exp_Montage_confusions_exp_M-desertus.wav\" download class=\"song-store sr_store_force_dl_bt\" target=\"_self\" title=\"Download\" aria-label=\"Download\" data-source-post-id=\"20723\" data-store-id=\"11-0\"  tabindex=\"1\"><i class=\"fas fa-download\"><\/i><\/a><\/div><\/div><\/span><div class=\"srp_cf_output\" style=\"display:none;\"><div class=\"srp_cf_data sr-playlist-cf--playlist-category\">Chapitre 5 - Acoustique Sauterelles<\/div><div class=\"srp_cf_data sr-playlist-cf--playlist-tag\">Grillons et courtili\u00e8res, Insectes<\/div><\/div><\/div><div class=\"srp_track_description\">Figure 6 : Risques de confusion en expansion de temps avec le chant d\u2019appel de Melanogryllus desertus.<\/div><\/li><\/ul><\/div><\/div><div class=\"album-store\"><\/div><\/div><script id=\"srp_js_params_69f18bcd6fc70\">\n        var srp_player_params_69f18bcd6fc70 = {\"title\":\"\",\"store_title_text\":\"\",\"albums\":\"20723\",\"hide_artwork\":\"false\",\"sticky_player\":\"\",\"show_album_market\":\"false\",\"show_track_market\":\"true\",\"hide_timeline\":\"true\",\"elementor\":\"true\",\"tracks_per_page\":\"\",\"titletag_soundwave\":\"\",\"titletag_playlist\":\"\",\"show_control_on_hover\":\"false\",\"show_playlist\":\"true\",\"reverse_tracklist\":\"\",\"wave_color\":\"\",\"wave_progress_color\":\"\",\"spectro\":\"\",\"shuffle\":\"\",\"searchbar\":\"true\",\"searchbar_placeholder\":\"Rechercher\",\"player_layout\":\"skin_boxed_tracklist\",\"show_skip_bt\":\"default\",\"show_speed_bt\":\"default\",\"show_volume_bt\":\"default\",\"show_miniplayer_note_bt\":\"default\",\"force_cta_dl\":\"true\",\"force_cta_singlepost\":\"default\",\"force_cta_share\":\"default\",\"force_cta_favorite\":\"default\",\"cta_track_show_label\":\"default\",\"track_artwork_format\":\"full\",\"track_artwork\":\"true\",\"track_artwork_play_button\":\"true\",\"use_play_label\":\"default\",\"order\":\"ASC\",\"orderby\":\"title\",\"album_store_position\":\"\",\"notrackskip\":\"true\",\"no_loop_tracklist\":\"true\",\"strip_html_track_desc\":\"1\",\"track_desc_lenght\":\"200\",\"show_track_publish_date\":\"default\",\"post_link\":\"default\",\"track_memory\":\"default\",\"tracklist_soundwave_show\":\"true\",\"tracklist_soundwave_style\":\"mediaElement\",\"tracklist_soundwave_cursor\":\"true\",\"tracklist_layout\":\"list\",\"main_settings\":\"||\"} \n        var srp_player_params_args_69f18bcd6fc70 = {\"before_widget\":\"<article id=\\\"arbitrary-instance-69f18bcd6fc70\\\" class=\\\"iron_widget_radio playlist_enabled\\\">\",\"after_widget\":\"<\\\/article>\",\"before_title\":\"<span class='heading-t3'><\\\/span><h3 class=\\\"widgettitle\\\">\",\"after_title\":\"<\\\/h3>\",\"widget_id\":\"arbitrary-instance-69f18bcd6fc70\"}  \n        <\/script><script>if(typeof setIronAudioplayers !== \"undefined\"){ setIronAudioplayers(\"arbitrary-instance-69f18bcd6fc70\"); }<\/script><\/article>\t\t\t\t<\/div>\n\t\t\t\t<\/div>\n\t\t\t\t\t<\/div>\n\t\t\t\t<\/div>\n\t\t\t\t<\/div>","protected":false},"excerpt":{"rendered":"<p>Melanogryllus desertus (Pallas, 1771) Le Grillon noir\u00e2tre R\u00e9f\u00e9rence : L\u2019acoustique des sauterelles, grillons et courtili\u00e8re de France, Belgique, Luxembourg et Suisse de Julien Barataud, 2025 des \u00c9ditions Biotope. Annexe num\u00e9rique du livre Le Grillon noir\u00e2treSorry, no results.Please try another keyword Chapitre 5 &#8211; Acoustique SauterellesGrillons et courtili\u00e8res, InsectesFigure 1 : Chant d\u2019appel diurne typique d\u2019un [&hellip;]<\/p>\n","protected":false},"author":4,"featured_media":20627,"menu_order":0,"comment_status":"closed","ping_status":"closed","template":"elementor_header_footer","playlist-category":[219],"playlist-tag":[213,211],"class_list":["post-20723","sr_playlist","type-sr_playlist","status-publish","has-post-thumbnail","hentry","playlist-category-chapitre-5-acoustique-sauterelles","playlist-tag-grillons-et-courtilieres","playlist-tag-insectes"],"acf":[],"yoast_head":"<!-- This site is optimized with the Yoast SEO plugin v27.5 - https:\/\/yoast.com\/product\/yoast-seo-wordpress\/ -->\n<title>Melanogryllus desertus - Editions Biotope<\/title>\n<meta name=\"description\" content=\"L&#039;acoustique des sauterelles, grillons et courtili\u00e8res de France, Belgique, Luxembourg et Suisse.\" \/>\n<meta name=\"robots\" content=\"index, follow, max-snippet:-1, max-image-preview:large, max-video-preview:-1\" \/>\n<link rel=\"canonical\" href=\"https:\/\/www.biotope-editions.fr\/en\/album\/melanogryllus-desertus\/\" \/>\n<meta property=\"og:locale\" content=\"en_GB\" \/>\n<meta property=\"og:type\" content=\"article\" \/>\n<meta property=\"og:title\" content=\"Melanogryllus desertus - Editions Biotope\" \/>\n<meta property=\"og:description\" content=\"L&#039;acoustique des sauterelles, grillons et courtili\u00e8res de France, Belgique, Luxembourg et Suisse.\" \/>\n<meta property=\"og:url\" content=\"https:\/\/www.biotope-editions.fr\/en\/album\/melanogryllus-desertus\/\" \/>\n<meta property=\"og:site_name\" content=\"Editions Biotope\" \/>\n<meta property=\"article:publisher\" content=\"https:\/\/www.facebook.com\/EditionsBiotope\/\" \/>\n<meta property=\"article:modified_time\" content=\"2025-08-19T14:14:58+00:00\" \/>\n<meta property=\"og:image\" content=\"https:\/\/www.biotope-editions.fr\/wp-content\/uploads\/2025\/08\/01_Melanogryllus-desertus_Canet-66_20220615-13.jpg\" \/>\n\t<meta property=\"og:image:width\" content=\"1125\" \/>\n\t<meta property=\"og:image:height\" content=\"844\" \/>\n\t<meta property=\"og:image:type\" content=\"image\/jpeg\" \/>\n<meta name=\"twitter:card\" content=\"summary_large_image\" \/>\n<meta name=\"twitter:label1\" content=\"Estimated reading time\" \/>\n\t<meta name=\"twitter:data1\" content=\"6 minutes\" \/>\n<script type=\"application\/ld+json\" class=\"yoast-schema-graph\">{\"@context\":\"https:\\\/\\\/schema.org\",\"@graph\":[{\"@type\":\"WebPage\",\"@id\":\"https:\\\/\\\/www.biotope-editions.fr\\\/album\\\/melanogryllus-desertus\\\/\",\"url\":\"https:\\\/\\\/www.biotope-editions.fr\\\/album\\\/melanogryllus-desertus\\\/\",\"name\":\"Melanogryllus desertus - Editions Biotope\",\"isPartOf\":{\"@id\":\"https:\\\/\\\/www.biotope-editions.fr\\\/#website\"},\"primaryImageOfPage\":{\"@id\":\"https:\\\/\\\/www.biotope-editions.fr\\\/album\\\/melanogryllus-desertus\\\/#primaryimage\"},\"image\":{\"@id\":\"https:\\\/\\\/www.biotope-editions.fr\\\/album\\\/melanogryllus-desertus\\\/#primaryimage\"},\"thumbnailUrl\":\"https:\\\/\\\/www.biotope-editions.fr\\\/wp-content\\\/uploads\\\/2025\\\/08\\\/01_Melanogryllus-desertus_Canet-66_20220615-13.jpg\",\"datePublished\":\"2025-07-17T15:09:55+00:00\",\"dateModified\":\"2025-08-19T14:14:58+00:00\",\"description\":\"L'acoustique des sauterelles, grillons et courtili\u00e8res de France, Belgique, Luxembourg et Suisse.\",\"breadcrumb\":{\"@id\":\"https:\\\/\\\/www.biotope-editions.fr\\\/album\\\/melanogryllus-desertus\\\/#breadcrumb\"},\"inLanguage\":\"en-GB\",\"potentialAction\":[{\"@type\":\"ReadAction\",\"target\":[\"https:\\\/\\\/www.biotope-editions.fr\\\/album\\\/melanogryllus-desertus\\\/\"]}]},{\"@type\":\"ImageObject\",\"inLanguage\":\"en-GB\",\"@id\":\"https:\\\/\\\/www.biotope-editions.fr\\\/album\\\/melanogryllus-desertus\\\/#primaryimage\",\"url\":\"https:\\\/\\\/www.biotope-editions.fr\\\/wp-content\\\/uploads\\\/2025\\\/08\\\/01_Melanogryllus-desertus_Canet-66_20220615-13.jpg\",\"contentUrl\":\"https:\\\/\\\/www.biotope-editions.fr\\\/wp-content\\\/uploads\\\/2025\\\/08\\\/01_Melanogryllus-desertus_Canet-66_20220615-13.jpg\",\"width\":1125,\"height\":844},{\"@type\":\"BreadcrumbList\",\"@id\":\"https:\\\/\\\/www.biotope-editions.fr\\\/album\\\/melanogryllus-desertus\\\/#breadcrumb\",\"itemListElement\":[{\"@type\":\"ListItem\",\"position\":1,\"name\":\"Home\",\"item\":\"https:\\\/\\\/www.biotope-editions.fr\\\/\"},{\"@type\":\"ListItem\",\"position\":2,\"name\":\"Tracks\",\"item\":\"https:\\\/\\\/www.biotope-editions.fr\\\/album\\\/\"},{\"@type\":\"ListItem\",\"position\":3,\"name\":\"Melanogryllus desertus\"}]},{\"@type\":\"WebSite\",\"@id\":\"https:\\\/\\\/www.biotope-editions.fr\\\/#website\",\"url\":\"https:\\\/\\\/www.biotope-editions.fr\\\/\",\"name\":\"Editions Biotope\",\"description\":\"Editeur par nature\",\"publisher\":{\"@id\":\"https:\\\/\\\/www.biotope-editions.fr\\\/#organization\"},\"potentialAction\":[{\"@type\":\"SearchAction\",\"target\":{\"@type\":\"EntryPoint\",\"urlTemplate\":\"https:\\\/\\\/www.biotope-editions.fr\\\/?s={search_term_string}\"},\"query-input\":{\"@type\":\"PropertyValueSpecification\",\"valueRequired\":true,\"valueName\":\"search_term_string\"}}],\"inLanguage\":\"en-GB\"},{\"@type\":\"Organization\",\"@id\":\"https:\\\/\\\/www.biotope-editions.fr\\\/#organization\",\"name\":\"Editions Biotope\",\"url\":\"https:\\\/\\\/www.biotope-editions.fr\\\/\",\"logo\":{\"@type\":\"ImageObject\",\"inLanguage\":\"en-GB\",\"@id\":\"https:\\\/\\\/www.biotope-editions.fr\\\/#\\\/schema\\\/logo\\\/image\\\/\",\"url\":\"https:\\\/\\\/www.biotope-editions.fr\\\/wp-content\\\/uploads\\\/2024\\\/07\\\/Fichier-1.svg\",\"contentUrl\":\"https:\\\/\\\/www.biotope-editions.fr\\\/wp-content\\\/uploads\\\/2024\\\/07\\\/Fichier-1.svg\",\"width\":49,\"height\":50,\"caption\":\"Editions Biotope\"},\"image\":{\"@id\":\"https:\\\/\\\/www.biotope-editions.fr\\\/#\\\/schema\\\/logo\\\/image\\\/\"},\"sameAs\":[\"https:\\\/\\\/www.facebook.com\\\/EditionsBiotope\\\/\"]}]}<\/script>\n<!-- \/ Yoast SEO plugin. -->","yoast_head_json":{"title":"Melanogryllus desertus - Editions Biotope","description":"L'acoustique des sauterelles, grillons et courtili\u00e8res de France, Belgique, Luxembourg et Suisse.","robots":{"index":"index","follow":"follow","max-snippet":"max-snippet:-1","max-image-preview":"max-image-preview:large","max-video-preview":"max-video-preview:-1"},"canonical":"https:\/\/www.biotope-editions.fr\/en\/album\/melanogryllus-desertus\/","og_locale":"en_GB","og_type":"article","og_title":"Melanogryllus desertus - Editions Biotope","og_description":"L'acoustique des sauterelles, grillons et courtili\u00e8res de France, Belgique, Luxembourg et Suisse.","og_url":"https:\/\/www.biotope-editions.fr\/en\/album\/melanogryllus-desertus\/","og_site_name":"Editions Biotope","article_publisher":"https:\/\/www.facebook.com\/EditionsBiotope\/","article_modified_time":"2025-08-19T14:14:58+00:00","og_image":[{"width":1125,"height":844,"url":"https:\/\/www.biotope-editions.fr\/wp-content\/uploads\/2025\/08\/01_Melanogryllus-desertus_Canet-66_20220615-13.jpg","type":"image\/jpeg"}],"twitter_card":"summary_large_image","twitter_misc":{"Estimated reading time":"6 minutes"},"schema":{"@context":"https:\/\/schema.org","@graph":[{"@type":"WebPage","@id":"https:\/\/www.biotope-editions.fr\/album\/melanogryllus-desertus\/","url":"https:\/\/www.biotope-editions.fr\/album\/melanogryllus-desertus\/","name":"Melanogryllus desertus - Editions Biotope","isPartOf":{"@id":"https:\/\/www.biotope-editions.fr\/#website"},"primaryImageOfPage":{"@id":"https:\/\/www.biotope-editions.fr\/album\/melanogryllus-desertus\/#primaryimage"},"image":{"@id":"https:\/\/www.biotope-editions.fr\/album\/melanogryllus-desertus\/#primaryimage"},"thumbnailUrl":"https:\/\/www.biotope-editions.fr\/wp-content\/uploads\/2025\/08\/01_Melanogryllus-desertus_Canet-66_20220615-13.jpg","datePublished":"2025-07-17T15:09:55+00:00","dateModified":"2025-08-19T14:14:58+00:00","description":"L'acoustique des sauterelles, grillons et courtili\u00e8res de France, Belgique, Luxembourg et Suisse.","breadcrumb":{"@id":"https:\/\/www.biotope-editions.fr\/album\/melanogryllus-desertus\/#breadcrumb"},"inLanguage":"en-GB","potentialAction":[{"@type":"ReadAction","target":["https:\/\/www.biotope-editions.fr\/album\/melanogryllus-desertus\/"]}]},{"@type":"ImageObject","inLanguage":"en-GB","@id":"https:\/\/www.biotope-editions.fr\/album\/melanogryllus-desertus\/#primaryimage","url":"https:\/\/www.biotope-editions.fr\/wp-content\/uploads\/2025\/08\/01_Melanogryllus-desertus_Canet-66_20220615-13.jpg","contentUrl":"https:\/\/www.biotope-editions.fr\/wp-content\/uploads\/2025\/08\/01_Melanogryllus-desertus_Canet-66_20220615-13.jpg","width":1125,"height":844},{"@type":"BreadcrumbList","@id":"https:\/\/www.biotope-editions.fr\/album\/melanogryllus-desertus\/#breadcrumb","itemListElement":[{"@type":"ListItem","position":1,"name":"Home","item":"https:\/\/www.biotope-editions.fr\/"},{"@type":"ListItem","position":2,"name":"Tracks","item":"https:\/\/www.biotope-editions.fr\/album\/"},{"@type":"ListItem","position":3,"name":"Melanogryllus desertus"}]},{"@type":"WebSite","@id":"https:\/\/www.biotope-editions.fr\/#website","url":"https:\/\/www.biotope-editions.fr\/","name":"Editions Biotope","description":"Editeur par nature","publisher":{"@id":"https:\/\/www.biotope-editions.fr\/#organization"},"potentialAction":[{"@type":"SearchAction","target":{"@type":"EntryPoint","urlTemplate":"https:\/\/www.biotope-editions.fr\/?s={search_term_string}"},"query-input":{"@type":"PropertyValueSpecification","valueRequired":true,"valueName":"search_term_string"}}],"inLanguage":"en-GB"},{"@type":"Organization","@id":"https:\/\/www.biotope-editions.fr\/#organization","name":"Editions Biotope","url":"https:\/\/www.biotope-editions.fr\/","logo":{"@type":"ImageObject","inLanguage":"en-GB","@id":"https:\/\/www.biotope-editions.fr\/#\/schema\/logo\/image\/","url":"https:\/\/www.biotope-editions.fr\/wp-content\/uploads\/2024\/07\/Fichier-1.svg","contentUrl":"https:\/\/www.biotope-editions.fr\/wp-content\/uploads\/2024\/07\/Fichier-1.svg","width":49,"height":50,"caption":"Editions Biotope"},"image":{"@id":"https:\/\/www.biotope-editions.fr\/#\/schema\/logo\/image\/"},"sameAs":["https:\/\/www.facebook.com\/EditionsBiotope\/"]}]}},"_links":{"self":[{"href":"https:\/\/www.biotope-editions.fr\/en\/wp-json\/wp\/v2\/sr_playlist\/20723","targetHints":{"allow":["GET"]}}],"collection":[{"href":"https:\/\/www.biotope-editions.fr\/en\/wp-json\/wp\/v2\/sr_playlist"}],"about":[{"href":"https:\/\/www.biotope-editions.fr\/en\/wp-json\/wp\/v2\/types\/sr_playlist"}],"author":[{"embeddable":true,"href":"https:\/\/www.biotope-editions.fr\/en\/wp-json\/wp\/v2\/users\/4"}],"replies":[{"embeddable":true,"href":"https:\/\/www.biotope-editions.fr\/en\/wp-json\/wp\/v2\/comments?post=20723"}],"version-history":[{"count":7,"href":"https:\/\/www.biotope-editions.fr\/en\/wp-json\/wp\/v2\/sr_playlist\/20723\/revisions"}],"predecessor-version":[{"id":20938,"href":"https:\/\/www.biotope-editions.fr\/en\/wp-json\/wp\/v2\/sr_playlist\/20723\/revisions\/20938"}],"wp:featuredmedia":[{"embeddable":true,"href":"https:\/\/www.biotope-editions.fr\/en\/wp-json\/wp\/v2\/media\/20627"}],"wp:attachment":[{"href":"https:\/\/www.biotope-editions.fr\/en\/wp-json\/wp\/v2\/media?parent=20723"}],"wp:term":[{"taxonomy":"playlist-category","embeddable":true,"href":"https:\/\/www.biotope-editions.fr\/en\/wp-json\/wp\/v2\/playlist-category?post=20723"},{"taxonomy":"playlist-tag","embeddable":true,"href":"https:\/\/www.biotope-editions.fr\/en\/wp-json\/wp\/v2\/playlist-tag?post=20723"}],"curies":[{"name":"wp","href":"https:\/\/api.w.org\/{rel}","templated":true}]}}