{"id":20330,"date":"2025-07-15T15:59:54","date_gmt":"2025-07-15T13:59:54","guid":{"rendered":"https:\/\/www.biotope-editions.fr\/?post_type=sr_playlist&#038;p=20330"},"modified":"2025-08-01T11:27:54","modified_gmt":"2025-08-01T09:27:54","slug":"rhacocleis-germanica","status":"publish","type":"sr_playlist","link":"https:\/\/www.biotope-editions.fr\/en\/album\/rhacocleis-germanica\/","title":{"rendered":"Rhacocleis germanica"},"content":{"rendered":"<div data-elementor-type=\"wp-post\" data-elementor-id=\"20330\" class=\"elementor elementor-20330\" data-elementor-post-type=\"sr_playlist\">\n\t\t\t\t\t\t<section class=\"elementor-section elementor-top-section elementor-element elementor-element-56ee425 elementor-section-height-min-height elementor-section-content-middle elementor-section-boxed elementor-section-height-default elementor-section-items-middle\" data-id=\"56ee425\" data-element_type=\"section\" data-e-type=\"section\" data-settings=\"{&quot;background_background&quot;:&quot;classic&quot;}\">\n\t\t\t\t\t\t\t<div class=\"elementor-background-overlay\"><\/div>\n\t\t\t\t\t\t\t<div class=\"elementor-container elementor-column-gap-no\">\n\t\t\t\t\t<div class=\"elementor-column elementor-col-100 elementor-top-column elementor-element elementor-element-1140044\" data-id=\"1140044\" data-element_type=\"column\" data-e-type=\"column\">\n\t\t\t<div class=\"elementor-widget-wrap elementor-element-populated\">\n\t\t\t\t\t\t<div class=\"elementor-element elementor-element-b0b0fe5 elementor-widget elementor-widget-heading\" data-id=\"b0b0fe5\" data-element_type=\"widget\" data-e-type=\"widget\" data-widget_type=\"heading.default\">\n\t\t\t\t<div class=\"elementor-widget-container\">\n\t\t\t\t\t<h1 class=\"elementor-heading-title elementor-size-default\">Rhacocleis germanica (Herrich-Sch\u00e4ffer, 1840)<\/h1>\t\t\t\t<\/div>\n\t\t\t\t<\/div>\n\t\t\t\t<div class=\"elementor-element elementor-element-da7ae0e elementor-widget elementor-widget-heading\" data-id=\"da7ae0e\" data-element_type=\"widget\" data-e-type=\"widget\" data-widget_type=\"heading.default\">\n\t\t\t\t<div class=\"elementor-widget-container\">\n\t\t\t\t\t<h1 class=\"elementor-heading-title elementor-size-default\">La Sauterelle m\u00e9ridionale \u2013 La Decticelle orientale<\/h1>\t\t\t\t<\/div>\n\t\t\t\t<\/div>\n\t\t\t\t<div class=\"elementor-element elementor-element-19a689a elementor-widget-divider--view-line elementor-widget elementor-widget-divider\" data-id=\"19a689a\" data-element_type=\"widget\" data-e-type=\"widget\" data-widget_type=\"divider.default\">\n\t\t\t\t<div class=\"elementor-widget-container\">\n\t\t\t\t\t\t\t<div class=\"elementor-divider\">\n\t\t\t<span class=\"elementor-divider-separator\">\n\t\t\t\t\t\t<\/span>\n\t\t<\/div>\n\t\t\t\t\t\t<\/div>\n\t\t\t\t<\/div>\n\t\t\t\t<div class=\"elementor-element elementor-element-f52d996 elementor-widget__width-inherit elementor-widget elementor-widget-text-editor\" data-id=\"f52d996\" data-element_type=\"widget\" data-e-type=\"widget\" data-widget_type=\"text-editor.default\">\n\t\t\t\t<div class=\"elementor-widget-container\">\n\t\t\t\t\t\t\t\t\t<p>R\u00e9f\u00e9rence : <a href=\"https:\/\/www.biotope-editions.fr\/en\/product\/acoustiquesauterelles\/\"><em>L\u2019acoustique des sauterelles, grillons et courtili\u00e8re de France, Belgique, Luxembourg et Suisse<\/em><\/a> de Julien Barataud, 2025 des \u00c9ditions Biotope.<\/p>\t\t\t\t\t\t\t\t<\/div>\n\t\t\t\t<\/div>\n\t\t\t\t<div class=\"elementor-element elementor-element-2e6f1de elementor-align-left elementor-widget elementor-widget-button\" data-id=\"2e6f1de\" data-element_type=\"widget\" data-e-type=\"widget\" data-widget_type=\"button.default\">\n\t\t\t\t<div class=\"elementor-widget-container\">\n\t\t\t\t\t\t\t\t\t<div class=\"elementor-button-wrapper\">\n\t\t\t\t\t<a class=\"elementor-button elementor-button-link elementor-size-sm\" href=\"https:\/\/www.biotope-editions.fr\/en\/fichiers-sons-acoustique-sauterelles-grillons-et-courtilieres-fbls\/\">\n\t\t\t\t\t\t<span class=\"elementor-button-content-wrapper\">\n\t\t\t\t\t\t\t\t\t<span class=\"elementor-button-text\">Annexe num\u00e9rique du livre<\/span>\n\t\t\t\t\t<\/span>\n\t\t\t\t\t<\/a>\n\t\t\t\t<\/div>\n\t\t\t\t\t\t\t\t<\/div>\n\t\t\t\t<\/div>\n\t\t\t\t\t<\/div>\n\t\t<\/div>\n\t\t\t\t\t<\/div>\n\t\t<\/section>\n\t\t<div class=\"elementor-element elementor-element-246fa28 e-flex e-con-boxed e-con e-parent\" data-id=\"246fa28\" data-element_type=\"container\" data-e-type=\"container\">\n\t\t\t\t\t<div class=\"e-con-inner\">\n\t\t\t\t<div class=\"elementor-element elementor-element-7589865 elementor-widget elementor-widget-spacer\" data-id=\"7589865\" data-element_type=\"widget\" data-e-type=\"widget\" data-widget_type=\"spacer.default\">\n\t\t\t\t<div class=\"elementor-widget-container\">\n\t\t\t\t\t\t\t<div class=\"elementor-spacer\">\n\t\t\t<div class=\"elementor-spacer-inner\"><\/div>\n\t\t<\/div>\n\t\t\t\t\t\t<\/div>\n\t\t\t\t<\/div>\n\t\t\t\t\t<\/div>\n\t\t\t\t<\/div>\n\t\t<div class=\"elementor-element elementor-element-8f41a02 e-flex e-con-boxed e-con e-parent\" data-id=\"8f41a02\" data-element_type=\"container\" data-e-type=\"container\">\n\t\t\t\t\t<div class=\"e-con-inner\">\n\t\t\t\t<div class=\"elementor-element elementor-element-8d3e290 elementor-widget elementor-widget-post-navigation\" data-id=\"8d3e290\" data-element_type=\"widget\" data-e-type=\"widget\" data-widget_type=\"post-navigation.default\">\n\t\t\t\t<div class=\"elementor-widget-container\">\n\t\t\t\t\t\t\t<div class=\"elementor-post-navigation\" role=\"navigation\" aria-label=\"Post Navigation\">\n\t\t\t<div class=\"elementor-post-navigation__prev elementor-post-navigation__link\">\n\t\t\t\t<a href=\"https:\/\/www.biotope-editions.fr\/en\/album\/antaxius-spinibrachius\/\" rel=\"prev\"><span class=\"post-navigation__arrow-wrapper post-navigation__arrow-prev\"><svg aria-hidden=\"true\" class=\"e-font-icon-svg e-fas-arrow-alt-circle-left\" viewbox=\"0 0 512 512\" xmlns=\"http:\/\/www.w3.org\/2000\/svg\"><path d=\"M256 504C119 504 8 393 8 256S119 8 256 8s248 111 248 248-111 248-248 248zm116-292H256v-70.9c0-10.7-13-16.1-20.5-8.5L121.2 247.5c-4.7 4.7-4.7 12.2 0 16.9l114.3 114.9c7.6 7.6 20.5 2.2 20.5-8.5V300h116c6.6 0 12-5.4 12-12v-64c0-6.6-5.4-12-12-12z\"><\/path><\/svg><span class=\"elementor-screen-only\">Prev<\/span><\/span><span class=\"elementor-post-navigation__link__prev\"><span class=\"post-navigation__prev--title\">Antaxius spinibrachius<\/span><\/span><\/a>\t\t\t<\/div>\n\t\t\t\t\t\t<div class=\"elementor-post-navigation__next elementor-post-navigation__link\">\n\t\t\t\t<a href=\"https:\/\/www.biotope-editions.fr\/en\/album\/rhacocleis-corsicana\/\" rel=\"next\"><span class=\"elementor-post-navigation__link__next\"><span class=\"post-navigation__next--title\">Rhacocleis corsicana<\/span><\/span><span class=\"post-navigation__arrow-wrapper post-navigation__arrow-next\"><svg aria-hidden=\"true\" class=\"e-font-icon-svg e-fas-arrow-alt-circle-right\" viewbox=\"0 0 512 512\" xmlns=\"http:\/\/www.w3.org\/2000\/svg\"><path d=\"M256 8c137 0 248 111 248 248S393 504 256 504 8 393 8 256 119 8 256 8zM140 300h116v70.9c0 10.7 13 16.1 20.5 8.5l114.3-114.9c4.7-4.7 4.7-12.2 0-16.9l-114.3-115c-7.6-7.6-20.5-2.2-20.5 8.5V212H140c-6.6 0-12 5.4-12 12v64c0 6.6 5.4 12 12 12z\"><\/path><\/svg><span class=\"elementor-screen-only\">Next<\/span><\/span><\/a>\t\t\t<\/div>\n\t\t<\/div>\n\t\t\t\t\t\t<\/div>\n\t\t\t\t<\/div>\n\t\t\t\t\t<\/div>\n\t\t\t\t<\/div>\n\t\t<div class=\"elementor-element elementor-element-734538c e-flex e-con-boxed e-con e-parent\" data-id=\"734538c\" data-element_type=\"container\" data-e-type=\"container\">\n\t\t\t\t\t<div class=\"e-con-inner\">\n\t\t\t\t<div class=\"elementor-element elementor-element-8fe139d elementor-widget__width-inherit sr_track_inline_cta_bt__yes elementor-widget elementor-widget-music-player\" data-id=\"8fe139d\" data-element_type=\"widget\" data-e-type=\"widget\" data-widget_type=\"music-player.default\">\n\t\t\t\t<div class=\"elementor-widget-container\">\n\t\t\t\t\t<article id=\"arbitrary-instance-69f18bcd40950\" class=\"iron_widget_radio playlist_enabled\"><div class=\"iron-audioplayer  show-playlist show-trackartwork srp_hide_player srp_noLoopTracklist srp_tracklist_play_cover\" id=\"arbitrary-instance-69f18bcd40950-7db9197e86\" data-id=\"arbitrary-instance-69f18bcd40950\" data-track-sw-cursor=\"1\" data-lazyload=\"\" data-albums=\"20330\" data-category=\"\" data-url-playlist=\"https:\/\/www.biotope-editions.fr\/en\/?load=playlist.json&#038;title=&#038;albums=20330&#038;category=&#038;posts_not_in=&#038;category_not_in=&#038;author=&#038;feed_title=&#038;feed=&#038;feed_img=&#038;el_widget_id=&#038;artwork=&#038;posts_per_pages=-1&#038;all_category=&#038;single_playlist=&#038;reverse_tracklist=&#038;audio_meta_field=&#038;repeater_meta_field=&#038;import_file=&#038;rss_items=-1&#038;rss_item_title=&#038;is_favorite=&#038;is_recentlyplayed=&#038;srp_order=title_ASC\" data-sticky-player=\"\" data-shuffle=\"false\" data-playlist_title=\"\" data-scrollbar=\"\" data-wave-color=\"\" data-wave-progress-color=\"\" data-spectro=\"\" data-no-wave=\"1\" data-hide-progressbar=\"\" data-progress-bar-style=\"\"data-feedurl=\"0\" data-notrackskip=\"on\" data-no-loop-tracklist=\"on\" data-playertemplate =\"skin_boxed_tracklist\" data-hide-artwork =\"\" data-speedrate=\"1\"  data-tracks-per-page=\"\" data-pagination_scroll_offset=\"\" data-adaptive-colors=\"\" data-adaptive-colors-freeze=\"\" data-tracklist-soundwave-style=\"mediaElement\" style=\"opacity:0;\"><div class=\"srp_player_boxed srp_player_grid\"><div class=\"sonaar-Artwort-box\">\n                <div class=\"control\">\n                    \n                <\/div>\n                <div class=\"album\">\n                    <div class=\"album-art\">\n                        <img alt=\"album-art\">\n                    <\/div>\n                <\/div>\n                <\/div><div class=\"album-player sr_waveform_mediaElement\"><div class=\"srp_miniplayer_metas\"><div class=\"srp_meta srp_meta_0 album-title\" data-prefix=\"\" aria-label=\"Title\"><\/div><\/div><div class=\"srp_subtitle\">La Sauterelle m\u00e9ridionale \u2013 La Decticelle orientale<\/div><div class=\"srp_player_meta\"><\/div><div class=\"srp_control_box\">\n            <div role=\"button\" tabindex=\"0\" class=\"srp-play-button play\" href=\"#\" aria-label=\"Play\">\n                <i class=\"sricon-play\"><\/i>\n                <div class=\"srp-play-circle\"><\/div>\n            <\/div><div class=\"srp_wave_box\"> <div class=\"player\" ><div class=\"sr_progressbar\">\n                \n            <div class=\"currentTime\">00:00<\/div>\n         \n                <div id=\"arbitrary-instance-69f18bcd40950-49316d8bc2-wave\" class=\"wave\" >\n                 \n        <div class=\"sonaar_fake_wave\" style=\"height:70px\"> \n            <audio src=\"\" class=\"sonaar_media_element\"><\/audio> \n            <div class=\"sonaar_wave_base\"> \n                <canvas id=\"sonaar_wave_base_canvas\" class=\"\" height=\"70\" width=\"2540\"><\/canvas> \n                <svg><\/svg> \n            <\/div> \n            <div class=\"sonaar_wave_cut\"> \n                <canvas id=\"sonaar_wave_cut_canvas\" class=\"\" height=\"70\" width=\"2540\"><\/canvas> \n                <svg><\/svg> \n            <\/div> \n        <\/div> \n                <\/div>\n                \n            <div class=\"totalTime\"><\/div>\n         \n             <\/div><\/div><div class=\"control\"><div role=\"button\" tabindex=\"0\" class=\"previous sricon-back\" style=\"opacity:0;\" aria-label=\"Previous Track\" title=\"Previous\"><\/div><div role=\"button\" tabindex=\"0\" class=\"play\" style=\"opacity:0;\" aria-label=\"Play\" title=\"Play\/Pause\">\n                <i class=\"sricon-play\"><\/i>\n            <\/div><div role=\"button\" tabindex=\"0\" class=\"next sricon-forward\" style=\"opacity:0;\" aria-label=\"Next Track\" title=\"Next\"><\/div><\/div><\/div><\/div><\/div><\/div><div class=\"playlist sr_waveform_mediaElement srp_tracklist_waveform_enabled\"  id=\"playlist_arbitrary-instance-69f18bcd40950\"><div class=\"srp_search_main\"><div class=\"srp_search_container\" style=\"display:flex;\" data-metakey=\"search\" data-label=\"Rechercher\"><i class=\"fas fa-search\"><\/i><input class=\"srp_search\" enterkeyhint=\"done\" placeholder=\"Rechercher\" \\><i class=\"srp_reset_search sricon-close-circle\" style=\"display:none;\"><\/i><\/div><\/div><div class=\"srp_tracklist\"><div class=\"srp_notfound\"><div class=\"srp_notfound--title\">Sorry, no results.<\/div><div class=\"srp_notfound--subtitle\">Please try another keyword<\/div><\/div><ul class=\"srp_list\" data-filters=\"playlist-category,playlist-tag\"><li \n            class=\"sr-playlist-item\" \n            data-audiopath=\"https:\/\/www.biotope-editions.fr\/wp-content\/uploads\/audio\/acoustique_sauterelles\/Ch5_Monographies\/75_Rhacocleis_germanica\/Sons\/Fig1_Exp_R-germanica-n13_capt-Casalabriva-2A_2020-08-31_23_23_57_M00040++.wav\"\n            data-showloading=\"1\"\n            data-albumtitle=\"Rhacocleis germanica\"\n            data-albumart=\"https:\/\/www.biotope-editions.fr\/wp-content\/uploads\/2025\/07\/Fig1_R-germanica-n13_capt-Casalabriva-2A_2020-08-31_23_23_57_M00040-1024x310.jpg\"\n            data-releasedate=\"La Sauterelle m\u00e9ridionale \u2013 La Decticelle orientale\"\n            data-date=\"2025\/07\/15\"\n            data-date-formated=\"15 July 2025\"\n            data-show-date=\"\"\n            data-tracktitle=\"Expansion de temps\"\n            data-artist=\"\"\n            data-trackid=\"\"\n            data-tracktime=\"\"\n            data-relatedtrack=\"\"\n            data-post-url=\"\"\n            data-post-id=\"20330\"\n            data-track-pos=\"0\"\n            data-peakfile=\"\"\n            data-peakfile-allow=\"\"\n            data-is-preview=\"\"\n            data-track-lyric=\"\" data-icecast_json=\"\" data-icecast_mount=\"\" data-optional_poster=\"true\"><div class=\"sr-playlist-item-flex\"><div class=\"srp_soundwave_wrapper\"> \n        <div class=\"sonaar_fake_wave\" style=\"height:70px\"> \n            <audio src=\"\" class=\"sonaar_media_element\"><\/audio> \n            <div class=\"sonaar_wave_base\"> \n                <canvas id=\"sonaar_wave_base_canvas\" class=\"\" height=\"70\" width=\"2540\"><\/canvas> \n                <svg><\/svg> \n            <\/div> \n            <div class=\"sonaar_wave_cut\"> \n                <canvas id=\"sonaar_wave_cut_canvas\" class=\"\" height=\"70\" width=\"2540\"><\/canvas> \n                <svg><\/svg> \n            <\/div> \n        <\/div><\/div><div class=\"sr_track_cover\"><div class=\"srp_play\"><i class=\"sricon-play\"><\/i><\/div><img src=\"https:\/\/www.biotope-editions.fr\/wp-content\/uploads\/2025\/07\/Fig1_R-germanica-n13_capt-Casalabriva-2A_2020-08-31_23_23_57_M00040.jpg\" alt=\"track-artwork\" \/><\/div><span class=\"store-list\"><div class=\"song-store-list-menu\"><i class=\"fas fa-ellipsis-v\"><\/i><div class=\"song-store-list-container\"><a href=\"https:\/\/www.biotope-editions.fr\/wp-content\/uploads\/audio\/acoustique_sauterelles\/Ch5_Monographies\/75_Rhacocleis_germanica\/Sons\/Fig1_Exp_R-germanica-n13_capt-Casalabriva-2A_2020-08-31_23_23_57_M00040++.wav\" download class=\"song-store sr_store_force_dl_bt\" target=\"_self\" title=\"Download\" aria-label=\"Download\" data-source-post-id=\"20330\" data-store-id=\"0-0\"  tabindex=\"1\"><i class=\"fas fa-download\"><\/i><\/a><\/div><\/div><\/span><div class=\"srp_cf_output\" style=\"display:none;\"><div class=\"srp_cf_data sr-playlist-cf--playlist-category\">Chapitre 5 - Acoustique Sauterelles<\/div><div class=\"srp_cf_data sr-playlist-cf--playlist-tag\">Insectes, Sauterelles<\/div><\/div><\/div><div class=\"srp_track_description\">Figure 1 : Chant d\u2019appel de Rhacocleis germanica avec un rythme lent par une nuit fraiche et 2 m\u00e2les stridulant en alternance \u2013 Individus en captivit\u00e9 en provenance de Casalabriva (FR-2A) \u2013 31\/08\/2020 \u2013 chant nocturne 13\u00b0C.<\/div><\/li><li \n            class=\"sr-playlist-item\" \n            data-audiopath=\"https:\/\/www.biotope-editions.fr\/wp-content\/uploads\/audio\/acoustique_sauterelles\/Ch5_Monographies\/75_Rhacocleis_germanica\/Sons\/Fig1_Het_R-germanica-n13_capt-Casalabriva-2A_2020-08-31_23_23_57_M00040++2ind.wav\"\n            data-showloading=\"1\"\n            data-albumtitle=\"Rhacocleis germanica\"\n            data-albumart=\"https:\/\/www.biotope-editions.fr\/wp-content\/uploads\/2025\/07\/Fig1_R-germanica-n13_capt-Casalabriva-2A_2020-08-31_23_23_57_M00040-1024x310.jpg\"\n            data-releasedate=\"La Sauterelle m\u00e9ridionale \u2013 La Decticelle orientale\"\n            data-date=\"2025\/07\/15\"\n            data-date-formated=\"15 July 2025\"\n            data-show-date=\"\"\n            data-tracktitle=\"H\u00e9t\u00e9rodyne\"\n            data-artist=\"\"\n            data-trackid=\"\"\n            data-tracktime=\"\"\n            data-relatedtrack=\"\"\n            data-post-url=\"\"\n            data-post-id=\"20330\"\n            data-track-pos=\"1\"\n            data-peakfile=\"\"\n            data-peakfile-allow=\"\"\n            data-is-preview=\"\"\n            data-track-lyric=\"\" data-icecast_json=\"\" data-icecast_mount=\"\" data-optional_poster=\"true\"><div class=\"sr-playlist-item-flex\"><div class=\"srp_soundwave_wrapper\"> \n        <div class=\"sonaar_fake_wave\" style=\"height:70px\"> \n            <audio src=\"\" class=\"sonaar_media_element\"><\/audio> \n            <div class=\"sonaar_wave_base\"> \n                <canvas id=\"sonaar_wave_base_canvas\" class=\"\" height=\"70\" width=\"2540\"><\/canvas> \n                <svg><\/svg> \n            <\/div> \n            <div class=\"sonaar_wave_cut\"> \n                <canvas id=\"sonaar_wave_cut_canvas\" class=\"\" height=\"70\" width=\"2540\"><\/canvas> \n                <svg><\/svg> \n            <\/div> \n        <\/div><\/div><div class=\"sr_track_cover\"><div class=\"srp_play\"><i class=\"sricon-play\"><\/i><\/div><img src=\"https:\/\/www.biotope-editions.fr\/wp-content\/uploads\/2025\/07\/Fig1_R-germanica-n13_capt-Casalabriva-2A_2020-08-31_23_23_57_M00040.jpg\" alt=\"track-artwork\" \/><\/div><span class=\"store-list\"><div class=\"song-store-list-menu\"><i class=\"fas fa-ellipsis-v\"><\/i><div class=\"song-store-list-container\"><a href=\"https:\/\/www.biotope-editions.fr\/wp-content\/uploads\/audio\/acoustique_sauterelles\/Ch5_Monographies\/75_Rhacocleis_germanica\/Sons\/Fig1_Het_R-germanica-n13_capt-Casalabriva-2A_2020-08-31_23_23_57_M00040++2ind.wav\" download class=\"song-store sr_store_force_dl_bt\" target=\"_self\" title=\"Download\" aria-label=\"Download\" data-source-post-id=\"20330\" data-store-id=\"1-0\"  tabindex=\"1\"><i class=\"fas fa-download\"><\/i><\/a><\/div><\/div><\/span><div class=\"srp_cf_output\" style=\"display:none;\"><div class=\"srp_cf_data sr-playlist-cf--playlist-category\">Chapitre 5 - Acoustique Sauterelles<\/div><div class=\"srp_cf_data sr-playlist-cf--playlist-tag\">Insectes, Sauterelles<\/div><\/div><\/div><div class=\"srp_track_description\">Figure 1 : Chant d\u2019appel de Rhacocleis germanica avec un rythme lent par une nuit fraiche et 2 m\u00e2les stridulant en alternance \u2013 Individus en captivit\u00e9 en provenance de Casalabriva (FR-2A) \u2013 31\/08\/2020 \u2013 chant nocturne 13\u00b0C.<\/div><\/li><li \n            class=\"sr-playlist-item\" \n            data-audiopath=\"https:\/\/www.biotope-editions.fr\/wp-content\/uploads\/audio\/acoustique_sauterelles\/Ch5_Monographies\/75_Rhacocleis_germanica\/Sons\/Fig2_Exp_R-germanica-n24_Tarascon-13_2019-08-30_21_50_45_M00109++.wav\"\n            data-showloading=\"1\"\n            data-albumtitle=\"Rhacocleis germanica\"\n            data-albumart=\"https:\/\/www.biotope-editions.fr\/wp-content\/uploads\/2025\/07\/Fig2_R-germanica-n24_Tarascon-13_2019-08-30_21_50_45_M00109-1024x310.jpg\"\n            data-releasedate=\"La Sauterelle m\u00e9ridionale \u2013 La Decticelle orientale\"\n            data-date=\"2025\/07\/15\"\n            data-date-formated=\"15 July 2025\"\n            data-show-date=\"\"\n            data-tracktitle=\"Expansion de temps\"\n            data-artist=\"\"\n            data-trackid=\"\"\n            data-tracktime=\"\"\n            data-relatedtrack=\"\"\n            data-post-url=\"\"\n            data-post-id=\"20330\"\n            data-track-pos=\"2\"\n            data-peakfile=\"\"\n            data-peakfile-allow=\"\"\n            data-is-preview=\"\"\n            data-track-lyric=\"\" data-icecast_json=\"\" data-icecast_mount=\"\" data-optional_poster=\"true\"><div class=\"sr-playlist-item-flex\"><div class=\"srp_soundwave_wrapper\"> \n        <div class=\"sonaar_fake_wave\" style=\"height:70px\"> \n            <audio src=\"\" class=\"sonaar_media_element\"><\/audio> \n            <div class=\"sonaar_wave_base\"> \n                <canvas id=\"sonaar_wave_base_canvas\" class=\"\" height=\"70\" width=\"2540\"><\/canvas> \n                <svg><\/svg> \n            <\/div> \n            <div class=\"sonaar_wave_cut\"> \n                <canvas id=\"sonaar_wave_cut_canvas\" class=\"\" height=\"70\" width=\"2540\"><\/canvas> \n                <svg><\/svg> \n            <\/div> \n        <\/div><\/div><div class=\"sr_track_cover\"><div class=\"srp_play\"><i class=\"sricon-play\"><\/i><\/div><img src=\"https:\/\/www.biotope-editions.fr\/wp-content\/uploads\/2025\/07\/Fig2_R-germanica-n24_Tarascon-13_2019-08-30_21_50_45_M00109.jpg\" alt=\"track-artwork\" \/><\/div><span class=\"store-list\"><div class=\"song-store-list-menu\"><i class=\"fas fa-ellipsis-v\"><\/i><div class=\"song-store-list-container\"><a href=\"https:\/\/www.biotope-editions.fr\/wp-content\/uploads\/audio\/acoustique_sauterelles\/Ch5_Monographies\/75_Rhacocleis_germanica\/Sons\/Fig2_Exp_R-germanica-n24_Tarascon-13_2019-08-30_21_50_45_M00109++.wav\" download class=\"song-store sr_store_force_dl_bt\" target=\"_self\" title=\"Download\" aria-label=\"Download\" data-source-post-id=\"20330\" data-store-id=\"2-0\"  tabindex=\"1\"><i class=\"fas fa-download\"><\/i><\/a><\/div><\/div><\/span><div class=\"srp_cf_output\" style=\"display:none;\"><div class=\"srp_cf_data sr-playlist-cf--playlist-category\">Chapitre 5 - Acoustique Sauterelles<\/div><div class=\"srp_cf_data sr-playlist-cf--playlist-tag\">Insectes, Sauterelles<\/div><\/div><\/div><div class=\"srp_track_description\">Figure 2 : Chant d\u2019appel d\u2019un m\u00e2le de Rhacocleis germanica avec un rythme rapide par temp\u00e9rature plus \u00e9lev\u00e9e et des phrases tr\u00e8s espac\u00e9es les unes des autres \u2013 Tarascon (FR-13) \u2013 30\/08\/2019 \u2013 chant nocturne 24\u00b0C.<\/div><\/li><li \n            class=\"sr-playlist-item\" \n            data-audiopath=\"https:\/\/www.biotope-editions.fr\/wp-content\/uploads\/audio\/acoustique_sauterelles\/Ch5_Monographies\/75_Rhacocleis_germanica\/Sons\/Fig2_Het_R-germanica-n24_Tarascon-13_2019-08-30_21_50_45_M00109++.wav\"\n            data-showloading=\"1\"\n            data-albumtitle=\"Rhacocleis germanica\"\n            data-albumart=\"https:\/\/www.biotope-editions.fr\/wp-content\/uploads\/2025\/07\/Fig2_R-germanica-n24_Tarascon-13_2019-08-30_21_50_45_M00109-1024x310.jpg\"\n            data-releasedate=\"La Sauterelle m\u00e9ridionale \u2013 La Decticelle orientale\"\n            data-date=\"2025\/07\/15\"\n            data-date-formated=\"15 July 2025\"\n            data-show-date=\"\"\n            data-tracktitle=\"H\u00e9t\u00e9rodyne\"\n            data-artist=\"\"\n            data-trackid=\"\"\n            data-tracktime=\"\"\n            data-relatedtrack=\"\"\n            data-post-url=\"\"\n            data-post-id=\"20330\"\n            data-track-pos=\"3\"\n            data-peakfile=\"\"\n            data-peakfile-allow=\"\"\n            data-is-preview=\"\"\n            data-track-lyric=\"\" data-icecast_json=\"\" data-icecast_mount=\"\" data-optional_poster=\"true\"><div class=\"sr-playlist-item-flex\"><div class=\"srp_soundwave_wrapper\"> \n        <div class=\"sonaar_fake_wave\" style=\"height:70px\"> \n            <audio src=\"\" class=\"sonaar_media_element\"><\/audio> \n            <div class=\"sonaar_wave_base\"> \n                <canvas id=\"sonaar_wave_base_canvas\" class=\"\" height=\"70\" width=\"2540\"><\/canvas> \n                <svg><\/svg> \n            <\/div> \n            <div class=\"sonaar_wave_cut\"> \n                <canvas id=\"sonaar_wave_cut_canvas\" class=\"\" height=\"70\" width=\"2540\"><\/canvas> \n                <svg><\/svg> \n            <\/div> \n        <\/div><\/div><div class=\"sr_track_cover\"><div class=\"srp_play\"><i class=\"sricon-play\"><\/i><\/div><img src=\"https:\/\/www.biotope-editions.fr\/wp-content\/uploads\/2025\/07\/Fig2_R-germanica-n24_Tarascon-13_2019-08-30_21_50_45_M00109.jpg\" alt=\"track-artwork\" \/><\/div><span class=\"store-list\"><div class=\"song-store-list-menu\"><i class=\"fas fa-ellipsis-v\"><\/i><div class=\"song-store-list-container\"><a href=\"https:\/\/www.biotope-editions.fr\/wp-content\/uploads\/audio\/acoustique_sauterelles\/Ch5_Monographies\/75_Rhacocleis_germanica\/Sons\/Fig2_Het_R-germanica-n24_Tarascon-13_2019-08-30_21_50_45_M00109++.wav\" download class=\"song-store sr_store_force_dl_bt\" target=\"_self\" title=\"Download\" aria-label=\"Download\" data-source-post-id=\"20330\" data-store-id=\"3-0\"  tabindex=\"1\"><i class=\"fas fa-download\"><\/i><\/a><\/div><\/div><\/span><div class=\"srp_cf_output\" style=\"display:none;\"><div class=\"srp_cf_data sr-playlist-cf--playlist-category\">Chapitre 5 - Acoustique Sauterelles<\/div><div class=\"srp_cf_data sr-playlist-cf--playlist-tag\">Insectes, Sauterelles<\/div><\/div><\/div><div class=\"srp_track_description\">Figure 2 : Chant d\u2019appel d\u2019un m\u00e2le de Rhacocleis germanica avec un rythme rapide par temp\u00e9rature plus \u00e9lev\u00e9e et des phrases tr\u00e8s espac\u00e9es les unes des autres \u2013 Tarascon (FR-13) \u2013 30\/08\/2019 \u2013 chant nocturne 24\u00b0C.<\/div><\/li><li \n            class=\"sr-playlist-item\" \n            data-audiopath=\"https:\/\/www.biotope-editions.fr\/wp-content\/uploads\/audio\/acoustique_sauterelles\/Ch5_Monographies\/75_Rhacocleis_germanica\/Sons\/Fig3_Exp_R-germanica-n22_capt-Tarascon-13_2019-09-01_23_22_33_M00024+rythme-rapide.wav\"\n            data-showloading=\"1\"\n            data-albumtitle=\"Rhacocleis germanica\"\n            data-albumart=\"https:\/\/www.biotope-editions.fr\/wp-content\/uploads\/2025\/07\/Fig3_R-germanica-n22_capt-Tarascon-13_2019-09-01_23_22_33_M00024rythme-rapide-1024x310.jpg\"\n            data-releasedate=\"La Sauterelle m\u00e9ridionale \u2013 La Decticelle orientale\"\n            data-date=\"2025\/07\/15\"\n            data-date-formated=\"15 July 2025\"\n            data-show-date=\"\"\n            data-tracktitle=\"Expansion de temps\"\n            data-artist=\"\"\n            data-trackid=\"\"\n            data-tracktime=\"\"\n            data-relatedtrack=\"\"\n            data-post-url=\"\"\n            data-post-id=\"20330\"\n            data-track-pos=\"4\"\n            data-peakfile=\"\"\n            data-peakfile-allow=\"\"\n            data-is-preview=\"\"\n            data-track-lyric=\"\" data-icecast_json=\"\" data-icecast_mount=\"\" data-optional_poster=\"true\"><div class=\"sr-playlist-item-flex\"><div class=\"srp_soundwave_wrapper\"> \n        <div class=\"sonaar_fake_wave\" style=\"height:70px\"> \n            <audio src=\"\" class=\"sonaar_media_element\"><\/audio> \n            <div class=\"sonaar_wave_base\"> \n                <canvas id=\"sonaar_wave_base_canvas\" class=\"\" height=\"70\" width=\"2540\"><\/canvas> \n                <svg><\/svg> \n            <\/div> \n            <div class=\"sonaar_wave_cut\"> \n                <canvas id=\"sonaar_wave_cut_canvas\" class=\"\" height=\"70\" width=\"2540\"><\/canvas> \n                <svg><\/svg> \n            <\/div> \n        <\/div><\/div><div class=\"sr_track_cover\"><div class=\"srp_play\"><i class=\"sricon-play\"><\/i><\/div><img src=\"https:\/\/www.biotope-editions.fr\/wp-content\/uploads\/2025\/07\/Fig3_R-germanica-n22_capt-Tarascon-13_2019-09-01_23_22_33_M00024rythme-rapide.jpg\" alt=\"track-artwork\" \/><\/div><span class=\"store-list\"><div class=\"song-store-list-menu\"><i class=\"fas fa-ellipsis-v\"><\/i><div class=\"song-store-list-container\"><a href=\"https:\/\/www.biotope-editions.fr\/wp-content\/uploads\/audio\/acoustique_sauterelles\/Ch5_Monographies\/75_Rhacocleis_germanica\/Sons\/Fig3_Exp_R-germanica-n22_capt-Tarascon-13_2019-09-01_23_22_33_M00024+rythme-rapide.wav\" download class=\"song-store sr_store_force_dl_bt\" target=\"_self\" title=\"Download\" aria-label=\"Download\" data-source-post-id=\"20330\" data-store-id=\"4-0\"  tabindex=\"1\"><i class=\"fas fa-download\"><\/i><\/a><\/div><\/div><\/span><div class=\"srp_cf_output\" style=\"display:none;\"><div class=\"srp_cf_data sr-playlist-cf--playlist-category\">Chapitre 5 - Acoustique Sauterelles<\/div><div class=\"srp_cf_data sr-playlist-cf--playlist-tag\">Insectes, Sauterelles<\/div><\/div><\/div><div class=\"srp_track_description\">Figure 3 : Chant d\u2019appel d\u2019un m\u00e2le de Rhacocleis germanica avec des phrases plus rapproch\u00e9es \u2013 Individu en captivit\u00e9 en provenance de Tarascon (FR-13) \u2013 01\/09\/2019 \u2013 chant nocturne 22\u00b0C.<\/div><\/li><li \n            class=\"sr-playlist-item\" \n            data-audiopath=\"https:\/\/www.biotope-editions.fr\/wp-content\/uploads\/audio\/acoustique_sauterelles\/Ch5_Monographies\/75_Rhacocleis_germanica\/Sons\/Fig3_Het_R-germanica-n22_capt-Tarascon-13_2019-09-01_23_22_33_M00024+rythme-rapide.wav\"\n            data-showloading=\"1\"\n            data-albumtitle=\"Rhacocleis germanica\"\n            data-albumart=\"https:\/\/www.biotope-editions.fr\/wp-content\/uploads\/2025\/07\/Fig3_R-germanica-n22_capt-Tarascon-13_2019-09-01_23_22_33_M00024rythme-rapide-1024x310.jpg\"\n            data-releasedate=\"La Sauterelle m\u00e9ridionale \u2013 La Decticelle orientale\"\n            data-date=\"2025\/07\/15\"\n            data-date-formated=\"15 July 2025\"\n            data-show-date=\"\"\n            data-tracktitle=\"H\u00e9t\u00e9rodyne\"\n            data-artist=\"\"\n            data-trackid=\"\"\n            data-tracktime=\"\"\n            data-relatedtrack=\"\"\n            data-post-url=\"\"\n            data-post-id=\"20330\"\n            data-track-pos=\"5\"\n            data-peakfile=\"\"\n            data-peakfile-allow=\"\"\n            data-is-preview=\"\"\n            data-track-lyric=\"\" data-icecast_json=\"\" data-icecast_mount=\"\" data-optional_poster=\"true\"><div class=\"sr-playlist-item-flex\"><div class=\"srp_soundwave_wrapper\"> \n        <div class=\"sonaar_fake_wave\" style=\"height:70px\"> \n            <audio src=\"\" class=\"sonaar_media_element\"><\/audio> \n            <div class=\"sonaar_wave_base\"> \n                <canvas id=\"sonaar_wave_base_canvas\" class=\"\" height=\"70\" width=\"2540\"><\/canvas> \n                <svg><\/svg> \n            <\/div> \n            <div class=\"sonaar_wave_cut\"> \n                <canvas id=\"sonaar_wave_cut_canvas\" class=\"\" height=\"70\" width=\"2540\"><\/canvas> \n                <svg><\/svg> \n            <\/div> \n        <\/div><\/div><div class=\"sr_track_cover\"><div class=\"srp_play\"><i class=\"sricon-play\"><\/i><\/div><img src=\"https:\/\/www.biotope-editions.fr\/wp-content\/uploads\/2025\/07\/Fig3_R-germanica-n22_capt-Tarascon-13_2019-09-01_23_22_33_M00024rythme-rapide.jpg\" alt=\"track-artwork\" \/><\/div><span class=\"store-list\"><div class=\"song-store-list-menu\"><i class=\"fas fa-ellipsis-v\"><\/i><div class=\"song-store-list-container\"><a href=\"https:\/\/www.biotope-editions.fr\/wp-content\/uploads\/audio\/acoustique_sauterelles\/Ch5_Monographies\/75_Rhacocleis_germanica\/Sons\/Fig3_Het_R-germanica-n22_capt-Tarascon-13_2019-09-01_23_22_33_M00024+rythme-rapide.wav\" download class=\"song-store sr_store_force_dl_bt\" target=\"_self\" title=\"Download\" aria-label=\"Download\" data-source-post-id=\"20330\" data-store-id=\"5-0\"  tabindex=\"1\"><i class=\"fas fa-download\"><\/i><\/a><\/div><\/div><\/span><div class=\"srp_cf_output\" style=\"display:none;\"><div class=\"srp_cf_data sr-playlist-cf--playlist-category\">Chapitre 5 - Acoustique Sauterelles<\/div><div class=\"srp_cf_data sr-playlist-cf--playlist-tag\">Insectes, Sauterelles<\/div><\/div><\/div><div class=\"srp_track_description\">Figure 3 : Chant d\u2019appel d\u2019un m\u00e2le de Rhacocleis germanica avec des phrases plus rapproch\u00e9es \u2013 Individu en captivit\u00e9 en provenance de Tarascon (FR-13) \u2013 01\/09\/2019 \u2013 chant nocturne 22\u00b0C.<\/div><\/li><li \n            class=\"sr-playlist-item\" \n            data-audiopath=\"https:\/\/www.biotope-editions.fr\/wp-content\/uploads\/audio\/acoustique_sauterelles\/Ch5_Monographies\/75_Rhacocleis_germanica\/Sons\/Fig4_Exp_Montage_confusions_exp_R-germanica-annulata.wav\"\n            data-showloading=\"1\"\n            data-albumtitle=\"Rhacocleis germanica\"\n            data-albumart=\"https:\/\/www.biotope-editions.fr\/wp-content\/uploads\/2025\/07\/Fig4_Montage_confusions_exp_R-germanica-annulata-1024x259.jpg\"\n            data-releasedate=\"La Sauterelle m\u00e9ridionale \u2013 La Decticelle orientale\"\n            data-date=\"2025\/07\/15\"\n            data-date-formated=\"15 July 2025\"\n            data-show-date=\"\"\n            data-tracktitle=\"Expansion de temps\"\n            data-artist=\"\"\n            data-trackid=\"\"\n            data-tracktime=\"\"\n            data-relatedtrack=\"\"\n            data-post-url=\"\"\n            data-post-id=\"20330\"\n            data-track-pos=\"6\"\n            data-peakfile=\"\"\n            data-peakfile-allow=\"\"\n            data-is-preview=\"\"\n            data-track-lyric=\"\" data-icecast_json=\"\" data-icecast_mount=\"\" data-optional_poster=\"true\"><div class=\"sr-playlist-item-flex\"><div class=\"srp_soundwave_wrapper\"> \n        <div class=\"sonaar_fake_wave\" style=\"height:70px\"> \n            <audio src=\"\" class=\"sonaar_media_element\"><\/audio> \n            <div class=\"sonaar_wave_base\"> \n                <canvas id=\"sonaar_wave_base_canvas\" class=\"\" height=\"70\" width=\"2540\"><\/canvas> \n                <svg><\/svg> \n            <\/div> \n            <div class=\"sonaar_wave_cut\"> \n                <canvas id=\"sonaar_wave_cut_canvas\" class=\"\" height=\"70\" width=\"2540\"><\/canvas> \n                <svg><\/svg> \n            <\/div> \n        <\/div><\/div><div class=\"sr_track_cover\"><div class=\"srp_play\"><i class=\"sricon-play\"><\/i><\/div><img src=\"https:\/\/www.biotope-editions.fr\/wp-content\/uploads\/2025\/07\/Fig4_Montage_confusions_exp_R-germanica-annulata.jpg\" alt=\"track-artwork\" \/><\/div><span class=\"store-list\"><div class=\"song-store-list-menu\"><i class=\"fas fa-ellipsis-v\"><\/i><div class=\"song-store-list-container\"><a href=\"https:\/\/www.biotope-editions.fr\/wp-content\/uploads\/audio\/acoustique_sauterelles\/Ch5_Monographies\/75_Rhacocleis_germanica\/Sons\/Fig4_Exp_Montage_confusions_exp_R-germanica-annulata.wav\" download class=\"song-store sr_store_force_dl_bt\" target=\"_self\" title=\"Download\" aria-label=\"Download\" data-source-post-id=\"20330\" data-store-id=\"6-0\"  tabindex=\"1\"><i class=\"fas fa-download\"><\/i><\/a><\/div><\/div><\/span><div class=\"srp_cf_output\" style=\"display:none;\"><div class=\"srp_cf_data sr-playlist-cf--playlist-category\">Chapitre 5 - Acoustique Sauterelles<\/div><div class=\"srp_cf_data sr-playlist-cf--playlist-tag\">Insectes, Sauterelles<\/div><\/div><\/div><div class=\"srp_track_description\">Figure 4 : Comparaison des chants d\u2019appel de Rhacocleis germanica et Rhacocleis annulata avec un zoom sur quelques cycles au sein d\u2019une phrase pour chacune des esp\u00e8ces.<\/div><\/li><li \n            class=\"sr-playlist-item\" \n            data-audiopath=\"https:\/\/www.biotope-editions.fr\/wp-content\/uploads\/audio\/acoustique_sauterelles\/Ch5_Monographies\/75_Rhacocleis_germanica\/Sons\/\"\n            data-showloading=\"1\"\n            data-albumtitle=\"Rhacocleis germanica\"\n            data-albumart=\"https:\/\/www.biotope-editions.fr\/wp-content\/uploads\/2025\/07\/01_Rhacocleis-germanica_capt-Casalabriva-2A_20200904-2-1024x768.jpg\"\n            data-releasedate=\"La Sauterelle m\u00e9ridionale \u2013 La Decticelle orientale\"\n            data-date=\"2025\/07\/15\"\n            data-date-formated=\"15 July 2025\"\n            data-show-date=\"\"\n            data-tracktitle=\"Track 1\"\n            data-artist=\"\"\n            data-trackid=\"\"\n            data-tracktime=\"\"\n            data-relatedtrack=\"\"\n            data-post-url=\"\"\n            data-post-id=\"20330\"\n            data-track-pos=\"7\"\n            data-peakfile=\"\"\n            data-peakfile-allow=\"\"\n            data-is-preview=\"\"\n            data-track-lyric=\"\" data-icecast_json=\"\" data-icecast_mount=\"\"><div class=\"sr-playlist-item-flex\"><div class=\"srp_soundwave_wrapper\"> \n        <div class=\"sonaar_fake_wave\" style=\"height:70px\"> \n            <audio src=\"\" class=\"sonaar_media_element\"><\/audio> \n            <div class=\"sonaar_wave_base\"> \n                <canvas id=\"sonaar_wave_base_canvas\" class=\"\" height=\"70\" width=\"2540\"><\/canvas> \n                <svg><\/svg> \n            <\/div> \n            <div class=\"sonaar_wave_cut\"> \n                <canvas id=\"sonaar_wave_cut_canvas\" class=\"\" height=\"70\" width=\"2540\"><\/canvas> \n                <svg><\/svg> \n            <\/div> \n        <\/div><\/div><div class=\"sr_track_cover\"><div class=\"srp_play\"><i class=\"sricon-play\"><\/i><\/div><img src=\"https:\/\/www.biotope-editions.fr\/wp-content\/uploads\/2025\/07\/01_Rhacocleis-germanica_capt-Casalabriva-2A_20200904-2.jpg\" alt=\"track-artwork\" \/><\/div><span class=\"store-list\"><div class=\"song-store-list-menu\"><i class=\"fas fa-ellipsis-v\"><\/i><div class=\"song-store-list-container\"><a href=\"https:\/\/www.biotope-editions.fr\/wp-content\/uploads\/audio\/acoustique_sauterelles\/Ch5_Monographies\/75_Rhacocleis_germanica\/Sons\/\" download class=\"song-store sr_store_force_dl_bt\" target=\"_self\" title=\"Download\" aria-label=\"Download\" data-source-post-id=\"20330\" data-store-id=\"7-0\"  tabindex=\"1\"><i class=\"fas fa-download\"><\/i><\/a><\/div><\/div><\/span><div class=\"srp_cf_output\" style=\"display:none;\"><div class=\"srp_cf_data sr-playlist-cf--playlist-category\">Chapitre 5 - Acoustique Sauterelles<\/div><div class=\"srp_cf_data sr-playlist-cf--playlist-tag\">Insectes, Sauterelles<\/div><\/div><\/div><div class=\"srp_track_description\"><\/div><\/li><\/ul><\/div><\/div><div class=\"album-store\"><\/div><\/div><script id=\"srp_js_params_69f18bcd40950\">\n        var srp_player_params_69f18bcd40950 = {\"title\":\"\",\"store_title_text\":\"\",\"albums\":\"20330\",\"hide_artwork\":\"false\",\"sticky_player\":\"\",\"show_album_market\":\"false\",\"show_track_market\":\"true\",\"hide_timeline\":\"true\",\"elementor\":\"true\",\"tracks_per_page\":\"\",\"titletag_soundwave\":\"\",\"titletag_playlist\":\"\",\"show_control_on_hover\":\"false\",\"show_playlist\":\"true\",\"reverse_tracklist\":\"\",\"wave_color\":\"\",\"wave_progress_color\":\"\",\"spectro\":\"\",\"shuffle\":\"\",\"searchbar\":\"true\",\"searchbar_placeholder\":\"Rechercher\",\"player_layout\":\"skin_boxed_tracklist\",\"show_skip_bt\":\"default\",\"show_speed_bt\":\"default\",\"show_volume_bt\":\"default\",\"show_miniplayer_note_bt\":\"default\",\"force_cta_dl\":\"true\",\"force_cta_singlepost\":\"default\",\"force_cta_share\":\"default\",\"force_cta_favorite\":\"default\",\"cta_track_show_label\":\"default\",\"track_artwork_format\":\"full\",\"track_artwork\":\"true\",\"track_artwork_play_button\":\"true\",\"use_play_label\":\"default\",\"order\":\"ASC\",\"orderby\":\"title\",\"album_store_position\":\"\",\"notrackskip\":\"true\",\"no_loop_tracklist\":\"true\",\"strip_html_track_desc\":\"1\",\"track_desc_lenght\":\"200\",\"show_track_publish_date\":\"default\",\"post_link\":\"default\",\"track_memory\":\"default\",\"tracklist_soundwave_show\":\"true\",\"tracklist_soundwave_style\":\"mediaElement\",\"tracklist_soundwave_cursor\":\"true\",\"tracklist_layout\":\"list\",\"main_settings\":\"||\"} \n        var srp_player_params_args_69f18bcd40950 = {\"before_widget\":\"<article id=\\\"arbitrary-instance-69f18bcd40950\\\" class=\\\"iron_widget_radio playlist_enabled\\\">\",\"after_widget\":\"<\\\/article>\",\"before_title\":\"<span class='heading-t3'><\\\/span><h3 class=\\\"widgettitle\\\">\",\"after_title\":\"<\\\/h3>\",\"widget_id\":\"arbitrary-instance-69f18bcd40950\"}  \n        <\/script><script>if(typeof setIronAudioplayers !== \"undefined\"){ setIronAudioplayers(\"arbitrary-instance-69f18bcd40950\"); }<\/script><\/article>\t\t\t\t<\/div>\n\t\t\t\t<\/div>\n\t\t\t\t\t<\/div>\n\t\t\t\t<\/div>\n\t\t\t\t<\/div>","protected":false},"excerpt":{"rendered":"<p>Rhacocleis germanica (Herrich-Sch\u00e4ffer, 1840) La Sauterelle m\u00e9ridionale \u2013 La Decticelle orientale R\u00e9f\u00e9rence : L\u2019acoustique des sauterelles, grillons et courtili\u00e8re de France, Belgique, Luxembourg et Suisse de Julien Barataud, 2025 des \u00c9ditions Biotope. Annexe num\u00e9rique du livre La Sauterelle m\u00e9ridionale \u2013 La Decticelle orientaleSorry, no results.Please try another keyword Chapitre 5 &#8211; Acoustique SauterellesInsectes, SauterellesFigure 1 [&hellip;]<\/p>\n","protected":false},"author":4,"featured_media":20295,"menu_order":0,"comment_status":"closed","ping_status":"closed","template":"elementor_header_footer","playlist-category":[219],"playlist-tag":[211,212],"class_list":["post-20330","sr_playlist","type-sr_playlist","status-publish","has-post-thumbnail","hentry","playlist-category-chapitre-5-acoustique-sauterelles","playlist-tag-insectes","playlist-tag-sauterelles"],"acf":[],"yoast_head":"<!-- This site is optimized with the Yoast SEO plugin v27.5 - https:\/\/yoast.com\/product\/yoast-seo-wordpress\/ -->\n<title>Rhacocleis germanica - Editions Biotope<\/title>\n<meta name=\"description\" content=\"L&#039;acoustique des sauterelles, grillons et courtili\u00e8res de France, Belgique, Luxembourg et Suisse.\" \/>\n<meta name=\"robots\" content=\"index, follow, max-snippet:-1, max-image-preview:large, max-video-preview:-1\" \/>\n<link rel=\"canonical\" href=\"https:\/\/www.biotope-editions.fr\/en\/album\/rhacocleis-germanica\/\" \/>\n<meta property=\"og:locale\" content=\"en_GB\" \/>\n<meta property=\"og:type\" content=\"article\" \/>\n<meta property=\"og:title\" content=\"Rhacocleis germanica - Editions Biotope\" \/>\n<meta property=\"og:description\" content=\"L&#039;acoustique des sauterelles, grillons et courtili\u00e8res de France, Belgique, Luxembourg et Suisse.\" \/>\n<meta property=\"og:url\" content=\"https:\/\/www.biotope-editions.fr\/en\/album\/rhacocleis-germanica\/\" \/>\n<meta property=\"og:site_name\" content=\"Editions Biotope\" \/>\n<meta property=\"article:publisher\" content=\"https:\/\/www.facebook.com\/EditionsBiotope\/\" \/>\n<meta property=\"article:modified_time\" content=\"2025-08-01T09:27:54+00:00\" \/>\n<meta property=\"og:image\" content=\"https:\/\/www.biotope-editions.fr\/wp-content\/uploads\/2025\/07\/01_Rhacocleis-germanica_capt-Casalabriva-2A_20200904-2.jpg\" \/>\n\t<meta property=\"og:image:width\" content=\"1125\" \/>\n\t<meta property=\"og:image:height\" content=\"844\" \/>\n\t<meta property=\"og:image:type\" content=\"image\/jpeg\" \/>\n<meta name=\"twitter:card\" content=\"summary_large_image\" \/>\n<meta name=\"twitter:label1\" content=\"Estimated reading time\" \/>\n\t<meta name=\"twitter:data1\" content=\"1 minute\" \/>\n<script type=\"application\/ld+json\" class=\"yoast-schema-graph\">{\"@context\":\"https:\\\/\\\/schema.org\",\"@graph\":[{\"@type\":\"WebPage\",\"@id\":\"https:\\\/\\\/www.biotope-editions.fr\\\/album\\\/rhacocleis-germanica\\\/\",\"url\":\"https:\\\/\\\/www.biotope-editions.fr\\\/album\\\/rhacocleis-germanica\\\/\",\"name\":\"Rhacocleis germanica - Editions Biotope\",\"isPartOf\":{\"@id\":\"https:\\\/\\\/www.biotope-editions.fr\\\/#website\"},\"primaryImageOfPage\":{\"@id\":\"https:\\\/\\\/www.biotope-editions.fr\\\/album\\\/rhacocleis-germanica\\\/#primaryimage\"},\"image\":{\"@id\":\"https:\\\/\\\/www.biotope-editions.fr\\\/album\\\/rhacocleis-germanica\\\/#primaryimage\"},\"thumbnailUrl\":\"https:\\\/\\\/www.biotope-editions.fr\\\/wp-content\\\/uploads\\\/2025\\\/07\\\/01_Rhacocleis-germanica_capt-Casalabriva-2A_20200904-2.jpg\",\"datePublished\":\"2025-07-15T13:59:54+00:00\",\"dateModified\":\"2025-08-01T09:27:54+00:00\",\"description\":\"L'acoustique des sauterelles, grillons et courtili\u00e8res de France, Belgique, Luxembourg et Suisse.\",\"breadcrumb\":{\"@id\":\"https:\\\/\\\/www.biotope-editions.fr\\\/album\\\/rhacocleis-germanica\\\/#breadcrumb\"},\"inLanguage\":\"en-GB\",\"potentialAction\":[{\"@type\":\"ReadAction\",\"target\":[\"https:\\\/\\\/www.biotope-editions.fr\\\/album\\\/rhacocleis-germanica\\\/\"]}]},{\"@type\":\"ImageObject\",\"inLanguage\":\"en-GB\",\"@id\":\"https:\\\/\\\/www.biotope-editions.fr\\\/album\\\/rhacocleis-germanica\\\/#primaryimage\",\"url\":\"https:\\\/\\\/www.biotope-editions.fr\\\/wp-content\\\/uploads\\\/2025\\\/07\\\/01_Rhacocleis-germanica_capt-Casalabriva-2A_20200904-2.jpg\",\"contentUrl\":\"https:\\\/\\\/www.biotope-editions.fr\\\/wp-content\\\/uploads\\\/2025\\\/07\\\/01_Rhacocleis-germanica_capt-Casalabriva-2A_20200904-2.jpg\",\"width\":1125,\"height\":844},{\"@type\":\"BreadcrumbList\",\"@id\":\"https:\\\/\\\/www.biotope-editions.fr\\\/album\\\/rhacocleis-germanica\\\/#breadcrumb\",\"itemListElement\":[{\"@type\":\"ListItem\",\"position\":1,\"name\":\"Home\",\"item\":\"https:\\\/\\\/www.biotope-editions.fr\\\/\"},{\"@type\":\"ListItem\",\"position\":2,\"name\":\"Tracks\",\"item\":\"https:\\\/\\\/www.biotope-editions.fr\\\/album\\\/\"},{\"@type\":\"ListItem\",\"position\":3,\"name\":\"Rhacocleis germanica\"}]},{\"@type\":\"WebSite\",\"@id\":\"https:\\\/\\\/www.biotope-editions.fr\\\/#website\",\"url\":\"https:\\\/\\\/www.biotope-editions.fr\\\/\",\"name\":\"Editions Biotope\",\"description\":\"Editeur par nature\",\"publisher\":{\"@id\":\"https:\\\/\\\/www.biotope-editions.fr\\\/#organization\"},\"potentialAction\":[{\"@type\":\"SearchAction\",\"target\":{\"@type\":\"EntryPoint\",\"urlTemplate\":\"https:\\\/\\\/www.biotope-editions.fr\\\/?s={search_term_string}\"},\"query-input\":{\"@type\":\"PropertyValueSpecification\",\"valueRequired\":true,\"valueName\":\"search_term_string\"}}],\"inLanguage\":\"en-GB\"},{\"@type\":\"Organization\",\"@id\":\"https:\\\/\\\/www.biotope-editions.fr\\\/#organization\",\"name\":\"Editions Biotope\",\"url\":\"https:\\\/\\\/www.biotope-editions.fr\\\/\",\"logo\":{\"@type\":\"ImageObject\",\"inLanguage\":\"en-GB\",\"@id\":\"https:\\\/\\\/www.biotope-editions.fr\\\/#\\\/schema\\\/logo\\\/image\\\/\",\"url\":\"https:\\\/\\\/www.biotope-editions.fr\\\/wp-content\\\/uploads\\\/2024\\\/07\\\/Fichier-1.svg\",\"contentUrl\":\"https:\\\/\\\/www.biotope-editions.fr\\\/wp-content\\\/uploads\\\/2024\\\/07\\\/Fichier-1.svg\",\"width\":49,\"height\":50,\"caption\":\"Editions Biotope\"},\"image\":{\"@id\":\"https:\\\/\\\/www.biotope-editions.fr\\\/#\\\/schema\\\/logo\\\/image\\\/\"},\"sameAs\":[\"https:\\\/\\\/www.facebook.com\\\/EditionsBiotope\\\/\"]}]}<\/script>\n<!-- \/ Yoast SEO plugin. -->","yoast_head_json":{"title":"Rhacocleis germanica - Editions Biotope","description":"L'acoustique des sauterelles, grillons et courtili\u00e8res de France, Belgique, Luxembourg et Suisse.","robots":{"index":"index","follow":"follow","max-snippet":"max-snippet:-1","max-image-preview":"max-image-preview:large","max-video-preview":"max-video-preview:-1"},"canonical":"https:\/\/www.biotope-editions.fr\/en\/album\/rhacocleis-germanica\/","og_locale":"en_GB","og_type":"article","og_title":"Rhacocleis germanica - Editions Biotope","og_description":"L'acoustique des sauterelles, grillons et courtili\u00e8res de France, Belgique, Luxembourg et Suisse.","og_url":"https:\/\/www.biotope-editions.fr\/en\/album\/rhacocleis-germanica\/","og_site_name":"Editions Biotope","article_publisher":"https:\/\/www.facebook.com\/EditionsBiotope\/","article_modified_time":"2025-08-01T09:27:54+00:00","og_image":[{"width":1125,"height":844,"url":"https:\/\/www.biotope-editions.fr\/wp-content\/uploads\/2025\/07\/01_Rhacocleis-germanica_capt-Casalabriva-2A_20200904-2.jpg","type":"image\/jpeg"}],"twitter_card":"summary_large_image","twitter_misc":{"Estimated reading time":"1 minute"},"schema":{"@context":"https:\/\/schema.org","@graph":[{"@type":"WebPage","@id":"https:\/\/www.biotope-editions.fr\/album\/rhacocleis-germanica\/","url":"https:\/\/www.biotope-editions.fr\/album\/rhacocleis-germanica\/","name":"Rhacocleis germanica - Editions Biotope","isPartOf":{"@id":"https:\/\/www.biotope-editions.fr\/#website"},"primaryImageOfPage":{"@id":"https:\/\/www.biotope-editions.fr\/album\/rhacocleis-germanica\/#primaryimage"},"image":{"@id":"https:\/\/www.biotope-editions.fr\/album\/rhacocleis-germanica\/#primaryimage"},"thumbnailUrl":"https:\/\/www.biotope-editions.fr\/wp-content\/uploads\/2025\/07\/01_Rhacocleis-germanica_capt-Casalabriva-2A_20200904-2.jpg","datePublished":"2025-07-15T13:59:54+00:00","dateModified":"2025-08-01T09:27:54+00:00","description":"L'acoustique des sauterelles, grillons et courtili\u00e8res de France, Belgique, Luxembourg et Suisse.","breadcrumb":{"@id":"https:\/\/www.biotope-editions.fr\/album\/rhacocleis-germanica\/#breadcrumb"},"inLanguage":"en-GB","potentialAction":[{"@type":"ReadAction","target":["https:\/\/www.biotope-editions.fr\/album\/rhacocleis-germanica\/"]}]},{"@type":"ImageObject","inLanguage":"en-GB","@id":"https:\/\/www.biotope-editions.fr\/album\/rhacocleis-germanica\/#primaryimage","url":"https:\/\/www.biotope-editions.fr\/wp-content\/uploads\/2025\/07\/01_Rhacocleis-germanica_capt-Casalabriva-2A_20200904-2.jpg","contentUrl":"https:\/\/www.biotope-editions.fr\/wp-content\/uploads\/2025\/07\/01_Rhacocleis-germanica_capt-Casalabriva-2A_20200904-2.jpg","width":1125,"height":844},{"@type":"BreadcrumbList","@id":"https:\/\/www.biotope-editions.fr\/album\/rhacocleis-germanica\/#breadcrumb","itemListElement":[{"@type":"ListItem","position":1,"name":"Home","item":"https:\/\/www.biotope-editions.fr\/"},{"@type":"ListItem","position":2,"name":"Tracks","item":"https:\/\/www.biotope-editions.fr\/album\/"},{"@type":"ListItem","position":3,"name":"Rhacocleis germanica"}]},{"@type":"WebSite","@id":"https:\/\/www.biotope-editions.fr\/#website","url":"https:\/\/www.biotope-editions.fr\/","name":"Editions Biotope","description":"Editeur par nature","publisher":{"@id":"https:\/\/www.biotope-editions.fr\/#organization"},"potentialAction":[{"@type":"SearchAction","target":{"@type":"EntryPoint","urlTemplate":"https:\/\/www.biotope-editions.fr\/?s={search_term_string}"},"query-input":{"@type":"PropertyValueSpecification","valueRequired":true,"valueName":"search_term_string"}}],"inLanguage":"en-GB"},{"@type":"Organization","@id":"https:\/\/www.biotope-editions.fr\/#organization","name":"Editions Biotope","url":"https:\/\/www.biotope-editions.fr\/","logo":{"@type":"ImageObject","inLanguage":"en-GB","@id":"https:\/\/www.biotope-editions.fr\/#\/schema\/logo\/image\/","url":"https:\/\/www.biotope-editions.fr\/wp-content\/uploads\/2024\/07\/Fichier-1.svg","contentUrl":"https:\/\/www.biotope-editions.fr\/wp-content\/uploads\/2024\/07\/Fichier-1.svg","width":49,"height":50,"caption":"Editions Biotope"},"image":{"@id":"https:\/\/www.biotope-editions.fr\/#\/schema\/logo\/image\/"},"sameAs":["https:\/\/www.facebook.com\/EditionsBiotope\/"]}]}},"_links":{"self":[{"href":"https:\/\/www.biotope-editions.fr\/en\/wp-json\/wp\/v2\/sr_playlist\/20330","targetHints":{"allow":["GET"]}}],"collection":[{"href":"https:\/\/www.biotope-editions.fr\/en\/wp-json\/wp\/v2\/sr_playlist"}],"about":[{"href":"https:\/\/www.biotope-editions.fr\/en\/wp-json\/wp\/v2\/types\/sr_playlist"}],"author":[{"embeddable":true,"href":"https:\/\/www.biotope-editions.fr\/en\/wp-json\/wp\/v2\/users\/4"}],"replies":[{"embeddable":true,"href":"https:\/\/www.biotope-editions.fr\/en\/wp-json\/wp\/v2\/comments?post=20330"}],"version-history":[{"count":7,"href":"https:\/\/www.biotope-editions.fr\/en\/wp-json\/wp\/v2\/sr_playlist\/20330\/revisions"}],"predecessor-version":[{"id":20430,"href":"https:\/\/www.biotope-editions.fr\/en\/wp-json\/wp\/v2\/sr_playlist\/20330\/revisions\/20430"}],"wp:featuredmedia":[{"embeddable":true,"href":"https:\/\/www.biotope-editions.fr\/en\/wp-json\/wp\/v2\/media\/20295"}],"wp:attachment":[{"href":"https:\/\/www.biotope-editions.fr\/en\/wp-json\/wp\/v2\/media?parent=20330"}],"wp:term":[{"taxonomy":"playlist-category","embeddable":true,"href":"https:\/\/www.biotope-editions.fr\/en\/wp-json\/wp\/v2\/playlist-category?post=20330"},{"taxonomy":"playlist-tag","embeddable":true,"href":"https:\/\/www.biotope-editions.fr\/en\/wp-json\/wp\/v2\/playlist-tag?post=20330"}],"curies":[{"name":"wp","href":"https:\/\/api.w.org\/{rel}","templated":true}]}}