{"id":19494,"date":"2025-07-12T13:54:38","date_gmt":"2025-07-12T11:54:38","guid":{"rendered":"https:\/\/www.biotope-editions.fr\/?post_type=sr_playlist&#038;p=19494"},"modified":"2025-07-30T17:09:38","modified_gmt":"2025-07-30T15:09:38","slug":"decticus-verrucivorus-monspeliensis","status":"publish","type":"sr_playlist","link":"https:\/\/www.biotope-editions.fr\/en\/album\/decticus-verrucivorus-monspeliensis\/","title":{"rendered":"Decticus verrucivorus monspeliensis"},"content":{"rendered":"<div data-elementor-type=\"wp-post\" data-elementor-id=\"19494\" class=\"elementor elementor-19494\" data-elementor-post-type=\"sr_playlist\">\n\t\t\t\t\t\t<section class=\"elementor-section elementor-top-section elementor-element elementor-element-59ca1ed elementor-section-height-min-height elementor-section-content-middle elementor-section-boxed elementor-section-height-default elementor-section-items-middle\" data-id=\"59ca1ed\" data-element_type=\"section\" data-e-type=\"section\" data-settings=\"{&quot;background_background&quot;:&quot;classic&quot;}\">\n\t\t\t\t\t\t\t<div class=\"elementor-background-overlay\"><\/div>\n\t\t\t\t\t\t\t<div class=\"elementor-container elementor-column-gap-no\">\n\t\t\t\t\t<div class=\"elementor-column elementor-col-100 elementor-top-column elementor-element elementor-element-cb75ccc\" data-id=\"cb75ccc\" data-element_type=\"column\" data-e-type=\"column\">\n\t\t\t<div class=\"elementor-widget-wrap elementor-element-populated\">\n\t\t\t\t\t\t<div class=\"elementor-element elementor-element-dcff98d elementor-widget elementor-widget-heading\" data-id=\"dcff98d\" data-element_type=\"widget\" data-e-type=\"widget\" data-widget_type=\"heading.default\">\n\t\t\t\t<div class=\"elementor-widget-container\">\n\t\t\t\t\t<h1 class=\"elementor-heading-title elementor-size-default\">Decticus verrucivorus monspeliensis (Rambur in Audinet Serville, 1838)<\/h1>\t\t\t\t<\/div>\n\t\t\t\t<\/div>\n\t\t\t\t<div class=\"elementor-element elementor-element-7512f4a elementor-widget elementor-widget-heading\" data-id=\"7512f4a\" data-element_type=\"widget\" data-e-type=\"widget\" data-widget_type=\"heading.default\">\n\t\t\t\t<div class=\"elementor-widget-container\">\n\t\t\t\t\t<h1 class=\"elementor-heading-title elementor-size-default\">Le Dectique de Montpellier<\/h1>\t\t\t\t<\/div>\n\t\t\t\t<\/div>\n\t\t\t\t<div class=\"elementor-element elementor-element-09f8bf6 elementor-widget-divider--view-line elementor-widget elementor-widget-divider\" data-id=\"09f8bf6\" data-element_type=\"widget\" data-e-type=\"widget\" data-widget_type=\"divider.default\">\n\t\t\t\t<div class=\"elementor-widget-container\">\n\t\t\t\t\t\t\t<div class=\"elementor-divider\">\n\t\t\t<span class=\"elementor-divider-separator\">\n\t\t\t\t\t\t<\/span>\n\t\t<\/div>\n\t\t\t\t\t\t<\/div>\n\t\t\t\t<\/div>\n\t\t\t\t<div class=\"elementor-element elementor-element-32a2135 elementor-widget__width-inherit elementor-widget elementor-widget-text-editor\" data-id=\"32a2135\" data-element_type=\"widget\" data-e-type=\"widget\" data-widget_type=\"text-editor.default\">\n\t\t\t\t<div class=\"elementor-widget-container\">\n\t\t\t\t\t\t\t\t\t<p>R\u00e9f\u00e9rence : <a href=\"https:\/\/www.biotope-editions.fr\/en\/product\/acoustiquesauterelles\/\"><em>L\u2019acoustique des sauterelles, grillons et courtili\u00e8re de France, Belgique, Luxembourg et Suisse<\/em><\/a> de Julien Barataud, 2025 des \u00c9ditions Biotope.<\/p>\t\t\t\t\t\t\t\t<\/div>\n\t\t\t\t<\/div>\n\t\t\t\t<div class=\"elementor-element elementor-element-efa81bf elementor-align-left elementor-widget elementor-widget-button\" data-id=\"efa81bf\" data-element_type=\"widget\" data-e-type=\"widget\" data-widget_type=\"button.default\">\n\t\t\t\t<div class=\"elementor-widget-container\">\n\t\t\t\t\t\t\t\t\t<div class=\"elementor-button-wrapper\">\n\t\t\t\t\t<a class=\"elementor-button elementor-button-link elementor-size-sm\" href=\"https:\/\/www.biotope-editions.fr\/en\/fichiers-sons-acoustique-sauterelles-grillons-et-courtilieres-fbls\/\">\n\t\t\t\t\t\t<span class=\"elementor-button-content-wrapper\">\n\t\t\t\t\t\t\t\t\t<span class=\"elementor-button-text\">Annexe num\u00e9rique du livre<\/span>\n\t\t\t\t\t<\/span>\n\t\t\t\t\t<\/a>\n\t\t\t\t<\/div>\n\t\t\t\t\t\t\t\t<\/div>\n\t\t\t\t<\/div>\n\t\t\t\t\t<\/div>\n\t\t<\/div>\n\t\t\t\t\t<\/div>\n\t\t<\/section>\n\t\t<div class=\"elementor-element elementor-element-ef727fd e-flex e-con-boxed e-con e-parent\" data-id=\"ef727fd\" data-element_type=\"container\" data-e-type=\"container\">\n\t\t\t\t\t<div class=\"e-con-inner\">\n\t\t\t\t<div class=\"elementor-element elementor-element-1f90dac elementor-widget elementor-widget-spacer\" data-id=\"1f90dac\" data-element_type=\"widget\" data-e-type=\"widget\" data-widget_type=\"spacer.default\">\n\t\t\t\t<div class=\"elementor-widget-container\">\n\t\t\t\t\t\t\t<div class=\"elementor-spacer\">\n\t\t\t<div class=\"elementor-spacer-inner\"><\/div>\n\t\t<\/div>\n\t\t\t\t\t\t<\/div>\n\t\t\t\t<\/div>\n\t\t\t\t\t<\/div>\n\t\t\t\t<\/div>\n\t\t<div class=\"elementor-element elementor-element-0fce376 e-flex e-con-boxed e-con e-parent\" data-id=\"0fce376\" data-element_type=\"container\" data-e-type=\"container\">\n\t\t\t\t\t<div class=\"e-con-inner\">\n\t\t\t\t<div class=\"elementor-element elementor-element-6a0803f elementor-widget elementor-widget-post-navigation\" data-id=\"6a0803f\" data-element_type=\"widget\" data-e-type=\"widget\" data-widget_type=\"post-navigation.default\">\n\t\t\t\t<div class=\"elementor-widget-container\">\n\t\t\t\t\t\t\t<div class=\"elementor-post-navigation\" role=\"navigation\" aria-label=\"Post Navigation\">\n\t\t\t<div class=\"elementor-post-navigation__prev elementor-post-navigation__link\">\n\t\t\t\t<a href=\"https:\/\/www.biotope-editions.fr\/en\/album\/decticus-verrucivorus-verrucivorus\/\" rel=\"prev\"><span class=\"post-navigation__arrow-wrapper post-navigation__arrow-prev\"><svg aria-hidden=\"true\" class=\"e-font-icon-svg e-fas-arrow-alt-circle-left\" viewbox=\"0 0 512 512\" xmlns=\"http:\/\/www.w3.org\/2000\/svg\"><path d=\"M256 504C119 504 8 393 8 256S119 8 256 8s248 111 248 248-111 248-248 248zm116-292H256v-70.9c0-10.7-13-16.1-20.5-8.5L121.2 247.5c-4.7 4.7-4.7 12.2 0 16.9l114.3 114.9c7.6 7.6 20.5 2.2 20.5-8.5V300h116c6.6 0 12-5.4 12-12v-64c0-6.6-5.4-12-12-12z\"><\/path><\/svg><span class=\"elementor-screen-only\">Prev<\/span><\/span><span class=\"elementor-post-navigation__link__prev\"><span class=\"post-navigation__prev--title\">Decticus verrucivorus verrucivorus<\/span><\/span><\/a>\t\t\t<\/div>\n\t\t\t\t\t\t<div class=\"elementor-post-navigation__next elementor-post-navigation__link\">\n\t\t\t\t<a href=\"https:\/\/www.biotope-editions.fr\/en\/album\/decticus-albifrons\/\" rel=\"next\"><span class=\"elementor-post-navigation__link__next\"><span class=\"post-navigation__next--title\">Decticus albifrons<\/span><\/span><span class=\"post-navigation__arrow-wrapper post-navigation__arrow-next\"><svg aria-hidden=\"true\" class=\"e-font-icon-svg e-fas-arrow-alt-circle-right\" viewbox=\"0 0 512 512\" xmlns=\"http:\/\/www.w3.org\/2000\/svg\"><path d=\"M256 8c137 0 248 111 248 248S393 504 256 504 8 393 8 256 119 8 256 8zM140 300h116v70.9c0 10.7 13 16.1 20.5 8.5l114.3-114.9c4.7-4.7 4.7-12.2 0-16.9l-114.3-115c-7.6-7.6-20.5-2.2-20.5 8.5V212H140c-6.6 0-12 5.4-12 12v64c0 6.6 5.4 12 12 12z\"><\/path><\/svg><span class=\"elementor-screen-only\">Next<\/span><\/span><\/a>\t\t\t<\/div>\n\t\t<\/div>\n\t\t\t\t\t\t<\/div>\n\t\t\t\t<\/div>\n\t\t\t\t\t<\/div>\n\t\t\t\t<\/div>\n\t\t<div class=\"elementor-element elementor-element-4b41985 e-flex e-con-boxed e-con e-parent\" data-id=\"4b41985\" data-element_type=\"container\" data-e-type=\"container\">\n\t\t\t\t\t<div class=\"e-con-inner\">\n\t\t\t\t<div class=\"elementor-element elementor-element-030d72c elementor-widget__width-inherit sr_track_inline_cta_bt__yes elementor-widget elementor-widget-music-player\" data-id=\"030d72c\" data-element_type=\"widget\" data-e-type=\"widget\" data-widget_type=\"music-player.default\">\n\t\t\t\t<div class=\"elementor-widget-container\">\n\t\t\t\t\t<article id=\"arbitrary-instance-69f18bcd4cc9d\" class=\"iron_widget_radio playlist_enabled\"><div class=\"iron-audioplayer  show-playlist show-trackartwork srp_hide_player srp_noLoopTracklist srp_tracklist_play_cover\" id=\"arbitrary-instance-69f18bcd4cc9d-1da4696685\" data-id=\"arbitrary-instance-69f18bcd4cc9d\" data-track-sw-cursor=\"1\" data-lazyload=\"\" data-albums=\"19494\" data-category=\"\" data-url-playlist=\"https:\/\/www.biotope-editions.fr\/en\/?load=playlist.json&#038;title=&#038;albums=19494&#038;category=&#038;posts_not_in=&#038;category_not_in=&#038;author=&#038;feed_title=&#038;feed=&#038;feed_img=&#038;el_widget_id=&#038;artwork=&#038;posts_per_pages=-1&#038;all_category=&#038;single_playlist=&#038;reverse_tracklist=&#038;audio_meta_field=&#038;repeater_meta_field=&#038;import_file=&#038;rss_items=-1&#038;rss_item_title=&#038;is_favorite=&#038;is_recentlyplayed=&#038;srp_order=title_ASC\" data-sticky-player=\"\" data-shuffle=\"false\" data-playlist_title=\"\" data-scrollbar=\"\" data-wave-color=\"\" data-wave-progress-color=\"\" data-spectro=\"\" data-no-wave=\"1\" data-hide-progressbar=\"\" data-progress-bar-style=\"\"data-feedurl=\"0\" data-notrackskip=\"on\" data-no-loop-tracklist=\"on\" data-playertemplate =\"skin_boxed_tracklist\" data-hide-artwork =\"\" data-speedrate=\"1\"  data-tracks-per-page=\"\" data-pagination_scroll_offset=\"\" data-adaptive-colors=\"\" data-adaptive-colors-freeze=\"\" data-tracklist-soundwave-style=\"mediaElement\" style=\"opacity:0;\"><div class=\"srp_player_boxed srp_player_grid\"><div class=\"sonaar-Artwort-box\">\n                <div class=\"control\">\n                    \n                <\/div>\n                <div class=\"album\">\n                    <div class=\"album-art\">\n                        <img alt=\"album-art\">\n                    <\/div>\n                <\/div>\n                <\/div><div class=\"album-player sr_waveform_mediaElement\"><div class=\"srp_miniplayer_metas\"><div class=\"srp_meta srp_meta_0 album-title\" data-prefix=\"\" aria-label=\"Title\"><\/div><\/div><div class=\"srp_subtitle\">Le Dectique de Montpellier<\/div><div class=\"srp_player_meta\"><\/div><div class=\"srp_control_box\">\n            <div role=\"button\" tabindex=\"0\" class=\"srp-play-button play\" href=\"#\" aria-label=\"Play\">\n                <i class=\"sricon-play\"><\/i>\n                <div class=\"srp-play-circle\"><\/div>\n            <\/div><div class=\"srp_wave_box\"> <div class=\"player\" ><div class=\"sr_progressbar\">\n                \n            <div class=\"currentTime\">00:00<\/div>\n         \n                <div id=\"arbitrary-instance-69f18bcd4cc9d-765390c594-wave\" class=\"wave\" >\n                 \n        <div class=\"sonaar_fake_wave\" style=\"height:70px\"> \n            <audio src=\"\" class=\"sonaar_media_element\"><\/audio> \n            <div class=\"sonaar_wave_base\"> \n                <canvas id=\"sonaar_wave_base_canvas\" class=\"\" height=\"70\" width=\"2540\"><\/canvas> \n                <svg><\/svg> \n            <\/div> \n            <div class=\"sonaar_wave_cut\"> \n                <canvas id=\"sonaar_wave_cut_canvas\" class=\"\" height=\"70\" width=\"2540\"><\/canvas> \n                <svg><\/svg> \n            <\/div> \n        <\/div> \n                <\/div>\n                \n            <div class=\"totalTime\"><\/div>\n         \n             <\/div><\/div><div class=\"control\"><div role=\"button\" tabindex=\"0\" class=\"previous sricon-back\" style=\"opacity:0;\" aria-label=\"Previous Track\" title=\"Previous\"><\/div><div role=\"button\" tabindex=\"0\" class=\"play\" style=\"opacity:0;\" aria-label=\"Play\" title=\"Play\/Pause\">\n                <i class=\"sricon-play\"><\/i>\n            <\/div><div role=\"button\" tabindex=\"0\" class=\"next sricon-forward\" style=\"opacity:0;\" aria-label=\"Next Track\" title=\"Next\"><\/div><\/div><\/div><\/div><\/div><\/div><div class=\"playlist sr_waveform_mediaElement srp_tracklist_waveform_enabled\"  id=\"playlist_arbitrary-instance-69f18bcd4cc9d\"><div class=\"srp_search_main\"><div class=\"srp_search_container\" style=\"display:flex;\" data-metakey=\"search\" data-label=\"Rechercher\"><i class=\"fas fa-search\"><\/i><input class=\"srp_search\" enterkeyhint=\"done\" placeholder=\"Rechercher\" \\><i class=\"srp_reset_search sricon-close-circle\" style=\"display:none;\"><\/i><\/div><\/div><div class=\"srp_tracklist\"><div class=\"srp_notfound\"><div class=\"srp_notfound--title\">Sorry, no results.<\/div><div class=\"srp_notfound--subtitle\">Please try another keyword<\/div><\/div><ul class=\"srp_list\" data-filters=\"playlist-category,playlist-tag\"><li \n            class=\"sr-playlist-item\" \n            data-audiopath=\"https:\/\/www.biotope-editions.fr\/wp-content\/uploads\/audio\/acoustique_sauterelles\/Ch5_Monographies\/31_Decticus_verrucivorus_monspeliensis\/Sons\/Exp_D-verrucivorus-monspeliensis-d31_Aumelas-34_2021-06-08_18_37_59_M00032+++.wav\"\n            data-showloading=\"1\"\n            data-albumtitle=\"Decticus verrucivorus monspeliensis\"\n            data-albumart=\"https:\/\/www.biotope-editions.fr\/wp-content\/uploads\/2025\/07\/Fig1_D-verrucivorus-monspeliensis-d31_Aumelas-34_2021-06-08_18_37_59_M00032-1024x310.jpg\"\n            data-releasedate=\"Le Dectique de Montpellier\"\n            data-date=\"2025\/07\/12\"\n            data-date-formated=\"12 July 2025\"\n            data-show-date=\"\"\n            data-tracktitle=\"Expansion de temps\"\n            data-artist=\"\"\n            data-trackid=\"\"\n            data-tracktime=\"\"\n            data-relatedtrack=\"\"\n            data-post-url=\"\"\n            data-post-id=\"19494\"\n            data-track-pos=\"0\"\n            data-peakfile=\"\"\n            data-peakfile-allow=\"\"\n            data-is-preview=\"\"\n            data-track-lyric=\"\" data-icecast_json=\"\" data-icecast_mount=\"\" data-optional_poster=\"true\"><div class=\"sr-playlist-item-flex\"><div class=\"srp_soundwave_wrapper\"> \n        <div class=\"sonaar_fake_wave\" style=\"height:70px\"> \n            <audio src=\"\" class=\"sonaar_media_element\"><\/audio> \n            <div class=\"sonaar_wave_base\"> \n                <canvas id=\"sonaar_wave_base_canvas\" class=\"\" height=\"70\" width=\"2540\"><\/canvas> \n                <svg><\/svg> \n            <\/div> \n            <div class=\"sonaar_wave_cut\"> \n                <canvas id=\"sonaar_wave_cut_canvas\" class=\"\" height=\"70\" width=\"2540\"><\/canvas> \n                <svg><\/svg> \n            <\/div> \n        <\/div><\/div><div class=\"sr_track_cover\"><div class=\"srp_play\"><i class=\"sricon-play\"><\/i><\/div><img src=\"https:\/\/www.biotope-editions.fr\/wp-content\/uploads\/2025\/07\/Fig1_D-verrucivorus-monspeliensis-d31_Aumelas-34_2021-06-08_18_37_59_M00032.jpg\" alt=\"track-artwork\" \/><\/div><span class=\"store-list\"><div class=\"song-store-list-menu\"><i class=\"fas fa-ellipsis-v\"><\/i><div class=\"song-store-list-container\"><a href=\"https:\/\/www.biotope-editions.fr\/wp-content\/uploads\/audio\/acoustique_sauterelles\/Ch5_Monographies\/31_Decticus_verrucivorus_monspeliensis\/Sons\/Exp_D-verrucivorus-monspeliensis-d31_Aumelas-34_2021-06-08_18_37_59_M00032+++.wav\" download class=\"song-store sr_store_force_dl_bt\" target=\"_self\" title=\"Download\" aria-label=\"Download\" data-source-post-id=\"19494\" data-store-id=\"0-0\"  tabindex=\"1\"><i class=\"fas fa-download\"><\/i><\/a><\/div><\/div><\/span><div class=\"srp_cf_output\" style=\"display:none;\"><div class=\"srp_cf_data sr-playlist-cf--playlist-category\">Chapitre 5 - Acoustique Sauterelles<\/div><div class=\"srp_cf_data sr-playlist-cf--playlist-tag\">Insectes, Sauterelles<\/div><\/div><\/div><div class=\"srp_track_description\">Figure 1 : Chant d\u2019un m\u00e2le de Decticus verrucivorus monspeliensis avec un d\u00e9but un peu h\u00e9sitant \u2013 Aumelas (FR-34) \u2013 08\/06\/2021 \u2013 chant diurne 31\u00b0C.<\/div><\/li><li \n            class=\"sr-playlist-item\" \n            data-audiopath=\"https:\/\/www.biotope-editions.fr\/wp-content\/uploads\/audio\/acoustique_sauterelles\/Ch5_Monographies\/31_Decticus_verrucivorus_monspeliensis\/Sons\/Het_D-verrucivorus-monspeliensis-d31_Aumelas-34_2021-06-08_18_37_59_M00032+++.wav\"\n            data-showloading=\"1\"\n            data-albumtitle=\"Decticus verrucivorus monspeliensis\"\n            data-albumart=\"https:\/\/www.biotope-editions.fr\/wp-content\/uploads\/2025\/07\/Fig1_D-verrucivorus-monspeliensis-d31_Aumelas-34_2021-06-08_18_37_59_M00032-1024x310.jpg\"\n            data-releasedate=\"Le Dectique de Montpellier\"\n            data-date=\"2025\/07\/12\"\n            data-date-formated=\"12 July 2025\"\n            data-show-date=\"\"\n            data-tracktitle=\"H\u00e9t\u00e9rodyne\"\n            data-artist=\"\"\n            data-trackid=\"\"\n            data-tracktime=\"\"\n            data-relatedtrack=\"\"\n            data-post-url=\"\"\n            data-post-id=\"19494\"\n            data-track-pos=\"1\"\n            data-peakfile=\"\"\n            data-peakfile-allow=\"\"\n            data-is-preview=\"\"\n            data-track-lyric=\"\" data-icecast_json=\"\" data-icecast_mount=\"\" data-optional_poster=\"true\"><div class=\"sr-playlist-item-flex\"><div class=\"srp_soundwave_wrapper\"> \n        <div class=\"sonaar_fake_wave\" style=\"height:70px\"> \n            <audio src=\"\" class=\"sonaar_media_element\"><\/audio> \n            <div class=\"sonaar_wave_base\"> \n                <canvas id=\"sonaar_wave_base_canvas\" class=\"\" height=\"70\" width=\"2540\"><\/canvas> \n                <svg><\/svg> \n            <\/div> \n            <div class=\"sonaar_wave_cut\"> \n                <canvas id=\"sonaar_wave_cut_canvas\" class=\"\" height=\"70\" width=\"2540\"><\/canvas> \n                <svg><\/svg> \n            <\/div> \n        <\/div><\/div><div class=\"sr_track_cover\"><div class=\"srp_play\"><i class=\"sricon-play\"><\/i><\/div><img src=\"https:\/\/www.biotope-editions.fr\/wp-content\/uploads\/2025\/07\/Fig1_D-verrucivorus-monspeliensis-d31_Aumelas-34_2021-06-08_18_37_59_M00032.jpg\" alt=\"track-artwork\" \/><\/div><span class=\"store-list\"><div class=\"song-store-list-menu\"><i class=\"fas fa-ellipsis-v\"><\/i><div class=\"song-store-list-container\"><a href=\"https:\/\/www.biotope-editions.fr\/wp-content\/uploads\/audio\/acoustique_sauterelles\/Ch5_Monographies\/31_Decticus_verrucivorus_monspeliensis\/Sons\/Het_D-verrucivorus-monspeliensis-d31_Aumelas-34_2021-06-08_18_37_59_M00032+++.wav\" download class=\"song-store sr_store_force_dl_bt\" target=\"_self\" title=\"Download\" aria-label=\"Download\" data-source-post-id=\"19494\" data-store-id=\"1-0\"  tabindex=\"1\"><i class=\"fas fa-download\"><\/i><\/a><\/div><\/div><\/span><div class=\"srp_cf_output\" style=\"display:none;\"><div class=\"srp_cf_data sr-playlist-cf--playlist-category\">Chapitre 5 - Acoustique Sauterelles<\/div><div class=\"srp_cf_data sr-playlist-cf--playlist-tag\">Insectes, Sauterelles<\/div><\/div><\/div><div class=\"srp_track_description\">Figure 1 : Chant d\u2019un m\u00e2le de Decticus verrucivorus monspeliensis avec un d\u00e9but un peu h\u00e9sitant \u2013 Aumelas (FR-34) \u2013 08\/06\/2021 \u2013 chant diurne 31\u00b0C.<\/div><\/li><li \n            class=\"sr-playlist-item\" \n            data-audiopath=\"https:\/\/www.biotope-editions.fr\/wp-content\/uploads\/audio\/acoustique_sauterelles\/Ch5_Monographies\/31_Decticus_verrucivorus_monspeliensis\/Sons\/Exp_D-verrucivorus-monspeliensis-d24_Montbazin-34_2018-06-06_16_16_14_M00041+++.wav\"\n            data-showloading=\"1\"\n            data-albumtitle=\"Decticus verrucivorus monspeliensis\"\n            data-albumart=\"https:\/\/www.biotope-editions.fr\/wp-content\/uploads\/2025\/07\/Fig2_D-verrucivorus-monspeliensis-d24_Montbazin-34_2018-06-06_16_16_14_M00041-1024x310.jpg\"\n            data-releasedate=\"Le Dectique de Montpellier\"\n            data-date=\"2025\/07\/12\"\n            data-date-formated=\"12 July 2025\"\n            data-show-date=\"\"\n            data-tracktitle=\"Expansion de temps\"\n            data-artist=\"\"\n            data-trackid=\"\"\n            data-tracktime=\"\"\n            data-relatedtrack=\"\"\n            data-post-url=\"\"\n            data-post-id=\"19494\"\n            data-track-pos=\"2\"\n            data-peakfile=\"\"\n            data-peakfile-allow=\"\"\n            data-is-preview=\"\"\n            data-track-lyric=\"\" data-icecast_json=\"\" data-icecast_mount=\"\" data-optional_poster=\"true\"><div class=\"sr-playlist-item-flex\"><div class=\"srp_soundwave_wrapper\"> \n        <div class=\"sonaar_fake_wave\" style=\"height:70px\"> \n            <audio src=\"\" class=\"sonaar_media_element\"><\/audio> \n            <div class=\"sonaar_wave_base\"> \n                <canvas id=\"sonaar_wave_base_canvas\" class=\"\" height=\"70\" width=\"2540\"><\/canvas> \n                <svg><\/svg> \n            <\/div> \n            <div class=\"sonaar_wave_cut\"> \n                <canvas id=\"sonaar_wave_cut_canvas\" class=\"\" height=\"70\" width=\"2540\"><\/canvas> \n                <svg><\/svg> \n            <\/div> \n        <\/div><\/div><div class=\"sr_track_cover\"><div class=\"srp_play\"><i class=\"sricon-play\"><\/i><\/div><img src=\"https:\/\/www.biotope-editions.fr\/wp-content\/uploads\/2025\/07\/Fig2_D-verrucivorus-monspeliensis-d24_Montbazin-34_2018-06-06_16_16_14_M00041.jpg\" alt=\"track-artwork\" \/><\/div><span class=\"store-list\"><div class=\"song-store-list-menu\"><i class=\"fas fa-ellipsis-v\"><\/i><div class=\"song-store-list-container\"><a href=\"https:\/\/www.biotope-editions.fr\/wp-content\/uploads\/audio\/acoustique_sauterelles\/Ch5_Monographies\/31_Decticus_verrucivorus_monspeliensis\/Sons\/Exp_D-verrucivorus-monspeliensis-d24_Montbazin-34_2018-06-06_16_16_14_M00041+++.wav\" download class=\"song-store sr_store_force_dl_bt\" target=\"_self\" title=\"Download\" aria-label=\"Download\" data-source-post-id=\"19494\" data-store-id=\"2-0\"  tabindex=\"1\"><i class=\"fas fa-download\"><\/i><\/a><\/div><\/div><\/span><div class=\"srp_cf_output\" style=\"display:none;\"><div class=\"srp_cf_data sr-playlist-cf--playlist-category\">Chapitre 5 - Acoustique Sauterelles<\/div><div class=\"srp_cf_data sr-playlist-cf--playlist-tag\">Insectes, Sauterelles<\/div><\/div><\/div><div class=\"srp_track_description\">Figure 2 : Chant d\u2019un m\u00e2le de Decticus verrucivorus monspeliensis avec un rythme uniforme \u2013 Montbazin (FR-34) \u2013 06\/06\/2018 \u2013 chant diurne 24\u00b0C.<\/div><\/li><li \n            class=\"sr-playlist-item\" \n            data-audiopath=\"https:\/\/www.biotope-editions.fr\/wp-content\/uploads\/audio\/acoustique_sauterelles\/Ch5_Monographies\/31_Decticus_verrucivorus_monspeliensis\/Sons\/Het_D-verrucivorus-monspeliensis-d24_Montbazin-34_2018-06-06_16_16_14_M00041+++.wav\"\n            data-showloading=\"1\"\n            data-albumtitle=\"Decticus verrucivorus monspeliensis\"\n            data-albumart=\"https:\/\/www.biotope-editions.fr\/wp-content\/uploads\/2025\/07\/Fig2_D-verrucivorus-monspeliensis-d24_Montbazin-34_2018-06-06_16_16_14_M00041-1024x310.jpg\"\n            data-releasedate=\"Le Dectique de Montpellier\"\n            data-date=\"2025\/07\/12\"\n            data-date-formated=\"12 July 2025\"\n            data-show-date=\"\"\n            data-tracktitle=\"H\u00e9t\u00e9rodyne\"\n            data-artist=\"\"\n            data-trackid=\"\"\n            data-tracktime=\"\"\n            data-relatedtrack=\"\"\n            data-post-url=\"\"\n            data-post-id=\"19494\"\n            data-track-pos=\"3\"\n            data-peakfile=\"\"\n            data-peakfile-allow=\"\"\n            data-is-preview=\"\"\n            data-track-lyric=\"\" data-icecast_json=\"\" data-icecast_mount=\"\" data-optional_poster=\"true\"><div class=\"sr-playlist-item-flex\"><div class=\"srp_soundwave_wrapper\"> \n        <div class=\"sonaar_fake_wave\" style=\"height:70px\"> \n            <audio src=\"\" class=\"sonaar_media_element\"><\/audio> \n            <div class=\"sonaar_wave_base\"> \n                <canvas id=\"sonaar_wave_base_canvas\" class=\"\" height=\"70\" width=\"2540\"><\/canvas> \n                <svg><\/svg> \n            <\/div> \n            <div class=\"sonaar_wave_cut\"> \n                <canvas id=\"sonaar_wave_cut_canvas\" class=\"\" height=\"70\" width=\"2540\"><\/canvas> \n                <svg><\/svg> \n            <\/div> \n        <\/div><\/div><div class=\"sr_track_cover\"><div class=\"srp_play\"><i class=\"sricon-play\"><\/i><\/div><img src=\"https:\/\/www.biotope-editions.fr\/wp-content\/uploads\/2025\/07\/Fig2_D-verrucivorus-monspeliensis-d24_Montbazin-34_2018-06-06_16_16_14_M00041.jpg\" alt=\"track-artwork\" \/><\/div><span class=\"store-list\"><div class=\"song-store-list-menu\"><i class=\"fas fa-ellipsis-v\"><\/i><div class=\"song-store-list-container\"><a href=\"https:\/\/www.biotope-editions.fr\/wp-content\/uploads\/audio\/acoustique_sauterelles\/Ch5_Monographies\/31_Decticus_verrucivorus_monspeliensis\/Sons\/Het_D-verrucivorus-monspeliensis-d24_Montbazin-34_2018-06-06_16_16_14_M00041+++.wav\" download class=\"song-store sr_store_force_dl_bt\" target=\"_self\" title=\"Download\" aria-label=\"Download\" data-source-post-id=\"19494\" data-store-id=\"3-0\"  tabindex=\"1\"><i class=\"fas fa-download\"><\/i><\/a><\/div><\/div><\/span><div class=\"srp_cf_output\" style=\"display:none;\"><div class=\"srp_cf_data sr-playlist-cf--playlist-category\">Chapitre 5 - Acoustique Sauterelles<\/div><div class=\"srp_cf_data sr-playlist-cf--playlist-tag\">Insectes, Sauterelles<\/div><\/div><\/div><div class=\"srp_track_description\">Figure 2 : Chant d\u2019un m\u00e2le de Decticus verrucivorus monspeliensis avec un rythme uniforme \u2013 Montbazin (FR-34) \u2013 06\/06\/2018 \u2013 chant diurne 24\u00b0C.<\/div><\/li><\/ul><\/div><\/div><div class=\"album-store\"><\/div><\/div><script id=\"srp_js_params_69f18bcd4cc9d\">\n        var srp_player_params_69f18bcd4cc9d = {\"title\":\"\",\"store_title_text\":\"\",\"albums\":\"19494\",\"hide_artwork\":\"false\",\"sticky_player\":\"\",\"show_album_market\":\"false\",\"show_track_market\":\"true\",\"hide_timeline\":\"true\",\"elementor\":\"true\",\"tracks_per_page\":\"\",\"titletag_soundwave\":\"\",\"titletag_playlist\":\"\",\"show_control_on_hover\":\"false\",\"show_playlist\":\"true\",\"reverse_tracklist\":\"\",\"wave_color\":\"\",\"wave_progress_color\":\"\",\"spectro\":\"\",\"shuffle\":\"\",\"searchbar\":\"true\",\"searchbar_placeholder\":\"Rechercher\",\"player_layout\":\"skin_boxed_tracklist\",\"show_skip_bt\":\"default\",\"show_speed_bt\":\"default\",\"show_volume_bt\":\"default\",\"show_miniplayer_note_bt\":\"default\",\"force_cta_dl\":\"true\",\"force_cta_singlepost\":\"default\",\"force_cta_share\":\"default\",\"force_cta_favorite\":\"default\",\"cta_track_show_label\":\"default\",\"track_artwork_format\":\"full\",\"track_artwork\":\"true\",\"track_artwork_play_button\":\"true\",\"use_play_label\":\"default\",\"order\":\"ASC\",\"orderby\":\"title\",\"album_store_position\":\"\",\"notrackskip\":\"true\",\"no_loop_tracklist\":\"true\",\"strip_html_track_desc\":\"1\",\"track_desc_lenght\":\"200\",\"show_track_publish_date\":\"default\",\"post_link\":\"default\",\"track_memory\":\"default\",\"tracklist_soundwave_show\":\"true\",\"tracklist_soundwave_style\":\"mediaElement\",\"tracklist_soundwave_cursor\":\"true\",\"tracklist_layout\":\"list\",\"main_settings\":\"||\"} \n        var srp_player_params_args_69f18bcd4cc9d = {\"before_widget\":\"<article id=\\\"arbitrary-instance-69f18bcd4cc9d\\\" class=\\\"iron_widget_radio playlist_enabled\\\">\",\"after_widget\":\"<\\\/article>\",\"before_title\":\"<span class='heading-t3'><\\\/span><h3 class=\\\"widgettitle\\\">\",\"after_title\":\"<\\\/h3>\",\"widget_id\":\"arbitrary-instance-69f18bcd4cc9d\"}  \n        <\/script><script>if(typeof setIronAudioplayers !== \"undefined\"){ setIronAudioplayers(\"arbitrary-instance-69f18bcd4cc9d\"); }<\/script><\/article>\t\t\t\t<\/div>\n\t\t\t\t<\/div>\n\t\t\t\t\t<\/div>\n\t\t\t\t<\/div>\n\t\t\t\t<\/div>","protected":false},"excerpt":{"rendered":"<p>Decticus verrucivorus monspeliensis (Rambur in Audinet Serville, 1838) Le Dectique de Montpellier R\u00e9f\u00e9rence : L\u2019acoustique des sauterelles, grillons et courtili\u00e8re de France, Belgique, Luxembourg et Suisse de Julien Barataud, 2025 des \u00c9ditions Biotope. Annexe num\u00e9rique du livre Le Dectique de MontpellierSorry, no results.Please try another keyword Chapitre 5 &#8211; Acoustique SauterellesInsectes, SauterellesFigure 1 : Chant [&hellip;]<\/p>\n","protected":false},"author":4,"featured_media":19495,"menu_order":0,"comment_status":"closed","ping_status":"closed","template":"elementor_header_footer","playlist-category":[219],"playlist-tag":[211,212],"class_list":["post-19494","sr_playlist","type-sr_playlist","status-publish","has-post-thumbnail","hentry","playlist-category-chapitre-5-acoustique-sauterelles","playlist-tag-insectes","playlist-tag-sauterelles"],"acf":[],"yoast_head":"<!-- This site is optimized with the Yoast SEO plugin v27.5 - https:\/\/yoast.com\/product\/yoast-seo-wordpress\/ -->\n<title>Decticus verrucivorus monspeliensis - Editions Biotope<\/title>\n<meta name=\"description\" content=\"L&#039;acoustique des sauterelles, grillons et courtili\u00e8res de France, Belgique, Luxembourg et Suisse.\" \/>\n<meta name=\"robots\" content=\"index, follow, max-snippet:-1, max-image-preview:large, max-video-preview:-1\" \/>\n<link rel=\"canonical\" href=\"https:\/\/www.biotope-editions.fr\/en\/album\/decticus-verrucivorus-monspeliensis\/\" \/>\n<meta property=\"og:locale\" content=\"en_GB\" \/>\n<meta property=\"og:type\" content=\"article\" \/>\n<meta property=\"og:title\" content=\"Decticus verrucivorus monspeliensis - Editions Biotope\" \/>\n<meta property=\"og:description\" content=\"L&#039;acoustique des sauterelles, grillons et courtili\u00e8res de France, Belgique, Luxembourg et Suisse.\" \/>\n<meta property=\"og:url\" content=\"https:\/\/www.biotope-editions.fr\/en\/album\/decticus-verrucivorus-monspeliensis\/\" \/>\n<meta property=\"og:site_name\" content=\"Editions Biotope\" \/>\n<meta property=\"article:publisher\" content=\"https:\/\/www.facebook.com\/EditionsBiotope\/\" \/>\n<meta property=\"article:modified_time\" content=\"2025-07-30T15:09:38+00:00\" \/>\n<meta property=\"og:image\" content=\"https:\/\/www.biotope-editions.fr\/wp-content\/uploads\/2025\/07\/01_Decticus-verrucivorus-monspeliensis_Vene_Cournonsec-34_20090611-12-e1753274055658.jpg\" \/>\n\t<meta property=\"og:image:width\" content=\"1500\" \/>\n\t<meta property=\"og:image:height\" content=\"1060\" \/>\n\t<meta property=\"og:image:type\" content=\"image\/jpeg\" \/>\n<meta name=\"twitter:card\" content=\"summary_large_image\" \/>\n<meta name=\"twitter:label1\" content=\"Estimated reading time\" \/>\n\t<meta name=\"twitter:data1\" content=\"1 minute\" \/>\n<script type=\"application\/ld+json\" class=\"yoast-schema-graph\">{\"@context\":\"https:\\\/\\\/schema.org\",\"@graph\":[{\"@type\":\"WebPage\",\"@id\":\"https:\\\/\\\/www.biotope-editions.fr\\\/album\\\/decticus-verrucivorus-monspeliensis\\\/\",\"url\":\"https:\\\/\\\/www.biotope-editions.fr\\\/album\\\/decticus-verrucivorus-monspeliensis\\\/\",\"name\":\"Decticus verrucivorus monspeliensis - Editions Biotope\",\"isPartOf\":{\"@id\":\"https:\\\/\\\/www.biotope-editions.fr\\\/#website\"},\"primaryImageOfPage\":{\"@id\":\"https:\\\/\\\/www.biotope-editions.fr\\\/album\\\/decticus-verrucivorus-monspeliensis\\\/#primaryimage\"},\"image\":{\"@id\":\"https:\\\/\\\/www.biotope-editions.fr\\\/album\\\/decticus-verrucivorus-monspeliensis\\\/#primaryimage\"},\"thumbnailUrl\":\"https:\\\/\\\/www.biotope-editions.fr\\\/wp-content\\\/uploads\\\/2025\\\/07\\\/01_Decticus-verrucivorus-monspeliensis_Vene_Cournonsec-34_20090611-12-e1753274055658.jpg\",\"datePublished\":\"2025-07-12T11:54:38+00:00\",\"dateModified\":\"2025-07-30T15:09:38+00:00\",\"description\":\"L'acoustique des sauterelles, grillons et courtili\u00e8res de France, Belgique, Luxembourg et Suisse.\",\"breadcrumb\":{\"@id\":\"https:\\\/\\\/www.biotope-editions.fr\\\/album\\\/decticus-verrucivorus-monspeliensis\\\/#breadcrumb\"},\"inLanguage\":\"en-GB\",\"potentialAction\":[{\"@type\":\"ReadAction\",\"target\":[\"https:\\\/\\\/www.biotope-editions.fr\\\/album\\\/decticus-verrucivorus-monspeliensis\\\/\"]}]},{\"@type\":\"ImageObject\",\"inLanguage\":\"en-GB\",\"@id\":\"https:\\\/\\\/www.biotope-editions.fr\\\/album\\\/decticus-verrucivorus-monspeliensis\\\/#primaryimage\",\"url\":\"https:\\\/\\\/www.biotope-editions.fr\\\/wp-content\\\/uploads\\\/2025\\\/07\\\/01_Decticus-verrucivorus-monspeliensis_Vene_Cournonsec-34_20090611-12-e1753274055658.jpg\",\"contentUrl\":\"https:\\\/\\\/www.biotope-editions.fr\\\/wp-content\\\/uploads\\\/2025\\\/07\\\/01_Decticus-verrucivorus-monspeliensis_Vene_Cournonsec-34_20090611-12-e1753274055658.jpg\",\"width\":1500,\"height\":1060},{\"@type\":\"BreadcrumbList\",\"@id\":\"https:\\\/\\\/www.biotope-editions.fr\\\/album\\\/decticus-verrucivorus-monspeliensis\\\/#breadcrumb\",\"itemListElement\":[{\"@type\":\"ListItem\",\"position\":1,\"name\":\"Home\",\"item\":\"https:\\\/\\\/www.biotope-editions.fr\\\/\"},{\"@type\":\"ListItem\",\"position\":2,\"name\":\"Tracks\",\"item\":\"https:\\\/\\\/www.biotope-editions.fr\\\/album\\\/\"},{\"@type\":\"ListItem\",\"position\":3,\"name\":\"Decticus verrucivorus monspeliensis\"}]},{\"@type\":\"WebSite\",\"@id\":\"https:\\\/\\\/www.biotope-editions.fr\\\/#website\",\"url\":\"https:\\\/\\\/www.biotope-editions.fr\\\/\",\"name\":\"Editions Biotope\",\"description\":\"Editeur par nature\",\"publisher\":{\"@id\":\"https:\\\/\\\/www.biotope-editions.fr\\\/#organization\"},\"potentialAction\":[{\"@type\":\"SearchAction\",\"target\":{\"@type\":\"EntryPoint\",\"urlTemplate\":\"https:\\\/\\\/www.biotope-editions.fr\\\/?s={search_term_string}\"},\"query-input\":{\"@type\":\"PropertyValueSpecification\",\"valueRequired\":true,\"valueName\":\"search_term_string\"}}],\"inLanguage\":\"en-GB\"},{\"@type\":\"Organization\",\"@id\":\"https:\\\/\\\/www.biotope-editions.fr\\\/#organization\",\"name\":\"Editions Biotope\",\"url\":\"https:\\\/\\\/www.biotope-editions.fr\\\/\",\"logo\":{\"@type\":\"ImageObject\",\"inLanguage\":\"en-GB\",\"@id\":\"https:\\\/\\\/www.biotope-editions.fr\\\/#\\\/schema\\\/logo\\\/image\\\/\",\"url\":\"https:\\\/\\\/www.biotope-editions.fr\\\/wp-content\\\/uploads\\\/2024\\\/07\\\/Fichier-1.svg\",\"contentUrl\":\"https:\\\/\\\/www.biotope-editions.fr\\\/wp-content\\\/uploads\\\/2024\\\/07\\\/Fichier-1.svg\",\"width\":49,\"height\":50,\"caption\":\"Editions Biotope\"},\"image\":{\"@id\":\"https:\\\/\\\/www.biotope-editions.fr\\\/#\\\/schema\\\/logo\\\/image\\\/\"},\"sameAs\":[\"https:\\\/\\\/www.facebook.com\\\/EditionsBiotope\\\/\"]}]}<\/script>\n<!-- \/ Yoast SEO plugin. -->","yoast_head_json":{"title":"Decticus verrucivorus monspeliensis - Editions Biotope","description":"L'acoustique des sauterelles, grillons et courtili\u00e8res de France, Belgique, Luxembourg et Suisse.","robots":{"index":"index","follow":"follow","max-snippet":"max-snippet:-1","max-image-preview":"max-image-preview:large","max-video-preview":"max-video-preview:-1"},"canonical":"https:\/\/www.biotope-editions.fr\/en\/album\/decticus-verrucivorus-monspeliensis\/","og_locale":"en_GB","og_type":"article","og_title":"Decticus verrucivorus monspeliensis - Editions Biotope","og_description":"L'acoustique des sauterelles, grillons et courtili\u00e8res de France, Belgique, Luxembourg et Suisse.","og_url":"https:\/\/www.biotope-editions.fr\/en\/album\/decticus-verrucivorus-monspeliensis\/","og_site_name":"Editions Biotope","article_publisher":"https:\/\/www.facebook.com\/EditionsBiotope\/","article_modified_time":"2025-07-30T15:09:38+00:00","og_image":[{"width":1500,"height":1060,"url":"https:\/\/www.biotope-editions.fr\/wp-content\/uploads\/2025\/07\/01_Decticus-verrucivorus-monspeliensis_Vene_Cournonsec-34_20090611-12-e1753274055658.jpg","type":"image\/jpeg"}],"twitter_card":"summary_large_image","twitter_misc":{"Estimated reading time":"1 minute"},"schema":{"@context":"https:\/\/schema.org","@graph":[{"@type":"WebPage","@id":"https:\/\/www.biotope-editions.fr\/album\/decticus-verrucivorus-monspeliensis\/","url":"https:\/\/www.biotope-editions.fr\/album\/decticus-verrucivorus-monspeliensis\/","name":"Decticus verrucivorus monspeliensis - Editions Biotope","isPartOf":{"@id":"https:\/\/www.biotope-editions.fr\/#website"},"primaryImageOfPage":{"@id":"https:\/\/www.biotope-editions.fr\/album\/decticus-verrucivorus-monspeliensis\/#primaryimage"},"image":{"@id":"https:\/\/www.biotope-editions.fr\/album\/decticus-verrucivorus-monspeliensis\/#primaryimage"},"thumbnailUrl":"https:\/\/www.biotope-editions.fr\/wp-content\/uploads\/2025\/07\/01_Decticus-verrucivorus-monspeliensis_Vene_Cournonsec-34_20090611-12-e1753274055658.jpg","datePublished":"2025-07-12T11:54:38+00:00","dateModified":"2025-07-30T15:09:38+00:00","description":"L'acoustique des sauterelles, grillons et courtili\u00e8res de France, Belgique, Luxembourg et Suisse.","breadcrumb":{"@id":"https:\/\/www.biotope-editions.fr\/album\/decticus-verrucivorus-monspeliensis\/#breadcrumb"},"inLanguage":"en-GB","potentialAction":[{"@type":"ReadAction","target":["https:\/\/www.biotope-editions.fr\/album\/decticus-verrucivorus-monspeliensis\/"]}]},{"@type":"ImageObject","inLanguage":"en-GB","@id":"https:\/\/www.biotope-editions.fr\/album\/decticus-verrucivorus-monspeliensis\/#primaryimage","url":"https:\/\/www.biotope-editions.fr\/wp-content\/uploads\/2025\/07\/01_Decticus-verrucivorus-monspeliensis_Vene_Cournonsec-34_20090611-12-e1753274055658.jpg","contentUrl":"https:\/\/www.biotope-editions.fr\/wp-content\/uploads\/2025\/07\/01_Decticus-verrucivorus-monspeliensis_Vene_Cournonsec-34_20090611-12-e1753274055658.jpg","width":1500,"height":1060},{"@type":"BreadcrumbList","@id":"https:\/\/www.biotope-editions.fr\/album\/decticus-verrucivorus-monspeliensis\/#breadcrumb","itemListElement":[{"@type":"ListItem","position":1,"name":"Home","item":"https:\/\/www.biotope-editions.fr\/"},{"@type":"ListItem","position":2,"name":"Tracks","item":"https:\/\/www.biotope-editions.fr\/album\/"},{"@type":"ListItem","position":3,"name":"Decticus verrucivorus monspeliensis"}]},{"@type":"WebSite","@id":"https:\/\/www.biotope-editions.fr\/#website","url":"https:\/\/www.biotope-editions.fr\/","name":"Editions Biotope","description":"Editeur par nature","publisher":{"@id":"https:\/\/www.biotope-editions.fr\/#organization"},"potentialAction":[{"@type":"SearchAction","target":{"@type":"EntryPoint","urlTemplate":"https:\/\/www.biotope-editions.fr\/?s={search_term_string}"},"query-input":{"@type":"PropertyValueSpecification","valueRequired":true,"valueName":"search_term_string"}}],"inLanguage":"en-GB"},{"@type":"Organization","@id":"https:\/\/www.biotope-editions.fr\/#organization","name":"Editions Biotope","url":"https:\/\/www.biotope-editions.fr\/","logo":{"@type":"ImageObject","inLanguage":"en-GB","@id":"https:\/\/www.biotope-editions.fr\/#\/schema\/logo\/image\/","url":"https:\/\/www.biotope-editions.fr\/wp-content\/uploads\/2024\/07\/Fichier-1.svg","contentUrl":"https:\/\/www.biotope-editions.fr\/wp-content\/uploads\/2024\/07\/Fichier-1.svg","width":49,"height":50,"caption":"Editions Biotope"},"image":{"@id":"https:\/\/www.biotope-editions.fr\/#\/schema\/logo\/image\/"},"sameAs":["https:\/\/www.facebook.com\/EditionsBiotope\/"]}]}},"_links":{"self":[{"href":"https:\/\/www.biotope-editions.fr\/en\/wp-json\/wp\/v2\/sr_playlist\/19494","targetHints":{"allow":["GET"]}}],"collection":[{"href":"https:\/\/www.biotope-editions.fr\/en\/wp-json\/wp\/v2\/sr_playlist"}],"about":[{"href":"https:\/\/www.biotope-editions.fr\/en\/wp-json\/wp\/v2\/types\/sr_playlist"}],"author":[{"embeddable":true,"href":"https:\/\/www.biotope-editions.fr\/en\/wp-json\/wp\/v2\/users\/4"}],"replies":[{"embeddable":true,"href":"https:\/\/www.biotope-editions.fr\/en\/wp-json\/wp\/v2\/comments?post=19494"}],"version-history":[{"count":7,"href":"https:\/\/www.biotope-editions.fr\/en\/wp-json\/wp\/v2\/sr_playlist\/19494\/revisions"}],"predecessor-version":[{"id":19917,"href":"https:\/\/www.biotope-editions.fr\/en\/wp-json\/wp\/v2\/sr_playlist\/19494\/revisions\/19917"}],"wp:featuredmedia":[{"embeddable":true,"href":"https:\/\/www.biotope-editions.fr\/en\/wp-json\/wp\/v2\/media\/19495"}],"wp:attachment":[{"href":"https:\/\/www.biotope-editions.fr\/en\/wp-json\/wp\/v2\/media?parent=19494"}],"wp:term":[{"taxonomy":"playlist-category","embeddable":true,"href":"https:\/\/www.biotope-editions.fr\/en\/wp-json\/wp\/v2\/playlist-category?post=19494"},{"taxonomy":"playlist-tag","embeddable":true,"href":"https:\/\/www.biotope-editions.fr\/en\/wp-json\/wp\/v2\/playlist-tag?post=19494"}],"curies":[{"name":"wp","href":"https:\/\/api.w.org\/{rel}","templated":true}]}}