{"id":9759,"date":"2019-05-08T11:52:43","date_gmt":"2019-05-08T09:52:43","guid":{"rendered":"https:\/\/www.biotope-editions.fr\/?post_type=product&#038;p=9759"},"modified":"2024-09-13T09:49:53","modified_gmt":"2024-09-13T07:49:53","slug":"orchidees-languedoc_pays_catalan","status":"publish","type":"product","link":"https:\/\/www.biotope-editions.fr\/en\/product\/orchidees-languedoc_pays_catalan\/","title":{"rendered":"\u00c0 la d\u00e9couverte des Orchid\u00e9es en Languedoc et Pays Catalan"},"content":{"rendered":"<p><strong>Framed Without Borders:<\/strong><\/p>\n<ul>\n<li>Printed on High-Quality vinyl.<\/li>\n<li>1-inch thick wooden back frame.<\/li>\n<li>No additional hanging hardware is required.<\/li>\n<li>Care: Dust with a soft, dry cloth.<\/li>\n<\/ul>\n<p><strong>Framed With Borders &amp; Acrylic Glass<\/strong><\/p>\n<ul>\n<li>Printed on High-Quality matte photo paper.<\/li>\n<li>Acrylic borders are used.<\/li>\n<li>Highly durable acrylic glass is used on the top to protect it from damage.<\/li>\n<li>Hooks are attached to the back of each frame for hanging.<\/li>\n<\/ul>\n<p><strong>Note:<\/strong>\u00a0<em>There may be a slight difference in actual color, due to the colors of display.<\/em><\/p>","protected":false},"excerpt":{"rendered":"<p><strong>Pratique et exhaustif<\/strong>, ce guide pr\u00e9sente les <strong>118 esp\u00e8ces d\u2019orchid\u00e9es<\/strong> et les sp\u00e9cificit\u00e9s de ce territoire diversifi\u00e9 en paysages et en habitats, ce qui en fait l\u2019un des territoires les plus riches et les plus prospect\u00e9s de France par les amateurs d\u2019orchid\u00e9es.<\/p>\n<p>Toutes les esp\u00e8ces d\u2019orchid\u00e9es font l\u2019objet d\u2019une <strong>monographie d\u00e9taill\u00e9e<\/strong> (\u00e9tymologie, description, commentaires, date de floraison, \u00e9cologie, r\u00e9partition, statut de protection) et <strong>illustr\u00e9e<\/strong>. Les menaces qui p\u00e8sent sur les esp\u00e8ces embl\u00e9matiques de la r\u00e9gion font l\u2019objet d\u2019un chapitre \u00e0 lui seul, dans lequel sont \u00e9galement d\u00e9taill\u00e9s des exemples de gestion conservatoire par d\u00e9partement (<strong>Pyr\u00e9n\u00e9es-Orientales, H\u00e9rault, Aude, Loz\u00e8re et Gard<\/strong>).<\/p>\n<p>En fin d\u2019ouvrage, <strong>22 itin\u00e9raires naturalistes<\/strong> sont propos\u00e9s pour aller \u00e0 la d\u00e9couverte de cette flore si belle et si complexe.<\/p>","protected":false},"featured_media":10532,"template":"","meta":{"_acf_changed":false},"product_brand":[],"product_cat":[77,110],"product_tag":[],"class_list":{"0":"post-9759","1":"product","2":"type-product","3":"status-publish","4":"has-post-thumbnail","6":"product_cat-botanique","7":"product_cat-collection-parthenope","9":"first","10":"instock","11":"shipping-taxable","12":"purchasable","13":"product-type-simple"},"acf":[],"yoast_head":"<!-- This site is optimized with the Yoast SEO plugin v27.5 - https:\/\/yoast.com\/product\/yoast-seo-wordpress\/ -->\n<title>\u00c0 la d\u00e9couverte des Orchid\u00e9es en Languedoc et Pays Catalan - Editions Biotope<\/title>\n<meta name=\"robots\" content=\"index, follow, max-snippet:-1, max-image-preview:large, max-video-preview:-1\" \/>\n<link rel=\"canonical\" href=\"https:\/\/www.biotope-editions.fr\/en\/product\/orchidees-languedoc_pays_catalan\/\" \/>\n<meta property=\"og:locale\" content=\"en_GB\" \/>\n<meta property=\"og:type\" content=\"article\" \/>\n<meta property=\"og:title\" content=\"\u00c0 la d\u00e9couverte des Orchid\u00e9es en Languedoc et Pays Catalan - Editions Biotope\" \/>\n<meta property=\"og:description\" content=\"Pratique et exhaustif, ce guide pr\u00e9sente les 118 esp\u00e8ces d\u2019orchid\u00e9es et les sp\u00e9cificit\u00e9s de ce territoire diversifi\u00e9 en paysages et en habitats, ce qui en fait l\u2019un des territoires les plus riches et les plus prospect\u00e9s de France par les amateurs d\u2019orchid\u00e9es.  Toutes les esp\u00e8ces d\u2019orchid\u00e9es font l\u2019objet d\u2019une monographie d\u00e9taill\u00e9e (\u00e9tymologie, description, commentaires, date de floraison, \u00e9cologie, r\u00e9partition, statut de protection) et illustr\u00e9e. Les menaces qui p\u00e8sent sur les esp\u00e8ces embl\u00e9matiques de la r\u00e9gion font l\u2019objet d\u2019un chapitre \u00e0 lui seul, dans lequel sont \u00e9galement d\u00e9taill\u00e9s des exemples de gestion conservatoire par d\u00e9partement (Pyr\u00e9n\u00e9es-Orientales, H\u00e9rault, Aude, Loz\u00e8re et Gard).  En fin d\u2019ouvrage, 22 itin\u00e9raires naturalistes sont propos\u00e9s pour aller \u00e0 la d\u00e9couverte de cette flore si belle et si complexe.\" \/>\n<meta property=\"og:url\" content=\"https:\/\/www.biotope-editions.fr\/en\/product\/orchidees-languedoc_pays_catalan\/\" \/>\n<meta property=\"og:site_name\" content=\"Editions Biotope\" \/>\n<meta property=\"article:publisher\" content=\"https:\/\/www.facebook.com\/EditionsBiotope\/\" \/>\n<meta property=\"article:modified_time\" content=\"2024-09-13T07:49:53+00:00\" \/>\n<meta property=\"og:image\" content=\"https:\/\/www.biotope-editions.fr\/wp-content\/uploads\/2024\/09\/Orchidees_Languedoc_PaysCatalan.png\" \/>\n\t<meta property=\"og:image:width\" content=\"1125\" \/>\n\t<meta property=\"og:image:height\" content=\"1125\" \/>\n\t<meta property=\"og:image:type\" content=\"image\/png\" \/>\n<meta name=\"twitter:card\" content=\"summary_large_image\" \/>\n<meta name=\"twitter:label1\" content=\"Estimated reading time\" \/>\n\t<meta name=\"twitter:data1\" content=\"1 minute\" \/>\n<script type=\"application\/ld+json\" class=\"yoast-schema-graph\">{\"@context\":\"https:\\\/\\\/schema.org\",\"@graph\":[{\"@type\":\"WebPage\",\"@id\":\"https:\\\/\\\/www.biotope-editions.fr\\\/produit\\\/orchidees-languedoc_pays_catalan\\\/\",\"url\":\"https:\\\/\\\/www.biotope-editions.fr\\\/produit\\\/orchidees-languedoc_pays_catalan\\\/\",\"name\":\"\u00c0 la d\u00e9couverte des Orchid\u00e9es en Languedoc et Pays Catalan - Editions Biotope\",\"isPartOf\":{\"@id\":\"https:\\\/\\\/www.biotope-editions.fr\\\/#website\"},\"primaryImageOfPage\":{\"@id\":\"https:\\\/\\\/www.biotope-editions.fr\\\/produit\\\/orchidees-languedoc_pays_catalan\\\/#primaryimage\"},\"image\":{\"@id\":\"https:\\\/\\\/www.biotope-editions.fr\\\/produit\\\/orchidees-languedoc_pays_catalan\\\/#primaryimage\"},\"thumbnailUrl\":\"https:\\\/\\\/www.biotope-editions.fr\\\/wp-content\\\/uploads\\\/2024\\\/09\\\/Orchidees_Languedoc_PaysCatalan.png\",\"datePublished\":\"2019-05-08T09:52:43+00:00\",\"dateModified\":\"2024-09-13T07:49:53+00:00\",\"breadcrumb\":{\"@id\":\"https:\\\/\\\/www.biotope-editions.fr\\\/produit\\\/orchidees-languedoc_pays_catalan\\\/#breadcrumb\"},\"inLanguage\":\"en-GB\",\"potentialAction\":[{\"@type\":\"ReadAction\",\"target\":[\"https:\\\/\\\/www.biotope-editions.fr\\\/produit\\\/orchidees-languedoc_pays_catalan\\\/\"]}]},{\"@type\":\"ImageObject\",\"inLanguage\":\"en-GB\",\"@id\":\"https:\\\/\\\/www.biotope-editions.fr\\\/produit\\\/orchidees-languedoc_pays_catalan\\\/#primaryimage\",\"url\":\"https:\\\/\\\/www.biotope-editions.fr\\\/wp-content\\\/uploads\\\/2024\\\/09\\\/Orchidees_Languedoc_PaysCatalan.png\",\"contentUrl\":\"https:\\\/\\\/www.biotope-editions.fr\\\/wp-content\\\/uploads\\\/2024\\\/09\\\/Orchidees_Languedoc_PaysCatalan.png\",\"width\":1125,\"height\":1125},{\"@type\":\"BreadcrumbList\",\"@id\":\"https:\\\/\\\/www.biotope-editions.fr\\\/produit\\\/orchidees-languedoc_pays_catalan\\\/#breadcrumb\",\"itemListElement\":[{\"@type\":\"ListItem\",\"position\":1,\"name\":\"Home\",\"item\":\"https:\\\/\\\/www.biotope-editions.fr\\\/\"},{\"@type\":\"ListItem\",\"position\":2,\"name\":\"Produits\",\"item\":\"https:\\\/\\\/www.biotope-editions.fr\\\/shop\\\/\"},{\"@type\":\"ListItem\",\"position\":3,\"name\":\"Collections\",\"item\":\"https:\\\/\\\/www.biotope-editions.fr\\\/categorie-produit\\\/collections\\\/\"},{\"@type\":\"ListItem\",\"position\":4,\"name\":\"Collection Parth\u00e9nope\",\"item\":\"https:\\\/\\\/www.biotope-editions.fr\\\/categorie-produit\\\/collections\\\/collection-parthenope\\\/\"},{\"@type\":\"ListItem\",\"position\":5,\"name\":\"\u00c0 la d\u00e9couverte des Orchid\u00e9es en Languedoc et Pays Catalan\"}]},{\"@type\":\"WebSite\",\"@id\":\"https:\\\/\\\/www.biotope-editions.fr\\\/#website\",\"url\":\"https:\\\/\\\/www.biotope-editions.fr\\\/\",\"name\":\"Editions Biotope\",\"description\":\"Editeur par nature\",\"publisher\":{\"@id\":\"https:\\\/\\\/www.biotope-editions.fr\\\/#organization\"},\"potentialAction\":[{\"@type\":\"SearchAction\",\"target\":{\"@type\":\"EntryPoint\",\"urlTemplate\":\"https:\\\/\\\/www.biotope-editions.fr\\\/?s={search_term_string}\"},\"query-input\":{\"@type\":\"PropertyValueSpecification\",\"valueRequired\":true,\"valueName\":\"search_term_string\"}}],\"inLanguage\":\"en-GB\"},{\"@type\":\"Organization\",\"@id\":\"https:\\\/\\\/www.biotope-editions.fr\\\/#organization\",\"name\":\"Editions Biotope\",\"url\":\"https:\\\/\\\/www.biotope-editions.fr\\\/\",\"logo\":{\"@type\":\"ImageObject\",\"inLanguage\":\"en-GB\",\"@id\":\"https:\\\/\\\/www.biotope-editions.fr\\\/#\\\/schema\\\/logo\\\/image\\\/\",\"url\":\"https:\\\/\\\/www.biotope-editions.fr\\\/wp-content\\\/uploads\\\/2024\\\/07\\\/Fichier-1.svg\",\"contentUrl\":\"https:\\\/\\\/www.biotope-editions.fr\\\/wp-content\\\/uploads\\\/2024\\\/07\\\/Fichier-1.svg\",\"width\":49,\"height\":50,\"caption\":\"Editions Biotope\"},\"image\":{\"@id\":\"https:\\\/\\\/www.biotope-editions.fr\\\/#\\\/schema\\\/logo\\\/image\\\/\"},\"sameAs\":[\"https:\\\/\\\/www.facebook.com\\\/EditionsBiotope\\\/\"]}]}<\/script>\n<!-- \/ Yoast SEO plugin. -->","yoast_head_json":{"title":"\u00c0 la d\u00e9couverte des Orchid\u00e9es en Languedoc et Pays Catalan - Editions Biotope","robots":{"index":"index","follow":"follow","max-snippet":"max-snippet:-1","max-image-preview":"max-image-preview:large","max-video-preview":"max-video-preview:-1"},"canonical":"https:\/\/www.biotope-editions.fr\/en\/product\/orchidees-languedoc_pays_catalan\/","og_locale":"en_GB","og_type":"article","og_title":"\u00c0 la d\u00e9couverte des Orchid\u00e9es en Languedoc et Pays Catalan - Editions Biotope","og_description":"Pratique et exhaustif, ce guide pr\u00e9sente les 118 esp\u00e8ces d\u2019orchid\u00e9es et les sp\u00e9cificit\u00e9s de ce territoire diversifi\u00e9 en paysages et en habitats, ce qui en fait l\u2019un des territoires les plus riches et les plus prospect\u00e9s de France par les amateurs d\u2019orchid\u00e9es.  Toutes les esp\u00e8ces d\u2019orchid\u00e9es font l\u2019objet d\u2019une monographie d\u00e9taill\u00e9e (\u00e9tymologie, description, commentaires, date de floraison, \u00e9cologie, r\u00e9partition, statut de protection) et illustr\u00e9e. Les menaces qui p\u00e8sent sur les esp\u00e8ces embl\u00e9matiques de la r\u00e9gion font l\u2019objet d\u2019un chapitre \u00e0 lui seul, dans lequel sont \u00e9galement d\u00e9taill\u00e9s des exemples de gestion conservatoire par d\u00e9partement (Pyr\u00e9n\u00e9es-Orientales, H\u00e9rault, Aude, Loz\u00e8re et Gard).  En fin d\u2019ouvrage, 22 itin\u00e9raires naturalistes sont propos\u00e9s pour aller \u00e0 la d\u00e9couverte de cette flore si belle et si complexe.","og_url":"https:\/\/www.biotope-editions.fr\/en\/product\/orchidees-languedoc_pays_catalan\/","og_site_name":"Editions Biotope","article_publisher":"https:\/\/www.facebook.com\/EditionsBiotope\/","article_modified_time":"2024-09-13T07:49:53+00:00","og_image":[{"width":1125,"height":1125,"url":"https:\/\/www.biotope-editions.fr\/wp-content\/uploads\/2024\/09\/Orchidees_Languedoc_PaysCatalan.png","type":"image\/png"}],"twitter_card":"summary_large_image","twitter_misc":{"Estimated reading time":"1 minute"},"schema":{"@context":"https:\/\/schema.org","@graph":[{"@type":"WebPage","@id":"https:\/\/www.biotope-editions.fr\/produit\/orchidees-languedoc_pays_catalan\/","url":"https:\/\/www.biotope-editions.fr\/produit\/orchidees-languedoc_pays_catalan\/","name":"\u00c0 la d\u00e9couverte des Orchid\u00e9es en Languedoc et Pays Catalan - Editions Biotope","isPartOf":{"@id":"https:\/\/www.biotope-editions.fr\/#website"},"primaryImageOfPage":{"@id":"https:\/\/www.biotope-editions.fr\/produit\/orchidees-languedoc_pays_catalan\/#primaryimage"},"image":{"@id":"https:\/\/www.biotope-editions.fr\/produit\/orchidees-languedoc_pays_catalan\/#primaryimage"},"thumbnailUrl":"https:\/\/www.biotope-editions.fr\/wp-content\/uploads\/2024\/09\/Orchidees_Languedoc_PaysCatalan.png","datePublished":"2019-05-08T09:52:43+00:00","dateModified":"2024-09-13T07:49:53+00:00","breadcrumb":{"@id":"https:\/\/www.biotope-editions.fr\/produit\/orchidees-languedoc_pays_catalan\/#breadcrumb"},"inLanguage":"en-GB","potentialAction":[{"@type":"ReadAction","target":["https:\/\/www.biotope-editions.fr\/produit\/orchidees-languedoc_pays_catalan\/"]}]},{"@type":"ImageObject","inLanguage":"en-GB","@id":"https:\/\/www.biotope-editions.fr\/produit\/orchidees-languedoc_pays_catalan\/#primaryimage","url":"https:\/\/www.biotope-editions.fr\/wp-content\/uploads\/2024\/09\/Orchidees_Languedoc_PaysCatalan.png","contentUrl":"https:\/\/www.biotope-editions.fr\/wp-content\/uploads\/2024\/09\/Orchidees_Languedoc_PaysCatalan.png","width":1125,"height":1125},{"@type":"BreadcrumbList","@id":"https:\/\/www.biotope-editions.fr\/produit\/orchidees-languedoc_pays_catalan\/#breadcrumb","itemListElement":[{"@type":"ListItem","position":1,"name":"Home","item":"https:\/\/www.biotope-editions.fr\/"},{"@type":"ListItem","position":2,"name":"Produits","item":"https:\/\/www.biotope-editions.fr\/shop\/"},{"@type":"ListItem","position":3,"name":"Collections","item":"https:\/\/www.biotope-editions.fr\/categorie-produit\/collections\/"},{"@type":"ListItem","position":4,"name":"Collection Parth\u00e9nope","item":"https:\/\/www.biotope-editions.fr\/categorie-produit\/collections\/collection-parthenope\/"},{"@type":"ListItem","position":5,"name":"\u00c0 la d\u00e9couverte des Orchid\u00e9es en Languedoc et Pays Catalan"}]},{"@type":"WebSite","@id":"https:\/\/www.biotope-editions.fr\/#website","url":"https:\/\/www.biotope-editions.fr\/","name":"Editions Biotope","description":"Editeur par nature","publisher":{"@id":"https:\/\/www.biotope-editions.fr\/#organization"},"potentialAction":[{"@type":"SearchAction","target":{"@type":"EntryPoint","urlTemplate":"https:\/\/www.biotope-editions.fr\/?s={search_term_string}"},"query-input":{"@type":"PropertyValueSpecification","valueRequired":true,"valueName":"search_term_string"}}],"inLanguage":"en-GB"},{"@type":"Organization","@id":"https:\/\/www.biotope-editions.fr\/#organization","name":"Editions Biotope","url":"https:\/\/www.biotope-editions.fr\/","logo":{"@type":"ImageObject","inLanguage":"en-GB","@id":"https:\/\/www.biotope-editions.fr\/#\/schema\/logo\/image\/","url":"https:\/\/www.biotope-editions.fr\/wp-content\/uploads\/2024\/07\/Fichier-1.svg","contentUrl":"https:\/\/www.biotope-editions.fr\/wp-content\/uploads\/2024\/07\/Fichier-1.svg","width":49,"height":50,"caption":"Editions Biotope"},"image":{"@id":"https:\/\/www.biotope-editions.fr\/#\/schema\/logo\/image\/"},"sameAs":["https:\/\/www.facebook.com\/EditionsBiotope\/"]}]}},"_links":{"self":[{"href":"https:\/\/www.biotope-editions.fr\/en\/wp-json\/wp\/v2\/product\/9759","targetHints":{"allow":["GET"]}}],"collection":[{"href":"https:\/\/www.biotope-editions.fr\/en\/wp-json\/wp\/v2\/product"}],"about":[{"href":"https:\/\/www.biotope-editions.fr\/en\/wp-json\/wp\/v2\/types\/product"}],"version-history":[{"count":6,"href":"https:\/\/www.biotope-editions.fr\/en\/wp-json\/wp\/v2\/product\/9759\/revisions"}],"predecessor-version":[{"id":10540,"href":"https:\/\/www.biotope-editions.fr\/en\/wp-json\/wp\/v2\/product\/9759\/revisions\/10540"}],"wp:featuredmedia":[{"embeddable":true,"href":"https:\/\/www.biotope-editions.fr\/en\/wp-json\/wp\/v2\/media\/10532"}],"wp:attachment":[{"href":"https:\/\/www.biotope-editions.fr\/en\/wp-json\/wp\/v2\/media?parent=9759"}],"wp:term":[{"taxonomy":"product_brand","embeddable":true,"href":"https:\/\/www.biotope-editions.fr\/en\/wp-json\/wp\/v2\/product_brand?post=9759"},{"taxonomy":"product_cat","embeddable":true,"href":"https:\/\/www.biotope-editions.fr\/en\/wp-json\/wp\/v2\/product_cat?post=9759"},{"taxonomy":"product_tag","embeddable":true,"href":"https:\/\/www.biotope-editions.fr\/en\/wp-json\/wp\/v2\/product_tag?post=9759"}],"curies":[{"name":"wp","href":"https:\/\/api.w.org\/{rel}","templated":true}]}}